{"id":125,"date":"2022-06-17T10:58:16","date_gmt":"2022-06-17T09:58:16","guid":{"rendered":"https:\/\/domaine-de-la-cledette.com\/?page_id=125"},"modified":"2024-04-05T08:57:04","modified_gmt":"2024-04-05T07:57:04","slug":"accueil","status":"publish","type":"page","link":"https:\/\/domaine-de-la-cledette.com\/en\/","title":{"rendered":"Home"},"content":{"rendered":"<p>[et_pb_section fb_built=\u00a0\u00bb1&Prime; fullwidth=\u00a0\u00bbon\u00a0\u00bb disabled_on=\u00a0\u00bbon|on|off\u00a0\u00bb _builder_version=\u00a0\u00bb4.17.6&Prime; _module_preset=\u00a0\u00bbdefault\u00a0\u00bb global_colors_info=\u00a0\u00bb{}\u00a0\u00bb][et_pb_fullwidth_slider _builder_version=\u00a0\u00bb4.17.6&Prime; _module_preset=\u00a0\u00bbdefault\u00a0\u00bb header_level=\u00a0\u00bbh1&Prime; header_font_size=\u00a0\u00bb80px\u00a0\u00bb background_enable_image=\u00a0\u00bboff\u00a0\u00bb custom_padding=\u00a0\u00bb||||false|false\u00a0\u00bb hover_transition_duration=\u00a0\u00bb0ms\u00a0\u00bb global_colors_info=\u00a0\u00bb{}\u00a0\u00bb][et_pb_slide heading=\u00a0\u00bbD\u00e9couvrez nos g\u00eetes, nos lamas en Sud C\u00e9vennes,  au c\u0153ur de la nature\u00a0\u00bb button_text=\u00a0\u00bbVoir tous les g\u00eetes\u00a0\u00bb button_link=\u00a0\u00bb@ET-DC@eyJkeW5hbWljIjp0cnVlLCJjb250ZW50IjoicG9zdF9saW5rX3VybF9wYWdlIiwic2V0dGluZ3MiOnsicG9zdF9pZCI6IjE0NSJ9fQ==@\u00a0\u00bb use_bg_overlay=\u00a0\u00bboff\u00a0\u00bb use_text_overlay=\u00a0\u00bboff\u00a0\u00bb _builder_version=\u00a0\u00bb4.17.6&Prime; _dynamic_attributes=\u00a0\u00bbbutton_link\u00a0\u00bb _module_preset=\u00a0\u00bbdefault\u00a0\u00bb header_level=\u00a0\u00bbh1&Prime; header_font_size=\u00a0\u00bb80px\u00a0\u00bb background_enable_color=\u00a0\u00bboff\u00a0\u00bb background_image=\u00a0\u00bbhttps:\/\/domaine-de-la-cledette.com\/wp-content\/uploads\/2022\/06\/cledette-33-t-scaled.jpg\u00a0\u00bb background_enable_image=\u00a0\u00bbon\u00a0\u00bb button_alignment=\u00a0\u00bbleft\u00a0\u00bb text_orientation=\u00a0\u00bbleft\u00a0\u00bb custom_padding=\u00a0\u00bb|350px|||false|false\u00a0\u00bb hover_transition_duration=\u00a0\u00bb0ms\u00a0\u00bb global_colors_info=\u00a0\u00bb{}\u00a0\u00bb sticky_transition=\u00a0\u00bbon\u00a0\u00bb]<\/p>\n<p><strong><img loading=\"lazy\" decoding=\"async\" src=\"https:\/\/domaine-de-la-cledette.com\/wp-content\/uploads\/2022\/07\/location_on_FILL1_wght400_GRAD0_opsz48-1.png\" width=\"30\" height=\"30\" alt=\"\" class=\"wp-image-615 alignnone size-full\" srcset=\"https:\/\/domaine-de-la-cledette.com\/wp-content\/uploads\/2022\/07\/location_on_FILL1_wght400_GRAD0_opsz48-1.png 30w, https:\/\/domaine-de-la-cledette.com\/wp-content\/uploads\/2022\/07\/location_on_FILL1_wght400_GRAD0_opsz48-1-12x12.png 12w\" sizes=\"(max-width: 30px) 100vw, 30px\" \/> \u00a0Colognac, Gard<br \/><img loading=\"lazy\" decoding=\"async\" src=\"https:\/\/domaine-de-la-cledette.com\/wp-content\/uploads\/2022\/07\/gites.png\" width=\"30\" height=\"30\" alt=\"\" class=\"wp-image-662 alignnone size-full\" srcset=\"https:\/\/domaine-de-la-cledette.com\/wp-content\/uploads\/2022\/07\/gites.png 30w, https:\/\/domaine-de-la-cledette.com\/wp-content\/uploads\/2022\/07\/gites-12x12.png 12w\" sizes=\"(max-width: 30px) 100vw, 30px\" \/> \u00a02 g\u00eetes\u00a0 * * *<i><br \/><\/i><img loading=\"lazy\" decoding=\"async\" src=\"https:\/\/domaine-de-la-cledette.com\/wp-content\/uploads\/2022\/07\/people.png\" width=\"30\" height=\"30\" alt=\"\" class=\"wp-image-663 alignnone size-full\" srcset=\"https:\/\/domaine-de-la-cledette.com\/wp-content\/uploads\/2022\/07\/people.png 30w, https:\/\/domaine-de-la-cledette.com\/wp-content\/uploads\/2022\/07\/people-12x12.png 12w\" sizes=\"(max-width: 30px) 100vw, 30px\" \/>\u00a0 1 \u00e0 14 personnes<br \/><img loading=\"lazy\" decoding=\"async\" src=\"https:\/\/domaine-de-la-cledette.com\/wp-content\/uploads\/2022\/07\/bedroom_baby_FILL1_wght400_GRAD0_opsz48-1.png\" width=\"30\" height=\"30\" alt=\"\" class=\"wp-image-612 alignnone size-full\" srcset=\"https:\/\/domaine-de-la-cledette.com\/wp-content\/uploads\/2022\/07\/bedroom_baby_FILL1_wght400_GRAD0_opsz48-1.png 30w, https:\/\/domaine-de-la-cledette.com\/wp-content\/uploads\/2022\/07\/bedroom_baby_FILL1_wght400_GRAD0_opsz48-1-12x12.png 12w\" sizes=\"(max-width: 30px) 100vw, 30px\" \/>\u00a0 Troupeau de 8 lamas, visite de l\u2019\u00e9levage, randonn\u00e9es, balades<\/strong><\/p>\n<p>[\/et_pb_slide][\/et_pb_fullwidth_slider][\/et_pb_section][et_pb_section fb_built=\u00a0\u00bb1&Prime; disabled_on=\u00a0\u00bboff|off|on\u00a0\u00bb _builder_version=\u00a0\u00bb4.17.6&Prime; _module_preset=\u00a0\u00bbdefault\u00a0\u00bb background_image=\u00a0\u00bbhttps:\/\/domaine-de-la-cledette.com\/wp-content\/uploads\/2022\/06\/cledette-33-t-scaled.jpg\u00a0\u00bb global_colors_info=\u00a0\u00bb{}\u00a0\u00bb][et_pb_row _builder_version=\u00a0\u00bb4.17.4&Prime; _module_preset=\u00a0\u00bbdefault\u00a0\u00bb global_colors_info=\u00a0\u00bb{}\u00a0\u00bb][et_pb_column type=\u00a0\u00bb4_4&Prime; _builder_version=\u00a0\u00bb4.17.4&Prime; _module_preset=\u00a0\u00bbdefault\u00a0\u00bb global_colors_info=\u00a0\u00bb{}\u00a0\u00bb][et_pb_text _builder_version=\u00a0\u00bb4.17.6&Prime; _module_preset=\u00a0\u00bbdefault\u00a0\u00bb header_text_color=\u00a0\u00bb#FFFFFF\u00a0\u00bb header_font_size=\u00a0\u00bb70px\u00a0\u00bb header_text_align_tablet=\u00a0\u00bb\u00a0\u00bb header_text_align_phone=\u00a0\u00bbcenter\u00a0\u00bb header_text_align_last_edited=\u00a0\u00bbon|phone\u00a0\u00bb header_font_size_tablet=\u00a0\u00bb60px\u00a0\u00bb header_font_size_phone=\u00a0\u00bb55px\u00a0\u00bb header_font_size_last_edited=\u00a0\u00bbon|phone\u00a0\u00bb global_colors_info=\u00a0\u00bb{}\u00a0\u00bb]<\/p>\n<h1>D\u00e9couvrez nos g\u00eetes, nos lamas en Sud C\u00e9vennes,<br \/>au coeur de la nature<\/h1>\n<p>[\/et_pb_text][et_pb_text _builder_version=\u00a0\u00bb4.17.6&Prime; _module_preset=\u00a0\u00bbdefault\u00a0\u00bb text_text_color=\u00a0\u00bb#FFFFFF\u00a0\u00bb global_colors_info=\u00a0\u00bb{}\u00a0\u00bb]<\/p>\n<p><strong><img loading=\"lazy\" decoding=\"async\" src=\"https:\/\/domaine-de-la-cledette.com\/wp-content\/uploads\/2022\/07\/location_on_FILL1_wght400_GRAD0_opsz48-1.png\" width=\"30\" height=\"30\" alt=\"\" class=\"wp-image-615 alignnone size-full\" srcset=\"https:\/\/domaine-de-la-cledette.com\/wp-content\/uploads\/2022\/07\/location_on_FILL1_wght400_GRAD0_opsz48-1.png 30w, https:\/\/domaine-de-la-cledette.com\/wp-content\/uploads\/2022\/07\/location_on_FILL1_wght400_GRAD0_opsz48-1-12x12.png 12w\" sizes=\"(max-width: 30px) 100vw, 30px\" \/>\u00a0Colognac, Gard<br \/><img loading=\"lazy\" decoding=\"async\" src=\"https:\/\/domaine-de-la-cledette.com\/wp-content\/uploads\/2022\/07\/gites.png\" width=\"30\" height=\"30\" alt=\"\" class=\"wp-image-662 alignnone size-full\" srcset=\"https:\/\/domaine-de-la-cledette.com\/wp-content\/uploads\/2022\/07\/gites.png 30w, https:\/\/domaine-de-la-cledette.com\/wp-content\/uploads\/2022\/07\/gites-12x12.png 12w\" sizes=\"(max-width: 30px) 100vw, 30px\" \/>\u00a02 g\u00eetes <i>* * *<br \/><\/i><img loading=\"lazy\" decoding=\"async\" src=\"https:\/\/domaine-de-la-cledette.com\/wp-content\/uploads\/2022\/07\/people.png\" width=\"30\" height=\"30\" alt=\"\" class=\"wp-image-663 alignnone size-full\" srcset=\"https:\/\/domaine-de-la-cledette.com\/wp-content\/uploads\/2022\/07\/people.png 30w, https:\/\/domaine-de-la-cledette.com\/wp-content\/uploads\/2022\/07\/people-12x12.png 12w\" sizes=\"(max-width: 30px) 100vw, 30px\" \/>\u00a01 \u00e0 14 personnes<br \/><img loading=\"lazy\" decoding=\"async\" src=\"https:\/\/domaine-de-la-cledette.com\/wp-content\/uploads\/2022\/07\/bedroom_baby_FILL1_wght400_GRAD0_opsz48-1.png\" width=\"30\" height=\"30\" alt=\"\" class=\"wp-image-612 alignnone size-full\" srcset=\"https:\/\/domaine-de-la-cledette.com\/wp-content\/uploads\/2022\/07\/bedroom_baby_FILL1_wght400_GRAD0_opsz48-1.png 30w, https:\/\/domaine-de-la-cledette.com\/wp-content\/uploads\/2022\/07\/bedroom_baby_FILL1_wght400_GRAD0_opsz48-1-12x12.png 12w\" sizes=\"(max-width: 30px) 100vw, 30px\" \/> Troupeau de 8 lamas, visite de l\u2019\u00e9levage, randonn\u00e9es, balades<\/strong><\/p>\n<p>[\/et_pb_text][et_pb_button button_text=\u00a0\u00bbVoir tous les g\u00eetes\u00a0\u00bb button_alignment_tablet=\u00a0\u00bb\u00a0\u00bb button_alignment_phone=\u00a0\u00bbcenter\u00a0\u00bb button_alignment_last_edited=\u00a0\u00bbon|phone\u00a0\u00bb _builder_version=\u00a0\u00bb4.17.6&Prime; _module_preset=\u00a0\u00bbdefault\u00a0\u00bb global_colors_info=\u00a0\u00bb{}\u00a0\u00bb][\/et_pb_button][\/et_pb_column][\/et_pb_row][\/et_pb_section][et_pb_section fb_built=\u00a0\u00bb1&Prime; _builder_version=\u00a0\u00bb4.17.6&Prime; _module_preset=\u00a0\u00bbdefault\u00a0\u00bb custom_margin=\u00a0\u00bb100px||0px||false|false\u00a0\u00bb custom_margin_tablet=\u00a0\u00bb100px||0px||false|false\u00a0\u00bb custom_margin_phone=\u00a0\u00bb45px||0px||false|false\u00a0\u00bb custom_margin_last_edited=\u00a0\u00bbon|phone\u00a0\u00bb custom_padding=\u00a0\u00bb0px||30px||false|false\u00a0\u00bb global_colors_info=\u00a0\u00bb{}\u00a0\u00bb][et_pb_row column_structure=\u00a0\u00bb2_5,3_5&Prime; _builder_version=\u00a0\u00bb4.17.6&Prime; _module_preset=\u00a0\u00bbdefault\u00a0\u00bb background_color=\u00a0\u00bbRGBA(255,255,255,0)\u00a0\u00bb background_image=\u00a0\u00bbhttps:\/\/domaine-de-la-cledette.com\/wp-content\/uploads\/2022\/06\/cledette-1.jpg\u00a0\u00bb background_size=\u00a0\u00bbcustom\u00a0\u00bb background_image_width=\u00a0\u00bb47%\u00a0\u00bb background_position=\u00a0\u00bbcenter_right\u00a0\u00bb background_horizontal_offset=\u00a0\u00bb100%\u00a0\u00bb custom_margin=\u00a0\u00bb0px||0px||true|false\u00a0\u00bb custom_padding=\u00a0\u00bb0px|0px|0px|0px|true|true\u00a0\u00bb border_radii=\u00a0\u00bbon|7px|7px|7px|7px\u00a0\u00bb global_colors_info=\u00a0\u00bb{}\u00a0\u00bb][et_pb_column type=\u00a0\u00bb2_5&Prime; _builder_version=\u00a0\u00bb4.17.6&Prime; _module_preset=\u00a0\u00bbdefault\u00a0\u00bb background_enable_color=\u00a0\u00bboff\u00a0\u00bb background_enable_image=\u00a0\u00bboff\u00a0\u00bb custom_padding=\u00a0\u00bb0px|0px|0px|0px|true|true\u00a0\u00bb global_colors_info=\u00a0\u00bb{}\u00a0\u00bb][\/et_pb_column][et_pb_column type=\u00a0\u00bb3_5&Prime; _builder_version=\u00a0\u00bb4.17.4&Prime; _module_preset=\u00a0\u00bbdefault\u00a0\u00bb background_color=\u00a0\u00bb#BDD6D1&Prime; custom_padding=\u00a0\u00bb20px|30px|20px|30px|true|true\u00a0\u00bb border_radii=\u00a0\u00bboff||7px|7px|\u00a0\u00bb global_colors_info=\u00a0\u00bb{}\u00a0\u00bb][et_pb_text _builder_version=\u00a0\u00bb4.17.4&Prime; _module_preset=\u00a0\u00bbdefault\u00a0\u00bb header_2_text_color=\u00a0\u00bb#FFFFFF\u00a0\u00bb header_2_font_size=\u00a0\u00bb60px\u00a0\u00bb width=\u00a0\u00bb100%\u00a0\u00bb custom_margin=\u00a0\u00bb||0px||false|false\u00a0\u00bb text_orientation_tablet=\u00a0\u00bb\u00a0\u00bb text_orientation_phone=\u00a0\u00bbcenter\u00a0\u00bb text_orientation_last_edited=\u00a0\u00bbon|phone\u00a0\u00bb global_colors_info=\u00a0\u00bb{}\u00a0\u00bb]<\/p>\n<h2>Nos g\u00eetes * * *<\/h2>\n<p>[\/et_pb_text][et_pb_text _builder_version=\u00a0\u00bb4.17.6&Prime; _module_preset=\u00a0\u00bbdefault\u00a0\u00bb text_text_color=\u00a0\u00bb#FFFFFF\u00a0\u00bb custom_margin_tablet=\u00a0\u00bb\u00a0\u00bb custom_margin_phone=\u00a0\u00bb|25px||25px|false|true\u00a0\u00bb custom_margin_last_edited=\u00a0\u00bbon|phone\u00a0\u00bb global_colors_info=\u00a0\u00bb{}\u00a0\u00bb]<\/p>\n<p><span style=\"font-weight: 400;\"><strong>Le M\u00fbrier<b>\u00a0<\/b>:<\/strong> <br \/>jusqu&rsquo;\u00e0 4 voyageurs, 2 lits, agr\u00e9able, confortable avec parc \u00e0 l\u2019ombre des tilleuls.<br \/><\/span><span style=\"font-weight: 400;\"><strong>Les Tilleuls :<\/strong> <br \/>jusqu&rsquo;\u00e0 9 voyageurs, 6 lits, confortable, spacieux avec parc\u00a0 \u00e0 l\u2019ombre des tilleuls.<br \/><\/span><span style=\"font-weight: 400;\"><strong>Le Murier &amp; Les Tilleuls r\u00e9unis :<\/strong> <br \/>jusqu&rsquo;\u00e0 14 voyageurs, 8 lits, ensemble des deux g\u00eetes mitoyens.<\/span><\/p>\n<p>[\/et_pb_text][et_pb_button button_url=\u00a0\u00bb@ET-DC@eyJkeW5hbWljIjp0cnVlLCJjb250ZW50IjoicG9zdF9saW5rX3VybF9wYWdlIiwic2V0dGluZ3MiOnsicG9zdF9pZCI6IjE0NSJ9fQ==@\u00a0\u00bb button_text=\u00a0\u00bbD\u00e9couvrir\u00a0\u00bb button_alignment_tablet=\u00a0\u00bb\u00a0\u00bb button_alignment_phone=\u00a0\u00bbcenter\u00a0\u00bb button_alignment_last_edited=\u00a0\u00bbon|phone\u00a0\u00bb _builder_version=\u00a0\u00bb4.17.4&Prime; _dynamic_attributes=\u00a0\u00bbbutton_url\u00a0\u00bb _module_preset=\u00a0\u00bbdefault\u00a0\u00bb custom_margin=\u00a0\u00bb||15px||false|false\u00a0\u00bb global_colors_info=\u00a0\u00bb{}\u00a0\u00bb][\/et_pb_button][\/et_pb_column][\/et_pb_row][\/et_pb_section][et_pb_section fb_built=\u00a0\u00bb1&Prime; _builder_version=\u00a0\u00bb4.17.4&Prime; _module_preset=\u00a0\u00bbdefault\u00a0\u00bb custom_margin=\u00a0\u00bb0px||70px||false|false\u00a0\u00bb custom_padding=\u00a0\u00bb0px||0px||false|false\u00a0\u00bb global_colors_info=\u00a0\u00bb{}\u00a0\u00bb][et_pb_row column_structure=\u00a0\u00bb1_3,1_3,1_3&Prime; _builder_version=\u00a0\u00bb4.17.4&Prime; _module_preset=\u00a0\u00bbdefault\u00a0\u00bb custom_margin=\u00a0\u00bb||||false|false\u00a0\u00bb custom_padding=\u00a0\u00bb||||false|false\u00a0\u00bb global_colors_info=\u00a0\u00bb{}\u00a0\u00bb][et_pb_column type=\u00a0\u00bb1_3&Prime; _builder_version=\u00a0\u00bb4.17.4&Prime; _module_preset=\u00a0\u00bbdefault\u00a0\u00bb background_color=\u00a0\u00bb#FFFFFF\u00a0\u00bb custom_padding=\u00a0\u00bb25px||||false|false\u00a0\u00bb border_radii=\u00a0\u00bbon|7px|7px|7px|7px\u00a0\u00bb box_shadow_style=\u00a0\u00bbpreset1&Prime; box_shadow_blur=\u00a0\u00bb20px\u00a0\u00bb box_shadow_color=\u00a0\u00bbrgba(189,214,209,0.37)\u00a0\u00bb global_colors_info=\u00a0\u00bb{}\u00a0\u00bb][et_pb_text _builder_version=\u00a0\u00bb4.17.4&Prime; _module_preset=\u00a0\u00bbdefault\u00a0\u00bb header_3_text_align=\u00a0\u00bbcenter\u00a0\u00bb header_3_font_size=\u00a0\u00bb45px\u00a0\u00bb global_colors_info=\u00a0\u00bb{}\u00a0\u00bb]<\/p>\n<h3>Le Murier<\/h3>\n<p>[\/et_pb_text][et_pb_text _builder_version=\u00a0\u00bb4.17.6&Prime; _module_preset=\u00a0\u00bbdefault\u00a0\u00bb text_font=\u00a0\u00bb||||||||\u00a0\u00bb text_orientation=\u00a0\u00bbcenter\u00a0\u00bb custom_margin=\u00a0\u00bb||65px||false|false\u00a0\u00bb custom_margin_tablet=\u00a0\u00bb||30px||false|false\u00a0\u00bb custom_margin_phone=\u00a0\u00bb||20px||false|false\u00a0\u00bb custom_margin_last_edited=\u00a0\u00bbon|desktop\u00a0\u00bb custom_padding=\u00a0\u00bb2px|25px||25px|false|true\u00a0\u00bb global_colors_info=\u00a0\u00bb{}\u00a0\u00bb]<\/p>\n<p>\u00a0Jusqu&rsquo;\u00e0 4 voyageurs, 1 chambre \u00e0 l&rsquo;\u00e9tage, 1 clic-clac<br \/>Cuisine \u00e9quip\u00e9e<br \/>Salle d\u2019eau avec<br \/>WC \u00e0 l\u2019\u00e9tage<br \/>Wifi<br \/>Salon\/salle \u00e0 manger avec TV (par satellite)<br \/>Parc ombrag\u00e9 avec mobiliers, barbecue et jeux de jardin<br \/>Salle de biblioth\u00e8que\/ ludoth\u00e8que\/point information partag\u00e9e.<\/p>\n<p>[\/et_pb_text][et_pb_image src=\u00a0\u00bbhttps:\/\/domaine-de-la-cledette.com\/wp-content\/uploads\/2022\/06\/cledette-103.jpg\u00a0\u00bb title_text=\u00a0\u00bbcledette-103&Prime; url=\u00a0\u00bb@ET-DC@eyJkeW5hbWljIjp0cnVlLCJjb250ZW50IjoicG9zdF9saW5rX3VybF9wYWdlIiwic2V0dGluZ3MiOnsicG9zdF9pZCI6IjE0OSJ9fQ==@\u00a0\u00bb _builder_version=\u00a0\u00bb4.17.6&Prime; _dynamic_attributes=\u00a0\u00bburl\u00a0\u00bb _module_preset=\u00a0\u00bbdefault\u00a0\u00bb global_colors_info=\u00a0\u00bb{}\u00a0\u00bb transform_styles__hover_enabled=\u00a0\u00bbon|hover\u00a0\u00bb transform_scale__hover_enabled=\u00a0\u00bbon|hover\u00a0\u00bb transform_translate__hover_enabled=\u00a0\u00bbon|hover\u00a0\u00bb transform_rotate__hover_enabled=\u00a0\u00bbon|desktop\u00a0\u00bb transform_skew__hover_enabled=\u00a0\u00bbon|desktop\u00a0\u00bb transform_origin__hover_enabled=\u00a0\u00bbon|desktop\u00a0\u00bb transform_scale__hover=\u00a0\u00bb130%|130%\u00a0\u00bb transform_translate__hover=\u00a0\u00bb0px|14px\u00a0\u00bb][\/et_pb_image][\/et_pb_column][et_pb_column type=\u00a0\u00bb1_3&Prime; _builder_version=\u00a0\u00bb4.17.4&Prime; _module_preset=\u00a0\u00bbdefault\u00a0\u00bb background_color=\u00a0\u00bb#FFFFFF\u00a0\u00bb custom_padding=\u00a0\u00bb25px||||false|false\u00a0\u00bb border_radii=\u00a0\u00bbon|7px|7px|7px|7px\u00a0\u00bb box_shadow_style=\u00a0\u00bbpreset1&Prime; box_shadow_blur=\u00a0\u00bb20px\u00a0\u00bb box_shadow_color=\u00a0\u00bbrgba(189,214,209,0.37)\u00a0\u00bb global_colors_info=\u00a0\u00bb{}\u00a0\u00bb][et_pb_text _builder_version=\u00a0\u00bb4.17.4&Prime; _module_preset=\u00a0\u00bbdefault\u00a0\u00bb header_3_text_align=\u00a0\u00bbcenter\u00a0\u00bb header_3_font_size=\u00a0\u00bb45px\u00a0\u00bb global_colors_info=\u00a0\u00bb{}\u00a0\u00bb]<\/p>\n<h3>Les Tilleuls<\/h3>\n<p>[\/et_pb_text][et_pb_text _builder_version=\u00a0\u00bb4.17.6&Prime; _module_preset=\u00a0\u00bbdefault\u00a0\u00bb text_orientation=\u00a0\u00bbcenter\u00a0\u00bb custom_margin=\u00a0\u00bb||91px||false|false\u00a0\u00bb custom_margin_tablet=\u00a0\u00bb||30px||false|false\u00a0\u00bb custom_margin_phone=\u00a0\u00bb||25px||false|false\u00a0\u00bb custom_margin_last_edited=\u00a0\u00bbon|desktop\u00a0\u00bb custom_padding=\u00a0\u00bb1px|25px||25px|false|true\u00a0\u00bb global_colors_info=\u00a0\u00bb{}\u00a0\u00bb]<\/p>\n<p>Jusqu&rsquo;\u00e0 9 voyageurs, 3 chambres avec salle d\u2019eau\/WC privative \u00e0 l&rsquo;\u00e9tage, 2 lits superpos\u00e9s<br \/>Cuisine \u00e9quip\u00e9e<br \/>Salle \u00e0 manger 14 personnes<br \/>Wifi<br \/>Salon avec TV (par satellite)<br \/>Parc avec mobiliers, barbecue et jeux de jardin<br \/>Salle de biblioth\u00e8que\/ ludoth\u00e8que\/point information partag\u00e9e.<\/p>\n<p>[\/et_pb_text][et_pb_image src=\u00a0\u00bbhttps:\/\/domaine-de-la-cledette.com\/wp-content\/uploads\/2022\/06\/cledette-59.jpg\u00a0\u00bb title_text=\u00a0\u00bbcledette-59&Prime; url=\u00a0\u00bb@ET-DC@eyJkeW5hbWljIjp0cnVlLCJjb250ZW50IjoicG9zdF9saW5rX3VybF9wYWdlIiwic2V0dGluZ3MiOnsicG9zdF9pZCI6IjE1MSJ9fQ==@\u00a0\u00bb _builder_version=\u00a0\u00bb4.17.6&Prime; _dynamic_attributes=\u00a0\u00bburl\u00a0\u00bb _module_preset=\u00a0\u00bbdefault\u00a0\u00bb global_colors_info=\u00a0\u00bb{}\u00a0\u00bb transform_styles__hover_enabled=\u00a0\u00bbon|hover\u00a0\u00bb transform_scale__hover_enabled=\u00a0\u00bbon|hover\u00a0\u00bb transform_translate__hover_enabled=\u00a0\u00bbon|hover\u00a0\u00bb transform_rotate__hover_enabled=\u00a0\u00bbon|desktop\u00a0\u00bb transform_skew__hover_enabled=\u00a0\u00bbon|desktop\u00a0\u00bb transform_origin__hover_enabled=\u00a0\u00bbon|desktop\u00a0\u00bb transform_scale__hover=\u00a0\u00bb130%|130%\u00a0\u00bb transform_translate__hover=\u00a0\u00bb0px|14px\u00a0\u00bb][\/et_pb_image][\/et_pb_column][et_pb_column type=\u00a0\u00bb1_3&Prime; _builder_version=\u00a0\u00bb4.17.4&Prime; _module_preset=\u00a0\u00bbdefault\u00a0\u00bb background_color=\u00a0\u00bb#FFFFFF\u00a0\u00bb custom_padding=\u00a0\u00bb25px||||false|false\u00a0\u00bb border_radii=\u00a0\u00bbon|7px|7px|7px|7px\u00a0\u00bb box_shadow_style=\u00a0\u00bbpreset1&Prime; box_shadow_blur=\u00a0\u00bb20px\u00a0\u00bb box_shadow_color=\u00a0\u00bbrgba(189,214,209,0.37)\u00a0\u00bb global_colors_info=\u00a0\u00bb{}\u00a0\u00bb][et_pb_text _builder_version=\u00a0\u00bb4.17.4&Prime; _module_preset=\u00a0\u00bbdefault\u00a0\u00bb header_3_text_align=\u00a0\u00bbcenter\u00a0\u00bb header_3_font_size=\u00a0\u00bb45px\u00a0\u00bb global_colors_info=\u00a0\u00bb{}\u00a0\u00bb]<\/p>\n<h3>Murier &amp; Tilleuls<\/h3>\n<p>[\/et_pb_text][et_pb_text _builder_version=\u00a0\u00bb4.17.6&Prime; _module_preset=\u00a0\u00bbdefault\u00a0\u00bb text_orientation=\u00a0\u00bbcenter\u00a0\u00bb custom_padding=\u00a0\u00bb|25px||25px|false|true\u00a0\u00bb global_colors_info=\u00a0\u00bb{}\u00a0\u00bb]<\/p>\n<p><span style=\"font-weight: 400;\">Possibilit\u00e9 de r\u00e9server l\u2019ensemble des 2 g\u00eetes mitoyens jusqu\u2019\u00e0 14 voyageurs (plus sur demande)<br \/><\/span>4 chambres avec salle d\u2019eau\/WC privative, 8 lits<br \/>2 cuisines \u00e9quip\u00e9es, lave-linge \u00e0 disposition<br \/>Salle \u00e0 manger 14 personnes<br \/>Wifi<br \/>Salon avec TV (par satellite)<br \/>Parc avec mobiliers, barbecue et jeux de jardin<br \/>Salle de\u00a0 biblioth\u00e8que\/ludoth\u00e8que\/ point information.<\/p>\n<p><\/p>\n<p>[\/et_pb_text][et_pb_image src=\u00a0\u00bbhttps:\/\/domaine-de-la-cledette.com\/wp-content\/uploads\/2022\/06\/cledette-22.jpg\u00a0\u00bb alt=\u00a0\u00bbDomaine de la Cl\u00e9dette &#8211; Location g\u00eetes C\u00e9vennes\u00a0\u00bb title_text=\u00a0\u00bbcledette-22&Prime; url=\u00a0\u00bb@ET-DC@eyJkeW5hbWljIjp0cnVlLCJjb250ZW50IjoicG9zdF9saW5rX3VybF9wYWdlIiwic2V0dGluZ3MiOnsicG9zdF9pZCI6IjE1MyJ9fQ==@\u00a0\u00bb _builder_version=\u00a0\u00bb4.17.6&Prime; _dynamic_attributes=\u00a0\u00bburl\u00a0\u00bb _module_preset=\u00a0\u00bbdefault\u00a0\u00bb width=\u00a0\u00bb100%\u00a0\u00bb min_height=\u00a0\u00bb100px\u00a0\u00bb global_colors_info=\u00a0\u00bb{}\u00a0\u00bb transform_styles__hover_enabled=\u00a0\u00bbon|hover\u00a0\u00bb transform_scale__hover_enabled=\u00a0\u00bbon|hover\u00a0\u00bb transform_translate__hover_enabled=\u00a0\u00bbon|hover\u00a0\u00bb transform_rotate__hover_enabled=\u00a0\u00bbon|desktop\u00a0\u00bb transform_skew__hover_enabled=\u00a0\u00bbon|desktop\u00a0\u00bb transform_origin__hover_enabled=\u00a0\u00bbon|desktop\u00a0\u00bb transform_scale__hover=\u00a0\u00bb130%|130%\u00a0\u00bb transform_translate__hover=\u00a0\u00bb0px|14px\u00a0\u00bb][\/et_pb_image][\/et_pb_column][\/et_pb_row][\/et_pb_section][et_pb_section fb_built=\u00a0\u00bb1&Prime; specialty=\u00a0\u00bbon\u00a0\u00bb custom_padding_last_edited=\u00a0\u00bbon|phone\u00a0\u00bb padding_1_tablet=\u00a0\u00bb\u00a0\u00bb padding_2_tablet=\u00a0\u00bb\u00a0\u00bb padding_1_phone=\u00a0\u00bb||0px||false|false\u00a0\u00bb padding_2_phone=\u00a0\u00bb||0px||false|false\u00a0\u00bb padding_1_last_edited=\u00a0\u00bbon|phone\u00a0\u00bb padding_2_last_edited=\u00a0\u00bbon|phone\u00a0\u00bb _builder_version=\u00a0\u00bb4.17.6&Prime; _module_preset=\u00a0\u00bbdefault\u00a0\u00bb background_color=\u00a0\u00bb#D89339&Prime; custom_margin_tablet=\u00a0\u00bb\u00a0\u00bb custom_margin_phone=\u00a0\u00bb||0px||false|false\u00a0\u00bb custom_margin_last_edited=\u00a0\u00bbon|phone\u00a0\u00bb custom_padding_tablet=\u00a0\u00bb\u00a0\u00bb custom_padding_phone=\u00a0\u00bb||0px||false|false\u00a0\u00bb global_colors_info=\u00a0\u00bb{}\u00a0\u00bb][et_pb_column type=\u00a0\u00bb1_2&Prime; _builder_version=\u00a0\u00bb4.16&Prime; custom_padding=\u00a0\u00bb|||\u00a0\u00bb global_colors_info=\u00a0\u00bb{}\u00a0\u00bb custom_padding__hover=\u00a0\u00bb|||\u00a0\u00bb][et_pb_text _builder_version=\u00a0\u00bb4.17.4&Prime; _module_preset=\u00a0\u00bbdefault\u00a0\u00bb header_2_text_color=\u00a0\u00bb#FFFFFF\u00a0\u00bb header_2_font_size=\u00a0\u00bb60px\u00a0\u00bb global_colors_info=\u00a0\u00bb{}\u00a0\u00bb]<\/p>\n<h2>Le domaine de la Cledette<br \/>c&rsquo;est aussi des lamas !<\/h2>\n<p>[\/et_pb_text][et_pb_text _builder_version=\u00a0\u00bb4.17.6&Prime; _module_preset=\u00a0\u00bbdefault\u00a0\u00bb text_text_color=\u00a0\u00bb#FFFFFF\u00a0\u00bb global_colors_info=\u00a0\u00bb{}\u00a0\u00bb]<\/p>\n<p>Actuellement sur le Domaine, un troupeau de 8 lamas.<br \/>4 femelles et 4 m\u00e2les pour :<\/p>\n<ul>\n<li>le Plaisir des yeux<\/li>\n<li>les Balades et randonn\u00e9es<\/li>\n<li>l&rsquo;\u00c9co-d\u00e9broussaillage<\/li>\n<li>des Animations<\/li>\n<\/ul>\n<p>[\/et_pb_text][et_pb_image src=\u00a0\u00bbhttps:\/\/domaine-de-la-cledette.com\/wp-content\/uploads\/2022\/06\/Blanc-horizontal-1.png\u00a0\u00bb title_text=\u00a0\u00bbBlanc-horizontal\u00a0\u00bb align_tablet=\u00a0\u00bb\u00a0\u00bb align_phone=\u00a0\u00bbcenter\u00a0\u00bb align_last_edited=\u00a0\u00bbon|phone\u00a0\u00bb _builder_version=\u00a0\u00bb4.17.6&Prime; _module_preset=\u00a0\u00bbdefault\u00a0\u00bb width=\u00a0\u00bb52%\u00a0\u00bb max_width_tablet=\u00a0\u00bb50%\u00a0\u00bb max_width_phone=\u00a0\u00bb50%\u00a0\u00bb max_width_last_edited=\u00a0\u00bbon|tablet\u00a0\u00bb global_colors_info=\u00a0\u00bb{}\u00a0\u00bb][\/et_pb_image][et_pb_button button_url=\u00a0\u00bb@ET-DC@eyJkeW5hbWljIjp0cnVlLCJjb250ZW50IjoicG9zdF9saW5rX3VybF9wYWdlIiwic2V0dGluZ3MiOnsicG9zdF9pZCI6IjE1NSJ9fQ==@\u00a0\u00bb button_text=\u00a0\u00bbTout savoir sur les lamas\u00a0\u00bb button_alignment_tablet=\u00a0\u00bb\u00a0\u00bb button_alignment_phone=\u00a0\u00bbcenter\u00a0\u00bb button_alignment_last_edited=\u00a0\u00bbon|phone\u00a0\u00bb _builder_version=\u00a0\u00bb4.17.6&Prime; _dynamic_attributes=\u00a0\u00bbbutton_url\u00a0\u00bb _module_preset=\u00a0\u00bbdefault\u00a0\u00bb global_colors_info=\u00a0\u00bb{}\u00a0\u00bb][\/et_pb_button][\/et_pb_column][et_pb_column type=\u00a0\u00bb1_2&Prime; specialty_columns=\u00a0\u00bb2&Prime; _builder_version=\u00a0\u00bb4.16&Prime; custom_padding=\u00a0\u00bb|||\u00a0\u00bb global_colors_info=\u00a0\u00bb{}\u00a0\u00bb custom_padding__hover=\u00a0\u00bb|||\u00a0\u00bb][et_pb_row_inner _builder_version=\u00a0\u00bb4.17.6&Prime; _module_preset=\u00a0\u00bbdefault\u00a0\u00bb custom_margin=\u00a0\u00bb35px||||false|false\u00a0\u00bb custom_margin_tablet=\u00a0\u00bb35px||||false|false\u00a0\u00bb custom_margin_phone=\u00a0\u00bb0px||0px||false|false\u00a0\u00bb custom_margin_last_edited=\u00a0\u00bbon|desktop\u00a0\u00bb global_colors_info=\u00a0\u00bb{}\u00a0\u00bb][et_pb_column_inner saved_specialty_column_type=\u00a0\u00bb1_2&Prime; _builder_version=\u00a0\u00bb4.17.4&Prime; _module_preset=\u00a0\u00bbdefault\u00a0\u00bb global_colors_info=\u00a0\u00bb{}\u00a0\u00bb][et_pb_image src=\u00a0\u00bbhttps:\/\/domaine-de-la-cledette.com\/wp-content\/uploads\/2022\/06\/cledette-124.jpg\u00a0\u00bb alt=\u00a0\u00bbDomaine de la Cl\u00e9dette &#8211; Location g\u00eetes C\u00e9vennes\u00a0\u00bb title_text=\u00a0\u00bbcledette-124&Prime; _builder_version=\u00a0\u00bb4.17.6&Prime; _module_preset=\u00a0\u00bbdefault\u00a0\u00bb border_radii=\u00a0\u00bbon|7px|7px|7px|7px\u00a0\u00bb global_colors_info=\u00a0\u00bb{}\u00a0\u00bb][\/et_pb_image][\/et_pb_column_inner][\/et_pb_row_inner][et_pb_row_inner column_structure=\u00a0\u00bb1_3,1_3,1_3&Prime; _builder_version=\u00a0\u00bb4.17.6&Prime; _module_preset=\u00a0\u00bbdefault\u00a0\u00bb custom_margin=\u00a0\u00bb0px||0px||true|false\u00a0\u00bb custom_padding=\u00a0\u00bb0px||0px||true|false\u00a0\u00bb global_colors_info=\u00a0\u00bb{}\u00a0\u00bb][et_pb_column_inner type=\u00a0\u00bb1_3&Prime; saved_specialty_column_type=\u00a0\u00bb1_2&Prime; _builder_version=\u00a0\u00bb4.17.4&Prime; _module_preset=\u00a0\u00bbdefault\u00a0\u00bb global_colors_info=\u00a0\u00bb{}\u00a0\u00bb][et_pb_image src=\u00a0\u00bbhttps:\/\/domaine-de-la-cledette.com\/wp-content\/uploads\/2022\/06\/cledette-135.jpg\u00a0\u00bb alt=\u00a0\u00bbDomaine de la Cl\u00e9dette &#8211; Location g\u00eetes C\u00e9vennes\u00a0\u00bb title_text=\u00a0\u00bbcledette-135&Prime; disabled_on=\u00a0\u00bbon|on|off\u00a0\u00bb _builder_version=\u00a0\u00bb4.17.6&Prime; _module_preset=\u00a0\u00bbdefault\u00a0\u00bb border_radii=\u00a0\u00bbon|7px|7px|7px|7px\u00a0\u00bb global_colors_info=\u00a0\u00bb{}\u00a0\u00bb][\/et_pb_image][\/et_pb_column_inner][et_pb_column_inner type=\u00a0\u00bb1_3&Prime; saved_specialty_column_type=\u00a0\u00bb1_2&Prime; _builder_version=\u00a0\u00bb4.17.4&Prime; _module_preset=\u00a0\u00bbdefault\u00a0\u00bb global_colors_info=\u00a0\u00bb{}\u00a0\u00bb][et_pb_image src=\u00a0\u00bbhttps:\/\/domaine-de-la-cledette.com\/wp-content\/uploads\/2022\/06\/cledette-136.jpg\u00a0\u00bb title_text=\u00a0\u00bbcledette-136&Prime; disabled_on=\u00a0\u00bbon|on|off\u00a0\u00bb _builder_version=\u00a0\u00bb4.17.6&Prime; _module_preset=\u00a0\u00bbdefault\u00a0\u00bb border_radii=\u00a0\u00bbon|7px|7px|7px|7px\u00a0\u00bb global_colors_info=\u00a0\u00bb{}\u00a0\u00bb][\/et_pb_image][\/et_pb_column_inner][et_pb_column_inner type=\u00a0\u00bb1_3&Prime; saved_specialty_column_type=\u00a0\u00bb1_2&Prime; _builder_version=\u00a0\u00bb4.17.6&Prime; _module_preset=\u00a0\u00bbdefault\u00a0\u00bb custom_padding_tablet=\u00a0\u00bb\u00a0\u00bb custom_padding_phone=\u00a0\u00bb||0px||false|false\u00a0\u00bb custom_padding_last_edited=\u00a0\u00bbon|phone\u00a0\u00bb global_colors_info=\u00a0\u00bb{}\u00a0\u00bb][et_pb_image src=\u00a0\u00bbhttps:\/\/domaine-de-la-cledette.com\/wp-content\/uploads\/2022\/06\/cledette-142.jpg\u00a0\u00bb title_text=\u00a0\u00bbcledette-142&Prime; disabled_on=\u00a0\u00bbon|on|off\u00a0\u00bb _builder_version=\u00a0\u00bb4.17.6&Prime; _module_preset=\u00a0\u00bbdefault\u00a0\u00bb border_radii=\u00a0\u00bbon|7px|7px|7px|7px\u00a0\u00bb global_colors_info=\u00a0\u00bb{}\u00a0\u00bb][\/et_pb_image][\/et_pb_column_inner][\/et_pb_row_inner][\/et_pb_column][\/et_pb_section][et_pb_section fb_built=\u00a0\u00bb1&Prime; _builder_version=\u00a0\u00bb4.17.6&Prime; _module_preset=\u00a0\u00bbdefault\u00a0\u00bb custom_margin_tablet=\u00a0\u00bb\u00a0\u00bb custom_margin_phone=\u00a0\u00bb\u00a0\u00bb custom_margin_last_edited=\u00a0\u00bbon|phone\u00a0\u00bb custom_padding=\u00a0\u00bb45px||20px||false|false\u00a0\u00bb global_colors_info=\u00a0\u00bb{}\u00a0\u00bb][et_pb_row _builder_version=\u00a0\u00bb4.17.4&Prime; _module_preset=\u00a0\u00bbdefault\u00a0\u00bb background_color=\u00a0\u00bbrgba(0,0,0,0.29)\u00a0\u00bb background_image=\u00a0\u00bbhttps:\/\/domaine-de-la-cledette.com\/wp-content\/uploads\/2022\/06\/cledette-48.jpg\u00a0\u00bb border_radii=\u00a0\u00bbon|7px|7px|7px|7px\u00a0\u00bb global_colors_info=\u00a0\u00bb{}\u00a0\u00bb][et_pb_column type=\u00a0\u00bb4_4&Prime; _builder_version=\u00a0\u00bb4.17.4&Prime; _module_preset=\u00a0\u00bbdefault\u00a0\u00bb global_colors_info=\u00a0\u00bb{}\u00a0\u00bb][et_pb_image src=\u00a0\u00bbhttps:\/\/domaine-de-la-cledette.com\/wp-content\/uploads\/2022\/06\/blanc-horizontal.png\u00a0\u00bb title_text=\u00a0\u00bbblanc-horizontal\u00a0\u00bb align=\u00a0\u00bbcenter\u00a0\u00bb align_tablet=\u00a0\u00bbcenter\u00a0\u00bb align_phone=\u00a0\u00bbcenter\u00a0\u00bb align_last_edited=\u00a0\u00bbon|phone\u00a0\u00bb _builder_version=\u00a0\u00bb4.17.6&Prime; _module_preset=\u00a0\u00bbdefault\u00a0\u00bb width=\u00a0\u00bb35%\u00a0\u00bb width_tablet=\u00a0\u00bb35%\u00a0\u00bb width_phone=\u00a0\u00bb80%\u00a0\u00bb width_last_edited=\u00a0\u00bbon|phone\u00a0\u00bb custom_margin=\u00a0\u00bb30px||20px||false|false\u00a0\u00bb custom_margin_tablet=\u00a0\u00bb|60px||60px|false|true\u00a0\u00bb custom_margin_phone=\u00a0\u00bb|20px||20px|false|true\u00a0\u00bb custom_margin_last_edited=\u00a0\u00bbon|tablet\u00a0\u00bb custom_padding=\u00a0\u00bb||0px||false|false\u00a0\u00bb module_alignment_tablet=\u00a0\u00bb\u00a0\u00bb module_alignment_phone=\u00a0\u00bbcenter\u00a0\u00bb module_alignment_last_edited=\u00a0\u00bbon|phone\u00a0\u00bb global_colors_info=\u00a0\u00bb{}\u00a0\u00bb][\/et_pb_image][\/et_pb_column][\/et_pb_row][et_pb_row column_structure=\u00a0\u00bb1_2,1_2&Prime; _builder_version=\u00a0\u00bb4.17.4&Prime; _module_preset=\u00a0\u00bbdefault\u00a0\u00bb global_colors_info=\u00a0\u00bb{}\u00a0\u00bb][et_pb_column type=\u00a0\u00bb1_2&Prime; _builder_version=\u00a0\u00bb4.17.4&Prime; _module_preset=\u00a0\u00bbdefault\u00a0\u00bb global_colors_info=\u00a0\u00bb{}\u00a0\u00bb][et_pb_text _builder_version=\u00a0\u00bb4.18.0&Prime; _module_preset=\u00a0\u00bbdefault\u00a0\u00bb text_orientation=\u00a0\u00bbjustified\u00a0\u00bb global_colors_info=\u00a0\u00bb{}\u00a0\u00bb]<\/p>\n<p>A l\u2019ombre des grands tilleuls et entour\u00e9s de nos magnifiques compagnons les lamas, c\u2019est un endroit r\u00eav\u00e9 pour un <strong>s\u00e9jour entre amis<\/strong>, <strong>en amoureux<\/strong> ou <strong>en famille<\/strong>. Le Domaine de La Cl\u00e9dette propose des h\u00e9bergements qui s\u2019accommodent entre le charme de l\u2019ancien et le confort du contemporain dans une maison datant du 18\u00e8me et 19\u00e8me si\u00e8cles, ancienne castan\u00e9iculture (ch\u00e2taigneraies). Nous vous accueillons chez nous, en toute simplicit\u00e9 tout au long de l\u2019ann\u00e9e pour vous d\u00e9tendre dans <strong>la paix du jardin<\/strong>, partager des moments inoubliables ou d\u00e9couvrir l\u2019<strong>authenticit\u00e9 des C\u00e9vennes<\/strong> au c\u0153ur d\u2019une nature bourdonnante.<\/p>\n<p>[\/et_pb_text][\/et_pb_column][et_pb_column type=\u00a0\u00bb1_2&Prime; _builder_version=\u00a0\u00bb4.17.4&Prime; _module_preset=\u00a0\u00bbdefault\u00a0\u00bb global_colors_info=\u00a0\u00bb{}\u00a0\u00bb][et_pb_text _builder_version=\u00a0\u00bb4.18.0&Prime; _module_preset=\u00a0\u00bbdefault\u00a0\u00bb global_colors_info=\u00a0\u00bb{}\u00a0\u00bb]<\/p>\n<p><strong>Le Parc National des C\u00e9vennes<\/strong> poss\u00e8de un riche patrimoine li\u00e9 \u00e0 la s\u00e9riciculture, \u00e0 l\u2019agro-pastoralisme c\u00f4toyant des espaces naturels dot\u00e9s d\u2019<strong>une riche biodiversit\u00e9<\/strong>. Notre domaine est situ\u00e9 dans le triangle Anduze, Saint Jean du Gard et Saint Hippolyte du Fort. Ce territoire offre de nombreuses activit\u00e9s de pleine nature et attractions, manifestations culturelles, gastronomiques, festivit\u00e9s estivales, \u2026<\/p>\n<p>[\/et_pb_text][et_pb_button button_url=\u00a0\u00bb@ET-DC@eyJkeW5hbWljIjp0cnVlLCJjb250ZW50IjoicG9zdF9saW5rX3VybF9wYWdlIiwic2V0dGluZ3MiOnsicG9zdF9pZCI6IjE1OCJ9fQ==@\u00a0\u00bb button_text=\u00a0\u00bbD\u00e9couvrir notre passion\u00a0\u00bb button_alignment=\u00a0\u00bbcenter\u00a0\u00bb _builder_version=\u00a0\u00bb4.17.4&Prime; _dynamic_attributes=\u00a0\u00bbbutton_url\u00a0\u00bb _module_preset=\u00a0\u00bbdefault\u00a0\u00bb custom_button=\u00a0\u00bbon\u00a0\u00bb button_border_width=\u00a0\u00bb1px\u00a0\u00bb button_use_icon=\u00a0\u00bboff\u00a0\u00bb global_colors_info=\u00a0\u00bb{}\u00a0\u00bb][\/et_pb_button][\/et_pb_column][\/et_pb_row][\/et_pb_section]<\/p>\n","protected":false},"excerpt":{"rendered":"<p>\u00a0Colognac, Gard \u00a02 g\u00eetes\u00a0 * * *\u00a0 1 \u00e0 14 personnes\u00a0 Troupeau de 8 lamas, visite de l\u2019\u00e9levage, randonn\u00e9es, baladesD\u00e9couvrez nos g\u00eetes, nos lamas en Sud C\u00e9vennes,au coeur de la nature\u00a0Colognac, Gard\u00a02 g\u00eetes * * *\u00a01 \u00e0 14 personnes Troupeau de 8 lamas, visite de l\u2019\u00e9levage, randonn\u00e9es, baladesNos g\u00eetes * * *Le M\u00fbrier\u00a0: jusqu&rsquo;\u00e0 4 [&hellip;]<\/p>\n","protected":false},"author":2,"featured_media":241,"parent":0,"menu_order":0,"comment_status":"closed","ping_status":"closed","template":"","meta":{"_et_pb_use_builder":"on","_et_pb_old_content":"","_et_gb_content_width":"","footnotes":""},"class_list":["post-125","page","type-page","status-publish","has-post-thumbnail","hentry"],"yoast_head":"<!-- This site is optimized with the Yoast SEO plugin v27.5 - https:\/\/yoast.com\/product\/yoast-seo-wordpress\/ -->\n<title>R\u00e9servez votre g\u00eete en sud C\u00e9vennes | Domaine de La Cl\u00e9dette<\/title>\n<meta name=\"description\" content=\"Le domaine de la Cl\u00e9dette vous accueille dans un cadre somptueux, au c\u0153ur des C\u00e9vennes. Location courte dur\u00e9e 1 \u00e0 14 personnes\" \/>\n<meta name=\"robots\" content=\"index, follow, max-snippet:-1, max-image-preview:large, max-video-preview:-1\" \/>\n<link rel=\"canonical\" href=\"https:\/\/domaine-de-la-cledette.com\/en\/\" \/>\n<meta property=\"og:locale\" content=\"en_GB\" \/>\n<meta property=\"og:type\" content=\"article\" \/>\n<meta property=\"og:title\" content=\"R\u00e9servez votre g\u00eete en sud C\u00e9vennes | Domaine de La Cl\u00e9dette\" \/>\n<meta property=\"og:description\" content=\"Le domaine de la Cl\u00e9dette vous accueille dans un cadre somptueux, au c\u0153ur des C\u00e9vennes. Location courte dur\u00e9e 1 \u00e0 14 personnes\" \/>\n<meta property=\"og:url\" content=\"https:\/\/domaine-de-la-cledette.com\/en\/\" \/>\n<meta property=\"og:site_name\" content=\"Domaine de La Cl\u00e9dette\" \/>\n<meta property=\"article:modified_time\" content=\"2024-04-05T07:57:04+00:00\" \/>\n<meta property=\"og:image\" content=\"https:\/\/domaine-de-la-cledette.com\/wp-content\/uploads\/2022\/06\/cledette-3.jpg\" \/>\n\t<meta property=\"og:image:width\" content=\"1887\" \/>\n\t<meta property=\"og:image:height\" content=\"1122\" \/>\n\t<meta property=\"og:image:type\" content=\"image\/jpeg\" \/>\n<meta name=\"twitter:card\" content=\"summary_large_image\" \/>\n<meta name=\"twitter:label1\" content=\"Estimated reading time\" \/>\n\t<meta name=\"twitter:data1\" content=\"7 minutes\" \/>\n<script type=\"application\/ld+json\" class=\"yoast-schema-graph\">{\"@context\":\"https:\\\/\\\/schema.org\",\"@graph\":[{\"@type\":\"WebPage\",\"@id\":\"https:\\\/\\\/domaine-de-la-cledette.com\\\/\",\"url\":\"https:\\\/\\\/domaine-de-la-cledette.com\\\/\",\"name\":\"R\u00e9servez votre g\u00eete en sud C\u00e9vennes | Domaine de La Cl\u00e9dette\",\"isPartOf\":{\"@id\":\"https:\\\/\\\/domaine-de-la-cledette.com\\\/#website\"},\"primaryImageOfPage\":{\"@id\":\"https:\\\/\\\/domaine-de-la-cledette.com\\\/#primaryimage\"},\"image\":{\"@id\":\"https:\\\/\\\/domaine-de-la-cledette.com\\\/#primaryimage\"},\"thumbnailUrl\":\"https:\\\/\\\/domaine-de-la-cledette.com\\\/wp-content\\\/uploads\\\/2022\\\/06\\\/cledette-3.jpg\",\"datePublished\":\"2022-06-17T09:58:16+00:00\",\"dateModified\":\"2024-04-05T07:57:04+00:00\",\"description\":\"Le domaine de la Cl\u00e9dette vous accueille dans un cadre somptueux, au c\u0153ur des C\u00e9vennes. Location courte dur\u00e9e 1 \u00e0 14 personnes\",\"breadcrumb\":{\"@id\":\"https:\\\/\\\/domaine-de-la-cledette.com\\\/#breadcrumb\"},\"inLanguage\":\"en-GB\",\"potentialAction\":[{\"@type\":\"ReadAction\",\"target\":[\"https:\\\/\\\/domaine-de-la-cledette.com\\\/\"]}]},{\"@type\":\"ImageObject\",\"inLanguage\":\"en-GB\",\"@id\":\"https:\\\/\\\/domaine-de-la-cledette.com\\\/#primaryimage\",\"url\":\"https:\\\/\\\/domaine-de-la-cledette.com\\\/wp-content\\\/uploads\\\/2022\\\/06\\\/cledette-3.jpg\",\"contentUrl\":\"https:\\\/\\\/domaine-de-la-cledette.com\\\/wp-content\\\/uploads\\\/2022\\\/06\\\/cledette-3.jpg\",\"width\":1887,\"height\":1122,\"caption\":\"Domaine de la Cl\u00e9dette - Location g\u00eetes C\u00e9vennes\"},{\"@type\":\"BreadcrumbList\",\"@id\":\"https:\\\/\\\/domaine-de-la-cledette.com\\\/#breadcrumb\",\"itemListElement\":[{\"@type\":\"ListItem\",\"position\":1,\"name\":\"Accueil\",\"item\":\"https:\\\/\\\/domaine-de-la-cledette.com\\\/\"},{\"@type\":\"ListItem\",\"position\":2,\"name\":\"Accueil\"}]},{\"@type\":\"WebSite\",\"@id\":\"https:\\\/\\\/domaine-de-la-cledette.com\\\/#website\",\"url\":\"https:\\\/\\\/domaine-de-la-cledette.com\\\/\",\"name\":\"Domaine de La Cl\u00e9dette\",\"description\":\"Domaine de La Cledette, g\u00eetes en sud C\u00e9vennes\",\"publisher\":{\"@id\":\"https:\\\/\\\/domaine-de-la-cledette.com\\\/#organization\"},\"potentialAction\":[{\"@type\":\"SearchAction\",\"target\":{\"@type\":\"EntryPoint\",\"urlTemplate\":\"https:\\\/\\\/domaine-de-la-cledette.com\\\/?s={search_term_string}\"},\"query-input\":{\"@type\":\"PropertyValueSpecification\",\"valueRequired\":true,\"valueName\":\"search_term_string\"}}],\"inLanguage\":\"en-GB\"},{\"@type\":\"Organization\",\"@id\":\"https:\\\/\\\/domaine-de-la-cledette.com\\\/#organization\",\"name\":\"Domaine de la Cl\u00e9dette\",\"url\":\"https:\\\/\\\/domaine-de-la-cledette.com\\\/\",\"logo\":{\"@type\":\"ImageObject\",\"inLanguage\":\"en-GB\",\"@id\":\"https:\\\/\\\/domaine-de-la-cledette.com\\\/#\\\/schema\\\/logo\\\/image\\\/\",\"url\":\"https:\\\/\\\/domaine-de-la-cledette.com\\\/wp-content\\\/uploads\\\/2022\\\/06\\\/Orange-baseline-1.png\",\"contentUrl\":\"https:\\\/\\\/domaine-de-la-cledette.com\\\/wp-content\\\/uploads\\\/2022\\\/06\\\/Orange-baseline-1.png\",\"width\":2291,\"height\":926,\"caption\":\"Domaine de la Cl\u00e9dette\"},\"image\":{\"@id\":\"https:\\\/\\\/domaine-de-la-cledette.com\\\/#\\\/schema\\\/logo\\\/image\\\/\"}}]}<\/script>\n<!-- \/ Yoast SEO plugin. -->","yoast_head_json":{"title":"R\u00e9servez votre g\u00eete en sud C\u00e9vennes | Domaine de La Cl\u00e9dette","description":"Le domaine de la Cl\u00e9dette vous accueille dans un cadre somptueux, au c\u0153ur des C\u00e9vennes. Location courte dur\u00e9e 1 \u00e0 14 personnes","robots":{"index":"index","follow":"follow","max-snippet":"max-snippet:-1","max-image-preview":"max-image-preview:large","max-video-preview":"max-video-preview:-1"},"canonical":"https:\/\/domaine-de-la-cledette.com\/en\/","og_locale":"en_GB","og_type":"article","og_title":"R\u00e9servez votre g\u00eete en sud C\u00e9vennes | Domaine de La Cl\u00e9dette","og_description":"Le domaine de la Cl\u00e9dette vous accueille dans un cadre somptueux, au c\u0153ur des C\u00e9vennes. Location courte dur\u00e9e 1 \u00e0 14 personnes","og_url":"https:\/\/domaine-de-la-cledette.com\/en\/","og_site_name":"Domaine de La Cl\u00e9dette","article_modified_time":"2024-04-05T07:57:04+00:00","og_image":[{"width":1887,"height":1122,"url":"https:\/\/domaine-de-la-cledette.com\/wp-content\/uploads\/2022\/06\/cledette-3.jpg","type":"image\/jpeg"}],"twitter_card":"summary_large_image","twitter_misc":{"Estimated reading time":"7 minutes"},"schema":{"@context":"https:\/\/schema.org","@graph":[{"@type":"WebPage","@id":"https:\/\/domaine-de-la-cledette.com\/","url":"https:\/\/domaine-de-la-cledette.com\/","name":"R\u00e9servez votre g\u00eete en sud C\u00e9vennes | Domaine de La Cl\u00e9dette","isPartOf":{"@id":"https:\/\/domaine-de-la-cledette.com\/#website"},"primaryImageOfPage":{"@id":"https:\/\/domaine-de-la-cledette.com\/#primaryimage"},"image":{"@id":"https:\/\/domaine-de-la-cledette.com\/#primaryimage"},"thumbnailUrl":"https:\/\/domaine-de-la-cledette.com\/wp-content\/uploads\/2022\/06\/cledette-3.jpg","datePublished":"2022-06-17T09:58:16+00:00","dateModified":"2024-04-05T07:57:04+00:00","description":"Le domaine de la Cl\u00e9dette vous accueille dans un cadre somptueux, au c\u0153ur des C\u00e9vennes. Location courte dur\u00e9e 1 \u00e0 14 personnes","breadcrumb":{"@id":"https:\/\/domaine-de-la-cledette.com\/#breadcrumb"},"inLanguage":"en-GB","potentialAction":[{"@type":"ReadAction","target":["https:\/\/domaine-de-la-cledette.com\/"]}]},{"@type":"ImageObject","inLanguage":"en-GB","@id":"https:\/\/domaine-de-la-cledette.com\/#primaryimage","url":"https:\/\/domaine-de-la-cledette.com\/wp-content\/uploads\/2022\/06\/cledette-3.jpg","contentUrl":"https:\/\/domaine-de-la-cledette.com\/wp-content\/uploads\/2022\/06\/cledette-3.jpg","width":1887,"height":1122,"caption":"Domaine de la Cl\u00e9dette - Location g\u00eetes C\u00e9vennes"},{"@type":"BreadcrumbList","@id":"https:\/\/domaine-de-la-cledette.com\/#breadcrumb","itemListElement":[{"@type":"ListItem","position":1,"name":"Accueil","item":"https:\/\/domaine-de-la-cledette.com\/"},{"@type":"ListItem","position":2,"name":"Accueil"}]},{"@type":"WebSite","@id":"https:\/\/domaine-de-la-cledette.com\/#website","url":"https:\/\/domaine-de-la-cledette.com\/","name":"Domaine de La Cl\u00e9dette","description":"Domaine de La Cledette, g\u00eetes en sud C\u00e9vennes","publisher":{"@id":"https:\/\/domaine-de-la-cledette.com\/#organization"},"potentialAction":[{"@type":"SearchAction","target":{"@type":"EntryPoint","urlTemplate":"https:\/\/domaine-de-la-cledette.com\/?s={search_term_string}"},"query-input":{"@type":"PropertyValueSpecification","valueRequired":true,"valueName":"search_term_string"}}],"inLanguage":"en-GB"},{"@type":"Organization","@id":"https:\/\/domaine-de-la-cledette.com\/#organization","name":"Domaine de la Cl\u00e9dette","url":"https:\/\/domaine-de-la-cledette.com\/","logo":{"@type":"ImageObject","inLanguage":"en-GB","@id":"https:\/\/domaine-de-la-cledette.com\/#\/schema\/logo\/image\/","url":"https:\/\/domaine-de-la-cledette.com\/wp-content\/uploads\/2022\/06\/Orange-baseline-1.png","contentUrl":"https:\/\/domaine-de-la-cledette.com\/wp-content\/uploads\/2022\/06\/Orange-baseline-1.png","width":2291,"height":926,"caption":"Domaine de la Cl\u00e9dette"},"image":{"@id":"https:\/\/domaine-de-la-cledette.com\/#\/schema\/logo\/image\/"}}]}},"_links":{"self":[{"href":"https:\/\/domaine-de-la-cledette.com\/en\/wp-json\/wp\/v2\/pages\/125","targetHints":{"allow":["GET"]}}],"collection":[{"href":"https:\/\/domaine-de-la-cledette.com\/en\/wp-json\/wp\/v2\/pages"}],"about":[{"href":"https:\/\/domaine-de-la-cledette.com\/en\/wp-json\/wp\/v2\/types\/page"}],"author":[{"embeddable":true,"href":"https:\/\/domaine-de-la-cledette.com\/en\/wp-json\/wp\/v2\/users\/2"}],"replies":[{"embeddable":true,"href":"https:\/\/domaine-de-la-cledette.com\/en\/wp-json\/wp\/v2\/comments?post=125"}],"version-history":[{"count":53,"href":"https:\/\/domaine-de-la-cledette.com\/en\/wp-json\/wp\/v2\/pages\/125\/revisions"}],"predecessor-version":[{"id":1045,"href":"https:\/\/domaine-de-la-cledette.com\/en\/wp-json\/wp\/v2\/pages\/125\/revisions\/1045"}],"wp:featuredmedia":[{"embeddable":true,"href":"https:\/\/domaine-de-la-cledette.com\/en\/wp-json\/wp\/v2\/media\/241"}],"wp:attachment":[{"href":"https:\/\/domaine-de-la-cledette.com\/en\/wp-json\/wp\/v2\/media?parent=125"}],"curies":[{"name":"wp","href":"https:\/\/api.w.org\/{rel}","templated":true}]}}