{"id":145,"date":"2022-06-28T10:00:18","date_gmt":"2022-06-28T09:00:18","guid":{"rendered":"https:\/\/domaine-de-la-cledette.com\/?page_id=145"},"modified":"2022-08-31T16:27:39","modified_gmt":"2022-08-31T15:27:39","slug":"reserver-un-gite","status":"publish","type":"page","link":"https:\/\/domaine-de-la-cledette.com\/en\/reserver-un-gite\/","title":{"rendered":"Book a cottage"},"content":{"rendered":"\n[et_pb_section fb_built=\u00a0\u00bb1&Prime; _builder_version=\u00a0\u00bb4.17.4&Prime; _module_preset=\u00a0\u00bbdefault\u00a0\u00bb background_image=\u00a0\u00bbhttps:\/\/domaine-de-la-cledette.com\/wp-content\/uploads\/2022\/06\/cledette-33-t-scaled.jpg\u00a0\u00bb global_colors_info=\u00a0\u00bb{}\u00a0\u00bb][et_pb_row _builder_version=\u00a0\u00bb4.17.4&Prime; _module_preset=\u00a0\u00bbdefault\u00a0\u00bb global_colors_info=\u00a0\u00bb{}\u00a0\u00bb][et_pb_column type=\u00a0\u00bb4_4&Prime; _builder_version=\u00a0\u00bb4.17.4&Prime; _module_preset=\u00a0\u00bbdefault\u00a0\u00bb global_colors_info=\u00a0\u00bb{}\u00a0\u00bb][et_pb_text _builder_version=\u00a0\u00bb4.17.4&Prime; _module_preset=\u00a0\u00bbdefault\u00a0\u00bb header_text_color=\u00a0\u00bb#FFFFFF\u00a0\u00bb header_font_size=\u00a0\u00bb70px\u00a0\u00bb global_colors_info=\u00a0\u00bb{}\u00a0\u00bb]<h1>R\u00e9servez votre g\u00eete en Sud C\u00e9vennes<\/h1>[\/et_pb_text][\/et_pb_column][\/et_pb_row][\/et_pb_section][et_pb_section fb_built=\u00a0\u00bb1&Prime; _builder_version=\u00a0\u00bb4.17.6&Prime; _module_preset=\u00a0\u00bbdefault\u00a0\u00bb custom_margin=\u00a0\u00bb50px||0px||false|false\u00a0\u00bb custom_margin_tablet=\u00a0\u00bb50px||0px||false|false\u00a0\u00bb custom_margin_phone=\u00a0\u00bb0px||0px||false|false\u00a0\u00bb custom_margin_last_edited=\u00a0\u00bbon|phone\u00a0\u00bb custom_padding=\u00a0\u00bb0px||0px||false|false\u00a0\u00bb global_colors_info=\u00a0\u00bb{}\u00a0\u00bb][et_pb_row column_structure=\u00a0\u00bb1_2,1_2&Prime; _builder_version=\u00a0\u00bb4.17.4&Prime; _module_preset=\u00a0\u00bbdefault\u00a0\u00bb global_colors_info=\u00a0\u00bb{}\u00a0\u00bb][et_pb_column type=\u00a0\u00bb1_2&Prime; _builder_version=\u00a0\u00bb4.17.4&Prime; _module_preset=\u00a0\u00bbdefault\u00a0\u00bb global_colors_info=\u00a0\u00bb{}\u00a0\u00bb][et_pb_image src=\u00a0\u00bbhttps:\/\/domaine-de-la-cledette.com\/wp-content\/uploads\/2022\/06\/cledette-109.jpg\u00a0\u00bb title_text=\u00a0\u00bbcledette-109&Prime; align_tablet=\u00a0\u00bb\u00a0\u00bb align_phone=\u00a0\u00bb\u00a0\u00bb align_last_edited=\u00a0\u00bbon|tablet\u00a0\u00bb disabled_on=\u00a0\u00bbon|on|off\u00a0\u00bb _builder_version=\u00a0\u00bb4.17.6&Prime; _module_preset=\u00a0\u00bbdefault\u00a0\u00bb border_radii=\u00a0\u00bbon|7px|7px|7px|7px\u00a0\u00bb global_colors_info=\u00a0\u00bb{}\u00a0\u00bb][\/et_pb_image][\/et_pb_column][et_pb_column type=\u00a0\u00bb1_2&Prime; _builder_version=\u00a0\u00bb4.17.4&Prime; _module_preset=\u00a0\u00bbdefault\u00a0\u00bb global_colors_info=\u00a0\u00bb{}\u00a0\u00bb][et_pb_text _builder_version=\u00a0\u00bb4.17.4&Prime; _module_preset=\u00a0\u00bbdefault\u00a0\u00bb header_2_font_size=\u00a0\u00bb60px\u00a0\u00bb header_text_align_tablet=\u00a0\u00bb\u00a0\u00bb header_text_align_phone=\u00a0\u00bbcenter\u00a0\u00bb header_text_align_last_edited=\u00a0\u00bbon|phone\u00a0\u00bb header_2_text_align_tablet=\u00a0\u00bb\u00a0\u00bb header_2_text_align_phone=\u00a0\u00bbcenter\u00a0\u00bb header_2_text_align_last_edited=\u00a0\u00bbon|phone\u00a0\u00bb global_colors_info=\u00a0\u00bb{}\u00a0\u00bb]<h2>Le M\u00fbrier * * *<\/h2>[\/et_pb_text][et_pb_image src=\u00a0\u00bbhttps:\/\/domaine-de-la-cledette.com\/wp-content\/uploads\/2022\/06\/cledette-115.jpg\u00a0\u00bb title_text=\u00a0\u00bbcledette-115&Prime; disabled_on=\u00a0\u00bboff|off|on\u00a0\u00bb _builder_version=\u00a0\u00bb4.17.6&Prime; _module_preset=\u00a0\u00bbdefault\u00a0\u00bb border_radii=\u00a0\u00bbon|7px|7px|7px|7px\u00a0\u00bb global_colors_info=\u00a0\u00bb{}\u00a0\u00bb][\/et_pb_image][et_pb_text _builder_version=\u00a0\u00bb4.17.6&Prime; _module_preset=\u00a0\u00bbdefault\u00a0\u00bb global_colors_info=\u00a0\u00bb{}\u00a0\u00bb]<ul>\n<li>jusqu&rsquo;\u00e0 4 personnes, 2 couchages :\u00a0 1 chambre avec 1 lit king size, 1 clic clac<\/li>\n<li>tr\u00e8s confortable et tr\u00e8s bien \u00e9quip\u00e9<\/li>\n<li>tr\u00e8s calme avec vaste parc tr\u00e8s arbor\u00e9<\/li>\n<li>2 nuits minimum (except\u00e9 juillet\/ao\u00fbt)<\/li>\n<li>tarifs\u00a0 :<br \/>mi-juillet \u00e0 mi-ao\u00fbt : 490\u20ac\/semaine<br \/>autre p\u00e9riode : 70\u20ac\/jour, 398\u20ac\/semaine<\/li>\n<\/ul>[\/et_pb_text][et_pb_button button_url=\u00a0\u00bb@ET-DC@eyJkeW5hbWljIjp0cnVlLCJjb250ZW50IjoicG9zdF9saW5rX3VybF9wYWdlIiwic2V0dGluZ3MiOnsicG9zdF9pZCI6IjE0OSJ9fQ==@\u00a0\u00bb button_text=\u00a0\u00bbD\u00e9couvrir le Murier\u00a0\u00bb button_alignment_tablet=\u00a0\u00bb\u00a0\u00bb button_alignment_phone=\u00a0\u00bbcenter\u00a0\u00bb button_alignment_last_edited=\u00a0\u00bbon|phone\u00a0\u00bb _builder_version=\u00a0\u00bb4.17.4&Prime; _dynamic_attributes=\u00a0\u00bbbutton_url\u00a0\u00bb _module_preset=\u00a0\u00bbdefault\u00a0\u00bb custom_button=\u00a0\u00bbon\u00a0\u00bb button_border_width=\u00a0\u00bb1px\u00a0\u00bb button_use_icon=\u00a0\u00bboff\u00a0\u00bb global_colors_info=\u00a0\u00bb{}\u00a0\u00bb][\/et_pb_button][\/et_pb_column][\/et_pb_row][\/et_pb_section][et_pb_section fb_built=\u00a0\u00bb1&Prime; _builder_version=\u00a0\u00bb4.17.6&Prime; _module_preset=\u00a0\u00bbdefault\u00a0\u00bb custom_margin_tablet=\u00a0\u00bb\u00a0\u00bb custom_margin_phone=\u00a0\u00bb0px||0px||false|false\u00a0\u00bb custom_margin_last_edited=\u00a0\u00bbon|phone\u00a0\u00bb custom_padding=\u00a0\u00bb0px||0px||false|false\u00a0\u00bb global_colors_info=\u00a0\u00bb{}\u00a0\u00bb][et_pb_row column_structure=\u00a0\u00bb1_2,1_2&Prime; _builder_version=\u00a0\u00bb4.17.4&Prime; _module_preset=\u00a0\u00bbdefault\u00a0\u00bb global_colors_info=\u00a0\u00bb{}\u00a0\u00bb][et_pb_column type=\u00a0\u00bb1_2&Prime; _builder_version=\u00a0\u00bb4.17.4&Prime; _module_preset=\u00a0\u00bbdefault\u00a0\u00bb global_colors_info=\u00a0\u00bb{}\u00a0\u00bb][et_pb_text _builder_version=\u00a0\u00bb4.17.6&Prime; _module_preset=\u00a0\u00bbdefault\u00a0\u00bb header_2_text_align=\u00a0\u00bbright\u00a0\u00bb header_2_font_size=\u00a0\u00bb60px\u00a0\u00bb header_2_text_align_tablet=\u00a0\u00bbleft\u00a0\u00bb header_2_text_align_phone=\u00a0\u00bbcenter\u00a0\u00bb header_2_text_align_last_edited=\u00a0\u00bbon|tablet\u00a0\u00bb global_colors_info=\u00a0\u00bb{}\u00a0\u00bb]<h2>Les Tilleuls * * *<\/h2>[\/et_pb_text][et_pb_image src=\u00a0\u00bbhttps:\/\/domaine-de-la-cledette.com\/wp-content\/uploads\/2022\/06\/cledette-76.jpg\u00a0\u00bb title_text=\u00a0\u00bbcledette-76&Prime; disabled_on=\u00a0\u00bboff|off|on\u00a0\u00bb _builder_version=\u00a0\u00bb4.17.6&Prime; _module_preset=\u00a0\u00bbdefault\u00a0\u00bb border_radii=\u00a0\u00bbon|7px|7px|7px|7px\u00a0\u00bb global_colors_info=\u00a0\u00bb{}\u00a0\u00bb][\/et_pb_image][et_pb_text _builder_version=\u00a0\u00bb4.17.6&Prime; _module_preset=\u00a0\u00bbdefault\u00a0\u00bb text_orientation_tablet=\u00a0\u00bbleft\u00a0\u00bb text_orientation_phone=\u00a0\u00bbleft\u00a0\u00bb text_orientation_last_edited=\u00a0\u00bbon|tablet\u00a0\u00bb global_colors_info=\u00a0\u00bb{}\u00a0\u00bb]<ul>\n<li>jusqu&rsquo;\u00e0 9 personnes, 6 couchages :\u00a0 3 chambres plus\u00a0 2 lits superpos\u00e9s<\/li>\n<li>tr\u00e8s spacieux, lumineux, charme de l\u2019ancien, tr\u00e8s bien \u00e9quip\u00e9<\/li>\n<li><span style=\"font-size: 14px;\">tr\u00e8s calme avec vaste parc tr\u00e8s arbor\u00e9<\/span><\/li>\n<li>2 nuits minimum (except\u00e9 juillet\/ao\u00fbt)<\/li>\n<li>tarifs\u00a0 :<br \/>mi-juillet \u00e0 mi-ao\u00fbt : 1295\u20ac\/semaine<br \/>autre p\u00e9riode : 185\u20ac\/jour, 998\u20ac\/semaine<\/li>\n<\/ul>[\/et_pb_text][et_pb_button button_url=\u00a0\u00bb@ET-DC@eyJkeW5hbWljIjp0cnVlLCJjb250ZW50IjoicG9zdF9saW5rX3VybF9wYWdlIiwic2V0dGluZ3MiOnsicG9zdF9pZCI6IjE1MSJ9fQ==@\u00a0\u00bb button_text=\u00a0\u00bbD\u00e9couvrir les Tilleuls\u00a0\u00bb button_alignment=\u00a0\u00bbright\u00a0\u00bb button_alignment_tablet=\u00a0\u00bbleft\u00a0\u00bb button_alignment_phone=\u00a0\u00bbcenter\u00a0\u00bb button_alignment_last_edited=\u00a0\u00bbon|tablet\u00a0\u00bb _builder_version=\u00a0\u00bb4.17.6&Prime; _dynamic_attributes=\u00a0\u00bbbutton_url\u00a0\u00bb _module_preset=\u00a0\u00bbdefault\u00a0\u00bb custom_button=\u00a0\u00bbon\u00a0\u00bb button_border_width=\u00a0\u00bb1px\u00a0\u00bb button_use_icon=\u00a0\u00bboff\u00a0\u00bb global_colors_info=\u00a0\u00bb{}\u00a0\u00bb][\/et_pb_button][\/et_pb_column][et_pb_column type=\u00a0\u00bb1_2&Prime; _builder_version=\u00a0\u00bb4.17.4&Prime; _module_preset=\u00a0\u00bbdefault\u00a0\u00bb global_colors_info=\u00a0\u00bb{}\u00a0\u00bb][et_pb_image src=\u00a0\u00bbhttps:\/\/domaine-de-la-cledette.com\/wp-content\/uploads\/2022\/06\/cledette-55.jpg\u00a0\u00bb title_text=\u00a0\u00bbcledette-55&Prime; disabled_on=\u00a0\u00bbon|on|off\u00a0\u00bb _builder_version=\u00a0\u00bb4.17.6&Prime; _module_preset=\u00a0\u00bbdefault\u00a0\u00bb border_radii=\u00a0\u00bbon|7px|7px|7px|7px\u00a0\u00bb global_colors_info=\u00a0\u00bb{}\u00a0\u00bb][\/et_pb_image][\/et_pb_column][\/et_pb_row][\/et_pb_section][et_pb_section fb_built=\u00a0\u00bb1&Prime; _builder_version=\u00a0\u00bb4.17.6&Prime; _module_preset=\u00a0\u00bbdefault\u00a0\u00bb custom_margin=\u00a0\u00bb35px||||false|false\u00a0\u00bb custom_margin_tablet=\u00a0\u00bb\u00a0\u00bb custom_margin_phone=\u00a0\u00bb0px||||false|false\u00a0\u00bb custom_margin_last_edited=\u00a0\u00bbon|desktop\u00a0\u00bb custom_padding=\u00a0\u00bb0px|0px|||false|false\u00a0\u00bb global_colors_info=\u00a0\u00bb{}\u00a0\u00bb][et_pb_row _builder_version=\u00a0\u00bb4.17.6&Prime; _module_preset=\u00a0\u00bbdefault\u00a0\u00bb background_color=\u00a0\u00bb#FFFFFF\u00a0\u00bb custom_padding=\u00a0\u00bb||0px||false|false\u00a0\u00bb border_radii=\u00a0\u00bbon|7px|7px|7px|7px\u00a0\u00bb box_shadow_style=\u00a0\u00bbpreset1&Prime; box_shadow_color=\u00a0\u00bb#C7D6CF\u00a0\u00bb locked=\u00a0\u00bboff\u00a0\u00bb global_colors_info=\u00a0\u00bb{}\u00a0\u00bb][et_pb_column type=\u00a0\u00bb4_4&Prime; _builder_version=\u00a0\u00bb4.17.4&Prime; _module_preset=\u00a0\u00bbdefault\u00a0\u00bb global_colors_info=\u00a0\u00bb{}\u00a0\u00bb][et_pb_text _builder_version=\u00a0\u00bb4.17.6&Prime; _module_preset=\u00a0\u00bbdefault\u00a0\u00bb text_text_color=\u00a0\u00bb#000000&Prime; header_2_text_align=\u00a0\u00bbcenter\u00a0\u00bb header_2_text_color=\u00a0\u00bb#000000&Prime; header_2_font_size=\u00a0\u00bb60px\u00a0\u00bb global_colors_info=\u00a0\u00bb{}\u00a0\u00bb]<h2>Murier &amp; Tilleuls * * *<\/h2>[\/et_pb_text][et_pb_text _builder_version=\u00a0\u00bb4.17.6&Prime; _module_preset=\u00a0\u00bbdefault\u00a0\u00bb text_text_color=\u00a0\u00bb#000000&Prime; text_orientation=\u00a0\u00bbcenter\u00a0\u00bb custom_padding=\u00a0\u00bb|100px||100px|false|true\u00a0\u00bb custom_padding_tablet=\u00a0\u00bb|100px||100px|false|true\u00a0\u00bb custom_padding_phone=\u00a0\u00bb|25px||25px|false|true\u00a0\u00bb custom_padding_last_edited=\u00a0\u00bbon|phone\u00a0\u00bb global_colors_info=\u00a0\u00bb{}\u00a0\u00bb]<p>Ensemble des 2 g\u00eetes jusqu&rsquo;\u00e0 14 personnes, 8 couchages,\u00a0 4 chambres, 2 lits superpos\u00e9s, un clic-clac, une banquette (possibilit\u00e9s de couchages suppl\u00e9mentaires sur demande)<br \/>id\u00e9al r\u00e9union de famille, regroupement entre amis, stage associatif, s\u00e9minaire, \u2026<br \/>totalit\u00e9 du domaine et du parc \u00e0 disposition, calme garanti<br \/>2 nuits minimum (except\u00e9 juillet\/ao\u00fbt)<br \/>tarifs : <br \/>mi-juillet \u00e0 mi-ao\u00fbt : 1785\u20ac\/semaine<br \/>autre p\u00e9riode : 255\u20ac\/jour, 1375\u20ac\/semaine<\/p>[\/et_pb_text][et_pb_button button_url=\u00a0\u00bb@ET-DC@eyJkeW5hbWljIjp0cnVlLCJjb250ZW50IjoicG9zdF9saW5rX3VybF9wYWdlIiwic2V0dGluZ3MiOnsicG9zdF9pZCI6IjE1MyJ9fQ==@\u00a0\u00bb button_text=\u00a0\u00bbVoir le gite\u00a0\u00bb button_alignment=\u00a0\u00bbcenter\u00a0\u00bb button_alignment_tablet=\u00a0\u00bbcenter\u00a0\u00bb button_alignment_phone=\u00a0\u00bbcenter\u00a0\u00bb button_alignment_last_edited=\u00a0\u00bbon|phone\u00a0\u00bb _builder_version=\u00a0\u00bb4.17.6&Prime; _dynamic_attributes=\u00a0\u00bbbutton_url\u00a0\u00bb _module_preset=\u00a0\u00bbdefault\u00a0\u00bb custom_button=\u00a0\u00bbon\u00a0\u00bb button_border_width=\u00a0\u00bb1px\u00a0\u00bb button_use_icon=\u00a0\u00bboff\u00a0\u00bb global_colors_info=\u00a0\u00bb{}\u00a0\u00bb][\/et_pb_button][et_pb_image src=\u00a0\u00bbhttps:\/\/domaine-de-la-cledette.com\/wp-content\/uploads\/2022\/06\/cledette-30.jpg\u00a0\u00bb alt=\u00a0\u00bbDomaine de la Cl\u00e9dette &#8211; Location g\u00eetes C\u00e9vennes\u00a0\u00bb title_text=\u00a0\u00bbcledette-30&Prime; _builder_version=\u00a0\u00bb4.17.4&Prime; _module_preset=\u00a0\u00bbdefault\u00a0\u00bb global_colors_info=\u00a0\u00bb{}\u00a0\u00bb][\/et_pb_image][\/et_pb_column][\/et_pb_row][\/et_pb_section][et_pb_section fb_built=\u00a0\u00bb1&Prime; _builder_version=\u00a0\u00bb4.17.6&Prime; _module_preset=\u00a0\u00bbdefault\u00a0\u00bb background_color=\u00a0\u00bb#BDD6D1&Prime; custom_margin_tablet=\u00a0\u00bb\u00a0\u00bb custom_margin_phone=\u00a0\u00bb0px||0px||false|false\u00a0\u00bb custom_margin_last_edited=\u00a0\u00bbon|phone\u00a0\u00bb custom_padding=\u00a0\u00bb0px||30px||false|false\u00a0\u00bb locked=\u00a0\u00bboff\u00a0\u00bb global_colors_info=\u00a0\u00bb{}\u00a0\u00bb][et_pb_row _builder_version=\u00a0\u00bb4.17.6&Prime; _module_preset=\u00a0\u00bbdefault\u00a0\u00bb custom_margin_tablet=\u00a0\u00bb\u00a0\u00bb custom_margin_phone=\u00a0\u00bb||0px||false|false\u00a0\u00bb custom_margin_last_edited=\u00a0\u00bbon|phone\u00a0\u00bb custom_padding=\u00a0\u00bb||0px||false|false\u00a0\u00bb global_colors_info=\u00a0\u00bb{}\u00a0\u00bb][et_pb_column type=\u00a0\u00bb4_4&Prime; _builder_version=\u00a0\u00bb4.17.4&Prime; _module_preset=\u00a0\u00bbdefault\u00a0\u00bb global_colors_info=\u00a0\u00bb{}\u00a0\u00bb][et_pb_text _builder_version=\u00a0\u00bb4.17.4&Prime; _module_preset=\u00a0\u00bbdefault\u00a0\u00bb header_2_text_align=\u00a0\u00bbcenter\u00a0\u00bb header_2_font_size=\u00a0\u00bb60px\u00a0\u00bb header_3_text_align=\u00a0\u00bbleft\u00a0\u00bb header_3_text_color=\u00a0\u00bb#FFFFFF\u00a0\u00bb header_3_font_size=\u00a0\u00bb50px\u00a0\u00bb custom_margin=\u00a0\u00bb||0px||false|false\u00a0\u00bb custom_padding=\u00a0\u00bb||0px||false|false\u00a0\u00bb global_colors_info=\u00a0\u00bb{}\u00a0\u00bb]<h3>Ils ont pass\u00e9 un bon s\u00e9jour&#8230;<\/h3>[\/et_pb_text][et_pb_text _builder_version=\u00a0\u00bb4.18.0&Prime; _module_preset=\u00a0\u00bbdefault\u00a0\u00bb hover_enabled=\u00a0\u00bb0&Prime; global_colors_info=\u00a0\u00bb{}\u00a0\u00bb sticky_enabled=\u00a0\u00bb0&Prime;]<div class=\"wp-gr rpi wpac\" data-id=\"881\" data-layout=\"slider\" data-exec=\"false\" data-options='{&quot;text_size&quot;:&quot;&quot;,&quot;trans&quot;:{&quot;read more&quot;:&quot;read more&quot;}}'><svg xmlns=\"http:\/\/www.w3.org\/2000\/svg\" style=\"display:none!important\"><symbol id=\"grw-tripadvisor\" viewBox=\"0 0 713.496 713.496\"><g><circle fill=\"#34E0A1\" cx=\"356.749\" cy=\"356.748\" r=\"356.748\"\/><path d=\"M577.095,287.152l43.049-46.836h-95.465c-47.792-32.646-105.51-51.659-167.931-51.659   c-62.342,0-119.899,19.054-167.612,51.659H93.432l43.049,46.836c-26.387,24.075-42.929,58.754-42.929,97.259   c0,72.665,58.914,131.578,131.579,131.578c34.519,0,65.968-13.313,89.446-35.077l42.172,45.919l42.172-45.879   c23.478,21.764,54.887,35.037,89.406,35.037c72.665,0,131.658-58.913,131.658-131.578   C620.024,345.866,603.483,311.188,577.095,287.152z M225.17,473.458c-49.188,0-89.047-39.859-89.047-89.047   s39.86-89.048,89.047-89.048c49.187,0,89.047,39.86,89.047,89.048S274.357,473.458,225.17,473.458z M356.788,381.82   c0-58.595-42.61-108.898-98.853-130.383c30.413-12.716,63.776-19.771,98.813-19.771s68.439,7.055,98.853,19.771   C399.399,272.962,356.788,323.226,356.788,381.82z M488.367,473.458c-49.188,0-89.048-39.859-89.048-89.047   s39.86-89.048,89.048-89.048s89.047,39.86,89.047,89.048S537.554,473.458,488.367,473.458z M488.367,337.694   c-25.79,0-46.677,20.887-46.677,46.677c0,25.789,20.887,46.676,46.677,46.676c25.789,0,46.676-20.887,46.676-46.676   C535.042,358.621,514.156,337.694,488.367,337.694z M271.846,384.411c0,25.789-20.887,46.676-46.676,46.676   s-46.676-20.887-46.676-46.676c0-25.79,20.887-46.677,46.676-46.677C250.959,337.694,271.846,358.621,271.846,384.411z\"\/><\/g><\/symbol><symbol id=\"grw-google\" viewBox=\"0 0 512 512\"><g fill=\"none\" fill-rule=\"evenodd\"><path d=\"M482.56 261.36c0-16.73-1.5-32.83-4.29-48.27H256v91.29h127.01c-5.47 29.5-22.1 54.49-47.09 71.23v59.21h76.27c44.63-41.09 70.37-101.59 70.37-173.46z\" fill=\"#4285f4\"\/><path d=\"M256 492c63.72 0 117.14-21.13 156.19-57.18l-76.27-59.21c-21.13 14.16-48.17 22.53-79.92 22.53-61.47 0-113.49-41.51-132.05-97.3H45.1v61.15c38.83 77.13 118.64 130.01 210.9 130.01z\" fill=\"#34a853\"\/><path d=\"M123.95 300.84c-4.72-14.16-7.4-29.29-7.4-44.84s2.68-30.68 7.4-44.84V150.01H45.1C29.12 181.87 20 217.92 20 256c0 38.08 9.12 74.13 25.1 105.99l78.85-61.15z\" fill=\"#fbbc05\"\/><path d=\"M256 113.86c34.65 0 65.76 11.91 90.22 35.29l67.69-67.69C373.03 43.39 319.61 20 256 20c-92.25 0-172.07 52.89-210.9 130.01l78.85 61.15c18.56-55.78 70.59-97.3 132.05-97.3z\" fill=\"#ea4335\"\/><path d=\"M20 20h472v472H20V20z\"\/><\/g><\/symbol><\/svg><div class=\"grw-row grw-row-m\" data-options='{\"speed\":\"4\",\"autoplay\":true,\"mousestop\":true,\"breakpoints\":\"\"}'><div class=\"grw-header\"><div class=\"grw-header-inner rpi-flx rpi-row12\"><div class=\"grw-img-wrap\"><img decoding=\"async\" class=\"grw-img\" src=\"https:\/\/lh3.googleusercontent.com\/places\/AKR5kUgMHtsxZMvIJ6TURtrXnrWTwvgY0aPaWB3laf4rFOiF9EFD7jIO1VsgQooh1YAmo421N0zs69KTHtxPGjkkKMfjA4jKoYYPfic=s1600-w300-h300\" loading=\"lazy\" alt=\"Domaine de la Cledette, Gites place picture\" width=\"50\" height=\"50\" onerror=\"if(this.src!='data:image\/gif;base64,R0lGODlhAQABAIAAAAAAAP\/\/\/yH5BAEAAAAALAAAAAABAAEAAAIBRAA7')this.src='data:image\/gif;base64,R0lGODlhAQABAIAAAAAAAP\/\/\/yH5BAEAAAAALAAAAAABAAEAAAIBRAA7';\" ><\/div><div class=\"rpi-flx rpi-col8\"><div class=\"wp-google-name\"><a href=\"https:\/\/maps.google.com\/?cid=10799460760338736161\" target=\"_blank\" rel=\"nofollow noopener\">Domaine de la Cledette, Gites<\/a><\/div><span class=\"rpi-stars\" style=\"--rating:4.6\">4.6<\/span><div class=\"wp-google-powered\">powered by <span><span style=\"color:#3c6df0!important\">G<\/span><span style=\"color:#d93025!important\">o<\/span><span style=\"color:#fb8e28!important\">o<\/span><span style=\"color:#3c6df0!important\">g<\/span><span style=\"color:#188038!important\">l<\/span><span style=\"color:#d93025!important\">e<\/span><\/span><\/div><\/div><\/div><\/div><div class=\"rpi-slides-root grw-content\"><div class=\"grw-content-inner\"><button class=\"rpi-ltgt rpi-lt grw-prev\" tabindex=\"0\"><\/button><div class=\"rpi-slides grw-reviews rpi-slides-bite\" data-count=\"5\" data-offset=\"5\"><div class=\"rpi-slide grw-review\"><div class=\"rpi-flx rpi-col12 grw-review-inner grw-backgnd\"><div class=\"rpi-flx rpi-row12-center\"><div class=\"grw-img-wrap\"><img decoding=\"async\" class=\"grw-img\" src=\"https:\/\/lh3.googleusercontent.com\/a-\/AFdZucoyuC8qdhmLd2cA0rcFNRRRBwNp8TauOTee83Ufmg=s128-c0x00000000-cc-rp-mo\" loading=\"lazy\" alt=\"Valerie Cayol profile picture\" width=\"50\" height=\"50\" onerror=\"if(this.src!='https:\/\/domaine-de-la-cledette.com\/wp-content\/plugins\/widget-google-reviews\/assets\/img\/guest.png')this.src='https:\/\/domaine-de-la-cledette.com\/wp-content\/plugins\/widget-google-reviews\/assets\/img\/guest.png';\" ><\/div><div class=\"rpi-flx rpi-col6\"><a href=\"https:\/\/www.google.com\/maps\/contrib\/114525436919247241171\/reviews\" class=\"wp-google-name\" target=\"_blank\" rel=\"nofollow noopener\">Valerie Cayol<\/a><div class=\"wp-google-time\" data-time=\"1661703004\">16:10 28 Aug 22<\/div><\/div><\/div><span class=\"rpi-stars\" style=\"--rating:5\"><\/span><div class=\"rpi-flx rpi-col4\"><div class=\"wp-google-feedback grw-scroll\" ><span class=\"wp-google-text\">Tr\u00e8s beau et tr\u00e8s agr\u00e9able g\u00eete. La vue sur la vall\u00e9e est magnifique. Le lieux est calme. On y acc\u00e8de par un chemin en for\u00eat. Les propri\u00e9taires sont tr\u00e8s accueillants et sympathiques. Ils connaissent bien la r\u00e9gion et sont de tr\u00e8s bon conseils pour les ballades. On a beaucoup aim\u00e9 rencontrer les lamas et les explications d\u00e9taill\u00e9es de la propri\u00e9taire qui \u00e9l\u00e8ve ces animaux \u00e9tonnants.<\/span><\/div><\/div><svg height=\"16\" width=\"16\" role=\"none\"><use href=\"#grw-google\"\/><\/svg><\/div><\/div><div class=\"rpi-slide grw-review\"><div class=\"rpi-flx rpi-col12 grw-review-inner grw-backgnd\"><div class=\"rpi-flx rpi-row12-center\"><div class=\"grw-img-wrap\"><img decoding=\"async\" class=\"grw-img\" src=\"https:\/\/lh3.googleusercontent.com\/a\/AItbvmmDkrjXrZjO656O21dWK6LK6SYYtcfHGTBUJG2S=s128-c0x00000000-cc-rp-mo\" loading=\"lazy\" alt=\"Pascale PAUMIER profile picture\" width=\"50\" height=\"50\" onerror=\"if(this.src!='https:\/\/domaine-de-la-cledette.com\/wp-content\/plugins\/widget-google-reviews\/assets\/img\/guest.png')this.src='https:\/\/domaine-de-la-cledette.com\/wp-content\/plugins\/widget-google-reviews\/assets\/img\/guest.png';\" ><\/div><div class=\"rpi-flx rpi-col6\"><a href=\"https:\/\/www.google.com\/maps\/contrib\/114516208252923146289\/reviews\" class=\"wp-google-name\" target=\"_blank\" rel=\"nofollow noopener\">Pascale PAUMIER<\/a><div class=\"wp-google-time\" data-time=\"1624664039\">23:33 25 Jun 21<\/div><\/div><\/div><span class=\"rpi-stars\" style=\"--rating:4\"><\/span><div class=\"rpi-flx rpi-col4\"><div class=\"wp-google-feedback grw-scroll\" ><span class=\"wp-google-text\">Tr\u00e8s bel endroit . Calme . Propice \u00e0 un s\u00e9jour reposant. Tr\u00e8s belles balades.<\/span><\/div><\/div><svg height=\"16\" width=\"16\" role=\"none\"><use href=\"#grw-google\"\/><\/svg><\/div><\/div><div class=\"rpi-slide grw-review\"><div class=\"rpi-flx rpi-col12 grw-review-inner grw-backgnd\"><div class=\"rpi-flx rpi-row12-center\"><div class=\"grw-img-wrap\"><img decoding=\"async\" class=\"grw-img\" src=\"https:\/\/lh3.googleusercontent.com\/a-\/AFdZucpwYd4deGj4xGJkI8P6dItP3uaiJBZv9zYTmgBvDQ=s128-c0x00000000-cc-rp-mo-ba5\" loading=\"lazy\" alt=\"Pascal profile picture\" width=\"50\" height=\"50\" onerror=\"if(this.src!='https:\/\/domaine-de-la-cledette.com\/wp-content\/plugins\/widget-google-reviews\/assets\/img\/guest.png')this.src='https:\/\/domaine-de-la-cledette.com\/wp-content\/plugins\/widget-google-reviews\/assets\/img\/guest.png';\" ><\/div><div class=\"rpi-flx rpi-col6\"><a href=\"https:\/\/www.google.com\/maps\/contrib\/102137773205113013133\/reviews\" class=\"wp-google-name\" target=\"_blank\" rel=\"nofollow noopener\">Pascal<\/a><div class=\"wp-google-time\" data-time=\"1574229932\">06:05 20 Nov 19<\/div><\/div><\/div><span class=\"rpi-stars\" style=\"--rating:4\"><\/span><div class=\"rpi-flx rpi-col4\"><div class=\"wp-google-feedback grw-scroll\" ><span class=\"wp-google-text\">Bien<\/span><\/div><\/div><svg height=\"16\" width=\"16\" role=\"none\"><use href=\"#grw-google\"\/><\/svg><\/div><\/div><div class=\"rpi-slide grw-review\"><div class=\"rpi-flx rpi-col12 grw-review-inner grw-backgnd\"><div class=\"rpi-flx rpi-row12-center\"><div class=\"grw-img-wrap\"><img decoding=\"async\" class=\"grw-img\" src=\"https:\/\/lh3.googleusercontent.com\/a-\/AFdZucoYTiGX5Hm_1Gh9696xS3U0euHc8EQXNSTTKXZuTA=s128-c0x00000000-cc-rp-mo-ba3\" loading=\"lazy\" alt=\"Gilles Ragaru profile picture\" width=\"50\" height=\"50\" onerror=\"if(this.src!='https:\/\/domaine-de-la-cledette.com\/wp-content\/plugins\/widget-google-reviews\/assets\/img\/guest.png')this.src='https:\/\/domaine-de-la-cledette.com\/wp-content\/plugins\/widget-google-reviews\/assets\/img\/guest.png';\" ><\/div><div class=\"rpi-flx rpi-col6\"><a href=\"https:\/\/www.google.com\/maps\/contrib\/101603236267179851856\/reviews\" class=\"wp-google-name\" target=\"_blank\" rel=\"nofollow noopener\">Gilles Ragaru<\/a><div class=\"wp-google-time\" data-time=\"1550259731\">19:42 15 Feb 19<\/div><\/div><\/div><span class=\"rpi-stars\" style=\"--rating:5\"><\/span><div class=\"rpi-flx rpi-col4\"><div class=\"wp-google-feedback grw-scroll\" ><span class=\"wp-google-text\">Superbe et ressour\u00e7ant<\/span><\/div><\/div><svg height=\"16\" width=\"16\" role=\"none\"><use href=\"#grw-google\"\/><\/svg><\/div><\/div><div class=\"rpi-slide grw-review\"><div class=\"rpi-flx rpi-col12 grw-review-inner grw-backgnd\"><div class=\"rpi-flx rpi-row12-center\"><div class=\"grw-img-wrap\"><img decoding=\"async\" class=\"grw-img\" src=\"https:\/\/lh3.googleusercontent.com\/a-\/AFdZucokqgu2tDKBNBE8AF6ChwfSlJp_P9T0OZMGDdpFzWM=s128-c0x00000000-cc-rp-mo-ba5\" loading=\"lazy\" alt=\"T Poussin profile picture\" width=\"50\" height=\"50\" onerror=\"if(this.src!='https:\/\/domaine-de-la-cledette.com\/wp-content\/plugins\/widget-google-reviews\/assets\/img\/guest.png')this.src='https:\/\/domaine-de-la-cledette.com\/wp-content\/plugins\/widget-google-reviews\/assets\/img\/guest.png';\" ><\/div><div class=\"rpi-flx rpi-col6\"><a href=\"https:\/\/www.google.com\/maps\/contrib\/104229659651897267376\/reviews\" class=\"wp-google-name\" target=\"_blank\" rel=\"nofollow noopener\">T Poussin<\/a><div class=\"wp-google-time\" data-time=\"1535839338\">22:02 01 Sep 18<\/div><\/div><\/div><span class=\"rpi-stars\" style=\"--rating:5\"><\/span><div class=\"rpi-flx rpi-col4\"><div class=\"wp-google-feedback grw-scroll\" ><span class=\"wp-google-text\">Magnifiques chambres d'h\u00f4tes tr\u00e8s confortables dans un cadre exceptionnel au milieu de la verdure des Cevennes. Tr\u00e8s tranquille. Excellent accueil et attentions d'Irena et Bernard les h\u00f4tes. \u00c0 recommander chaleureusement.<\/span><\/div><\/div><svg height=\"16\" width=\"16\" role=\"none\"><use href=\"#grw-google\"\/><\/svg><\/div><\/div><\/div><button class=\"rpi-ltgt rpi-gt grw-next\" tabindex=\"0\"><\/button><\/div><\/div><\/div><script>(function(p){if(!p)return;let w=p.offsetWidth,m=function(a,b){return Math.min(a,b)===a};p.querySelector('.grw-row').classList.replace('grw-row-m','grw-row-'+(m(w,510)?'xs':m(w,750)?'x':m(w,1100)?'s':m(w,1450)?'m':m(w,1800)?'l':'xl'))})(document.currentScript?.parentElement)<\/script><\/div>[\/et_pb_text][\/et_pb_column][\/et_pb_row][\/et_pb_section]\n","protected":false},"excerpt":{"rendered":"<p>R\u00e9servez votre g\u00eete en Sud C\u00e9vennesLe M\u00fbrier * * * jusqu&rsquo;\u00e0 4 personnes, 2 couchages :\u00a0 1 chambre avec 1 lit king size, 1 clic clac tr\u00e8s confortable et tr\u00e8s bien \u00e9quip\u00e9 tr\u00e8s calme avec vaste parc tr\u00e8s arbor\u00e9 2 nuits minimum (except\u00e9 juillet\/ao\u00fbt) tarifs\u00a0 :mi-juillet \u00e0 mi-ao\u00fbt : 490\u20ac\/semaineautre p\u00e9riode : 70\u20ac\/jour, 398\u20ac\/semaine Les [&hellip;]<\/p>\n","protected":false},"author":2,"featured_media":244,"parent":0,"menu_order":0,"comment_status":"closed","ping_status":"closed","template":"","meta":{"_et_pb_use_builder":"on","_et_pb_old_content":"<!-- wp:divi\/placeholder \/-->","_et_gb_content_width":"","footnotes":""},"class_list":["post-145","page","type-page","status-publish","has-post-thumbnail","hentry"],"yoast_head":"<!-- This site is optimized with the Yoast SEO plugin v27.5 - https:\/\/yoast.com\/product\/yoast-seo-wordpress\/ -->\n<title>R\u00e9servez votre g\u00eete dans les C\u00e9vennes - Domaine de La Cl\u00e9dette<\/title>\n<meta name=\"description\" content=\"D\u00e9couvrez nos 3 g\u00eetes qui se situent en Sud C\u00e9vennes. Id\u00e9al pour les groupes et familles qui veulent se retrouver en pleine nature, 1 \u00e0 14 personnes\" \/>\n<meta name=\"robots\" content=\"index, follow, max-snippet:-1, max-image-preview:large, max-video-preview:-1\" \/>\n<link rel=\"canonical\" href=\"https:\/\/domaine-de-la-cledette.com\/en\/reserver-un-gite\/\" \/>\n<meta property=\"og:locale\" content=\"en_GB\" \/>\n<meta property=\"og:type\" content=\"article\" \/>\n<meta property=\"og:title\" content=\"R\u00e9servez votre g\u00eete dans les C\u00e9vennes - Domaine de La Cl\u00e9dette\" \/>\n<meta property=\"og:description\" content=\"D\u00e9couvrez nos 3 g\u00eetes qui se situent en Sud C\u00e9vennes. Id\u00e9al pour les groupes et familles qui veulent se retrouver en pleine nature, 1 \u00e0 14 personnes\" \/>\n<meta property=\"og:url\" content=\"https:\/\/domaine-de-la-cledette.com\/en\/reserver-un-gite\/\" \/>\n<meta property=\"og:site_name\" content=\"Domaine de La Cl\u00e9dette\" \/>\n<meta property=\"article:modified_time\" content=\"2022-08-31T15:27:39+00:00\" \/>\n<meta property=\"og:image\" content=\"https:\/\/domaine-de-la-cledette.com\/wp-content\/uploads\/2022\/06\/cledette-6.jpg\" \/>\n\t<meta property=\"og:image:width\" content=\"1996\" \/>\n\t<meta property=\"og:image:height\" content=\"1159\" \/>\n\t<meta property=\"og:image:type\" content=\"image\/jpeg\" \/>\n<meta name=\"twitter:card\" content=\"summary_large_image\" \/>\n<meta name=\"twitter:label1\" content=\"Estimated reading time\" \/>\n\t<meta name=\"twitter:data1\" content=\"3 minutes\" \/>\n<script type=\"application\/ld+json\" class=\"yoast-schema-graph\">{\"@context\":\"https:\\\/\\\/schema.org\",\"@graph\":[{\"@type\":\"WebPage\",\"@id\":\"https:\\\/\\\/domaine-de-la-cledette.com\\\/reserver-un-gite\\\/\",\"url\":\"https:\\\/\\\/domaine-de-la-cledette.com\\\/reserver-un-gite\\\/\",\"name\":\"R\u00e9servez votre g\u00eete dans les C\u00e9vennes - Domaine de La Cl\u00e9dette\",\"isPartOf\":{\"@id\":\"https:\\\/\\\/domaine-de-la-cledette.com\\\/#website\"},\"primaryImageOfPage\":{\"@id\":\"https:\\\/\\\/domaine-de-la-cledette.com\\\/reserver-un-gite\\\/#primaryimage\"},\"image\":{\"@id\":\"https:\\\/\\\/domaine-de-la-cledette.com\\\/reserver-un-gite\\\/#primaryimage\"},\"thumbnailUrl\":\"https:\\\/\\\/domaine-de-la-cledette.com\\\/wp-content\\\/uploads\\\/2022\\\/06\\\/cledette-6.jpg\",\"datePublished\":\"2022-06-28T09:00:18+00:00\",\"dateModified\":\"2022-08-31T15:27:39+00:00\",\"description\":\"D\u00e9couvrez nos 3 g\u00eetes qui se situent en Sud C\u00e9vennes. Id\u00e9al pour les groupes et familles qui veulent se retrouver en pleine nature, 1 \u00e0 14 personnes\",\"breadcrumb\":{\"@id\":\"https:\\\/\\\/domaine-de-la-cledette.com\\\/reserver-un-gite\\\/#breadcrumb\"},\"inLanguage\":\"en-GB\",\"potentialAction\":[{\"@type\":\"ReadAction\",\"target\":[\"https:\\\/\\\/domaine-de-la-cledette.com\\\/reserver-un-gite\\\/\"]}]},{\"@type\":\"ImageObject\",\"inLanguage\":\"en-GB\",\"@id\":\"https:\\\/\\\/domaine-de-la-cledette.com\\\/reserver-un-gite\\\/#primaryimage\",\"url\":\"https:\\\/\\\/domaine-de-la-cledette.com\\\/wp-content\\\/uploads\\\/2022\\\/06\\\/cledette-6.jpg\",\"contentUrl\":\"https:\\\/\\\/domaine-de-la-cledette.com\\\/wp-content\\\/uploads\\\/2022\\\/06\\\/cledette-6.jpg\",\"width\":1996,\"height\":1159,\"caption\":\"Domaine de la Cl\u00e9dette - Location g\u00eetes C\u00e9vennes\"},{\"@type\":\"BreadcrumbList\",\"@id\":\"https:\\\/\\\/domaine-de-la-cledette.com\\\/reserver-un-gite\\\/#breadcrumb\",\"itemListElement\":[{\"@type\":\"ListItem\",\"position\":1,\"name\":\"Accueil\",\"item\":\"https:\\\/\\\/domaine-de-la-cledette.com\\\/\"},{\"@type\":\"ListItem\",\"position\":2,\"name\":\"R\u00e9server un gite\"}]},{\"@type\":\"WebSite\",\"@id\":\"https:\\\/\\\/domaine-de-la-cledette.com\\\/#website\",\"url\":\"https:\\\/\\\/domaine-de-la-cledette.com\\\/\",\"name\":\"Domaine de La Cl\u00e9dette\",\"description\":\"Domaine de La Cledette, g\u00eetes en sud C\u00e9vennes\",\"publisher\":{\"@id\":\"https:\\\/\\\/domaine-de-la-cledette.com\\\/#organization\"},\"potentialAction\":[{\"@type\":\"SearchAction\",\"target\":{\"@type\":\"EntryPoint\",\"urlTemplate\":\"https:\\\/\\\/domaine-de-la-cledette.com\\\/?s={search_term_string}\"},\"query-input\":{\"@type\":\"PropertyValueSpecification\",\"valueRequired\":true,\"valueName\":\"search_term_string\"}}],\"inLanguage\":\"en-GB\"},{\"@type\":\"Organization\",\"@id\":\"https:\\\/\\\/domaine-de-la-cledette.com\\\/#organization\",\"name\":\"Domaine de la Cl\u00e9dette\",\"url\":\"https:\\\/\\\/domaine-de-la-cledette.com\\\/\",\"logo\":{\"@type\":\"ImageObject\",\"inLanguage\":\"en-GB\",\"@id\":\"https:\\\/\\\/domaine-de-la-cledette.com\\\/#\\\/schema\\\/logo\\\/image\\\/\",\"url\":\"https:\\\/\\\/domaine-de-la-cledette.com\\\/wp-content\\\/uploads\\\/2022\\\/06\\\/Orange-baseline-1.png\",\"contentUrl\":\"https:\\\/\\\/domaine-de-la-cledette.com\\\/wp-content\\\/uploads\\\/2022\\\/06\\\/Orange-baseline-1.png\",\"width\":2291,\"height\":926,\"caption\":\"Domaine de la Cl\u00e9dette\"},\"image\":{\"@id\":\"https:\\\/\\\/domaine-de-la-cledette.com\\\/#\\\/schema\\\/logo\\\/image\\\/\"}}]}<\/script>\n<!-- \/ Yoast SEO plugin. -->","yoast_head_json":{"title":"R\u00e9servez votre g\u00eete dans les C\u00e9vennes - Domaine de La Cl\u00e9dette","description":"D\u00e9couvrez nos 3 g\u00eetes qui se situent en Sud C\u00e9vennes. Id\u00e9al pour les groupes et familles qui veulent se retrouver en pleine nature, 1 \u00e0 14 personnes","robots":{"index":"index","follow":"follow","max-snippet":"max-snippet:-1","max-image-preview":"max-image-preview:large","max-video-preview":"max-video-preview:-1"},"canonical":"https:\/\/domaine-de-la-cledette.com\/en\/reserver-un-gite\/","og_locale":"en_GB","og_type":"article","og_title":"R\u00e9servez votre g\u00eete dans les C\u00e9vennes - Domaine de La Cl\u00e9dette","og_description":"D\u00e9couvrez nos 3 g\u00eetes qui se situent en Sud C\u00e9vennes. Id\u00e9al pour les groupes et familles qui veulent se retrouver en pleine nature, 1 \u00e0 14 personnes","og_url":"https:\/\/domaine-de-la-cledette.com\/en\/reserver-un-gite\/","og_site_name":"Domaine de La Cl\u00e9dette","article_modified_time":"2022-08-31T15:27:39+00:00","og_image":[{"width":1996,"height":1159,"url":"https:\/\/domaine-de-la-cledette.com\/wp-content\/uploads\/2022\/06\/cledette-6.jpg","type":"image\/jpeg"}],"twitter_card":"summary_large_image","twitter_misc":{"Estimated reading time":"3 minutes"},"schema":{"@context":"https:\/\/schema.org","@graph":[{"@type":"WebPage","@id":"https:\/\/domaine-de-la-cledette.com\/reserver-un-gite\/","url":"https:\/\/domaine-de-la-cledette.com\/reserver-un-gite\/","name":"R\u00e9servez votre g\u00eete dans les C\u00e9vennes - Domaine de La Cl\u00e9dette","isPartOf":{"@id":"https:\/\/domaine-de-la-cledette.com\/#website"},"primaryImageOfPage":{"@id":"https:\/\/domaine-de-la-cledette.com\/reserver-un-gite\/#primaryimage"},"image":{"@id":"https:\/\/domaine-de-la-cledette.com\/reserver-un-gite\/#primaryimage"},"thumbnailUrl":"https:\/\/domaine-de-la-cledette.com\/wp-content\/uploads\/2022\/06\/cledette-6.jpg","datePublished":"2022-06-28T09:00:18+00:00","dateModified":"2022-08-31T15:27:39+00:00","description":"D\u00e9couvrez nos 3 g\u00eetes qui se situent en Sud C\u00e9vennes. Id\u00e9al pour les groupes et familles qui veulent se retrouver en pleine nature, 1 \u00e0 14 personnes","breadcrumb":{"@id":"https:\/\/domaine-de-la-cledette.com\/reserver-un-gite\/#breadcrumb"},"inLanguage":"en-GB","potentialAction":[{"@type":"ReadAction","target":["https:\/\/domaine-de-la-cledette.com\/reserver-un-gite\/"]}]},{"@type":"ImageObject","inLanguage":"en-GB","@id":"https:\/\/domaine-de-la-cledette.com\/reserver-un-gite\/#primaryimage","url":"https:\/\/domaine-de-la-cledette.com\/wp-content\/uploads\/2022\/06\/cledette-6.jpg","contentUrl":"https:\/\/domaine-de-la-cledette.com\/wp-content\/uploads\/2022\/06\/cledette-6.jpg","width":1996,"height":1159,"caption":"Domaine de la Cl\u00e9dette - Location g\u00eetes C\u00e9vennes"},{"@type":"BreadcrumbList","@id":"https:\/\/domaine-de-la-cledette.com\/reserver-un-gite\/#breadcrumb","itemListElement":[{"@type":"ListItem","position":1,"name":"Accueil","item":"https:\/\/domaine-de-la-cledette.com\/"},{"@type":"ListItem","position":2,"name":"R\u00e9server un gite"}]},{"@type":"WebSite","@id":"https:\/\/domaine-de-la-cledette.com\/#website","url":"https:\/\/domaine-de-la-cledette.com\/","name":"Domaine de La Cl\u00e9dette","description":"Domaine de La Cledette, g\u00eetes en sud C\u00e9vennes","publisher":{"@id":"https:\/\/domaine-de-la-cledette.com\/#organization"},"potentialAction":[{"@type":"SearchAction","target":{"@type":"EntryPoint","urlTemplate":"https:\/\/domaine-de-la-cledette.com\/?s={search_term_string}"},"query-input":{"@type":"PropertyValueSpecification","valueRequired":true,"valueName":"search_term_string"}}],"inLanguage":"en-GB"},{"@type":"Organization","@id":"https:\/\/domaine-de-la-cledette.com\/#organization","name":"Domaine de la Cl\u00e9dette","url":"https:\/\/domaine-de-la-cledette.com\/","logo":{"@type":"ImageObject","inLanguage":"en-GB","@id":"https:\/\/domaine-de-la-cledette.com\/#\/schema\/logo\/image\/","url":"https:\/\/domaine-de-la-cledette.com\/wp-content\/uploads\/2022\/06\/Orange-baseline-1.png","contentUrl":"https:\/\/domaine-de-la-cledette.com\/wp-content\/uploads\/2022\/06\/Orange-baseline-1.png","width":2291,"height":926,"caption":"Domaine de la Cl\u00e9dette"},"image":{"@id":"https:\/\/domaine-de-la-cledette.com\/#\/schema\/logo\/image\/"}}]}},"_links":{"self":[{"href":"https:\/\/domaine-de-la-cledette.com\/en\/wp-json\/wp\/v2\/pages\/145","targetHints":{"allow":["GET"]}}],"collection":[{"href":"https:\/\/domaine-de-la-cledette.com\/en\/wp-json\/wp\/v2\/pages"}],"about":[{"href":"https:\/\/domaine-de-la-cledette.com\/en\/wp-json\/wp\/v2\/types\/page"}],"author":[{"embeddable":true,"href":"https:\/\/domaine-de-la-cledette.com\/en\/wp-json\/wp\/v2\/users\/2"}],"replies":[{"embeddable":true,"href":"https:\/\/domaine-de-la-cledette.com\/en\/wp-json\/wp\/v2\/comments?post=145"}],"version-history":[{"count":32,"href":"https:\/\/domaine-de-la-cledette.com\/en\/wp-json\/wp\/v2\/pages\/145\/revisions"}],"predecessor-version":[{"id":908,"href":"https:\/\/domaine-de-la-cledette.com\/en\/wp-json\/wp\/v2\/pages\/145\/revisions\/908"}],"wp:featuredmedia":[{"embeddable":true,"href":"https:\/\/domaine-de-la-cledette.com\/en\/wp-json\/wp\/v2\/media\/244"}],"wp:attachment":[{"href":"https:\/\/domaine-de-la-cledette.com\/en\/wp-json\/wp\/v2\/media?parent=145"}],"curies":[{"name":"wp","href":"https:\/\/api.w.org\/{rel}","templated":true}]}}