{"id":149,"date":"2022-06-28T10:01:11","date_gmt":"2022-06-28T09:01:11","guid":{"rendered":"https:\/\/domaine-de-la-cledette.com\/?page_id=149"},"modified":"2025-08-10T10:57:03","modified_gmt":"2025-08-10T09:57:03","slug":"le-murier","status":"publish","type":"page","link":"https:\/\/domaine-de-la-cledette.com\/en\/reserver-un-gite\/le-murier\/","title":{"rendered":"Le Murier"},"content":{"rendered":"<p>[et_pb_section fb_built=\u00a0\u00bb1&Prime; _builder_version=\u00a0\u00bb4.17.4&Prime; _module_preset=\u00a0\u00bbdefault\u00a0\u00bb background_image=\u00a0\u00bbhttps:\/\/domaine-de-la-cledette.com\/wp-content\/uploads\/2022\/06\/cledette-103.jpg\u00a0\u00bb background_position=\u00a0\u00bbtop_center\u00a0\u00bb background_vertical_offset=\u00a0\u00bb60%\u00a0\u00bb global_colors_info=\u00a0\u00bb{}\u00a0\u00bb][et_pb_row _builder_version=\u00a0\u00bb4.17.4&Prime; _module_preset=\u00a0\u00bbdefault\u00a0\u00bb global_colors_info=\u00a0\u00bb{}\u00a0\u00bb][et_pb_column type=\u00a0\u00bb4_4&Prime; _builder_version=\u00a0\u00bb4.17.4&Prime; _module_preset=\u00a0\u00bbdefault\u00a0\u00bb global_colors_info=\u00a0\u00bb{}\u00a0\u00bb][et_pb_text _builder_version=\u00a0\u00bb4.17.4&Prime; _module_preset=\u00a0\u00bbdefault\u00a0\u00bb header_text_color=\u00a0\u00bb#FFFFFF\u00a0\u00bb header_font_size=\u00a0\u00bb75px\u00a0\u00bb global_colors_info=\u00a0\u00bb{}\u00a0\u00bb]<\/p>\n<h1>G\u00eete le Murier<\/h1>\n<p>[\/et_pb_text][\/et_pb_column][\/et_pb_row][\/et_pb_section][et_pb_section fb_built=\u00a0\u00bb1&Prime; _builder_version=\u00a0\u00bb4.17.6&Prime; _module_preset=\u00a0\u00bbdefault\u00a0\u00bb custom_margin=\u00a0\u00bb||0px||false|false\u00a0\u00bb custom_margin_tablet=\u00a0\u00bb||0px||false|false\u00a0\u00bb custom_margin_phone=\u00a0\u00bb0px||0px||false|false\u00a0\u00bb custom_margin_last_edited=\u00a0\u00bbon|phone\u00a0\u00bb custom_padding=\u00a0\u00bb0px||0px||false|false\u00a0\u00bb global_colors_info=\u00a0\u00bb{}\u00a0\u00bb][et_pb_row _builder_version=\u00a0\u00bb4.17.4&Prime; _module_preset=\u00a0\u00bbdefault\u00a0\u00bb custom_margin=\u00a0\u00bb||0px||false|false\u00a0\u00bb custom_padding=\u00a0\u00bb||0px||false|false\u00a0\u00bb global_colors_info=\u00a0\u00bb{}\u00a0\u00bb][et_pb_column type=\u00a0\u00bb4_4&Prime; _builder_version=\u00a0\u00bb4.17.4&Prime; _module_preset=\u00a0\u00bbdefault\u00a0\u00bb custom_padding=\u00a0\u00bb||0px||false|false\u00a0\u00bb global_colors_info=\u00a0\u00bb{}\u00a0\u00bb][et_pb_text _builder_version=\u00a0\u00bb4.17.6&Prime; _module_preset=\u00a0\u00bbdefault\u00a0\u00bb header_2_text_align=\u00a0\u00bbcenter\u00a0\u00bb header_2_font_size=\u00a0\u00bb50px\u00a0\u00bb global_colors_info=\u00a0\u00bb{}\u00a0\u00bb]<\/p>\n<h2>D\u00e9couvrez votre g\u00eete\u00a0 \u201cle M\u00fbrier\u201d\u00a0 * * *<\/h2>\n<p>[\/et_pb_text][\/et_pb_column][\/et_pb_row][\/et_pb_section][et_pb_section fb_built=\u00a0\u00bb1&Prime; _builder_version=\u00a0\u00bb4.17.6&Prime; _module_preset=\u00a0\u00bbdefault\u00a0\u00bb custom_margin=\u00a0\u00bb0px||0px||false|false\u00a0\u00bb custom_padding=\u00a0\u00bb0px||0px||false|false\u00a0\u00bb global_colors_info=\u00a0\u00bb{}\u00a0\u00bb][et_pb_row column_structure=\u00a0\u00bb1_2,1_2&Prime; _builder_version=\u00a0\u00bb4.17.4&Prime; _module_preset=\u00a0\u00bbdefault\u00a0\u00bb global_colors_info=\u00a0\u00bb{}\u00a0\u00bb][et_pb_column type=\u00a0\u00bb1_2&Prime; _builder_version=\u00a0\u00bb4.17.4&Prime; _module_preset=\u00a0\u00bbdefault\u00a0\u00bb global_colors_info=\u00a0\u00bb{}\u00a0\u00bb][et_pb_text _builder_version=\u00a0\u00bb4.18.0&Prime; _module_preset=\u00a0\u00bbdefault\u00a0\u00bb text_orientation=\u00a0\u00bbjustified\u00a0\u00bb global_colors_info=\u00a0\u00bb{}\u00a0\u00bb]<\/p>\n<p>D\u00e9cor\u00e9 avec soin, \u201cLe M\u00fbrier<span>\u201d<\/span>\u00a0d\u2019une capacit\u00e9 de <strong>2 \u00e0 4 personnes<\/strong>, est id\u00e9al <strong>en amoureux<\/strong>, en <strong>couple avec enfants<\/strong> (lit b\u00e9b\u00e9 \u00e0 disposition)\u00a0 ou <strong>entre amis<\/strong> (canap\u00e9 convertible dans la salle \u00e0 manger). Ce logement est \u00e9quip\u00e9 d\u2019un po\u00eale \u00e0 bois pour l\u2019intersaison et d\u2019un plancher chauffant et radiateur en hiver. A l\u2019\u00e9tage une <strong>chambre avec vue sur le jardin<\/strong> vous propose un grand lit double (160&#215;200), des espaces de rangement et une salle d\u2019eau avec WC.<\/p>\n<p>La cuisine est toute \u00e9quip\u00e9e.<\/p>\n<p><strong>Un vaste jardin<\/strong> devant le g\u00eete avec ses pelouses \u00e0\u00a0 l&rsquo;ombre des grands tilleuls agr\u00e9ment\u00e9 d\u2019un barbecue, de mobiliers de jardins (tables, chaises, transat, hamac) et de jeux vari\u00e9s (trampoline, ping-pong, baby-foot vous permet d\u2019appr\u00e9cier <strong>la tranquillit\u00e9<\/strong> de notre lieu.<\/p>\n<p>Nombreux \u00e9quipements pour rendre agr\u00e9able et sans soucis votre s\u00e9jour conf\u00e8re \u00e0 notre<strong> g\u00eete un classement 3 \u00e9toiles<\/strong>.<\/p>\n<p>[\/et_pb_text][\/et_pb_column][et_pb_column type=\u00a0\u00bb1_2&Prime; _builder_version=\u00a0\u00bb4.17.4&Prime; _module_preset=\u00a0\u00bbdefault\u00a0\u00bb global_colors_info=\u00a0\u00bb{}\u00a0\u00bb][et_pb_text _builder_version=\u00a0\u00bb4.18.0&Prime; _module_preset=\u00a0\u00bbdefault\u00a0\u00bb text_orientation=\u00a0\u00bbjustified\u00a0\u00bb global_colors_info=\u00a0\u00bb{}\u00a0\u00bb]<\/p>\n<p>Nous mettons \u00e9galement \u00e0 votre disposition une petite <strong>biblioth\u00e8que<\/strong>\/<strong>ludoth\u00e8que<\/strong> tr\u00e8s appr\u00e9ci\u00e9e, \u00e0 partag\u00e9e\u00a0 avec l&rsquo;autre g\u00eete mitoyen ainsi que des jeux d\u2019ext\u00e9rieurs.<\/p>\n<p>Pour les s\u00e9jours longs, nous pouvons mettre \u00e0 disposition une machine \u00e0 laver le linge accessible dans notre buanderie.<\/p>\n<p>Les espaces int\u00e9rieurs sont non fumeurs. Nous acceptons les animaux sous-conditions (\u00e0 discuter avec les h\u00f4tes de ces lieux).<\/p>\n<p>Activit\u00e9s de pleine nature et attractions : GR6\/GR63\/GR67\u00a0 \u00e0 15\u2019 \u00e0 pied.<\/p>\n<p>Commerces de proximit\u00e9 : village de Lasalle \u00e0 30\u2019 \u00e0 pied (5\u2019 en voiture).<\/p>\n<p>Le temps de votre s\u00e9jour vous disposez pleinement <strong>du g\u00eete <\/strong>et<strong> du jardin<\/strong> situ\u00e9 devant. Les 4 hectares du Domaine sont \u00e0 partager avec les lamas et les propri\u00e9taires qui habitent dans un espace mitoyen \u00e0 l\u2019arri\u00e8re.<\/p>\n<p>[\/et_pb_text][\/et_pb_column][\/et_pb_row][\/et_pb_section][et_pb_section fb_built=\u00a0\u00bb1&Prime; _builder_version=\u00a0\u00bb4.17.6&Prime; _module_preset=\u00a0\u00bbdefault\u00a0\u00bb background_color=\u00a0\u00bbRGBA(255,255,255,0)\u00a0\u00bb custom_margin=\u00a0\u00bb0px||0px||false|false\u00a0\u00bb custom_padding=\u00a0\u00bb0px||0px||false|false\u00a0\u00bb global_colors_info=\u00a0\u00bb{}\u00a0\u00bb][et_pb_row _builder_version=\u00a0\u00bb4.17.6&Prime; _module_preset=\u00a0\u00bbdefault\u00a0\u00bb custom_margin_tablet=\u00a0\u00bb\u00a0\u00bb custom_margin_phone=\u00a0\u00bb0px||0px||false|false\u00a0\u00bb custom_margin_last_edited=\u00a0\u00bbon|phone\u00a0\u00bb custom_padding=\u00a0\u00bb0px||||false|false\u00a0\u00bb global_colors_info=\u00a0\u00bb{}\u00a0\u00bb][et_pb_column type=\u00a0\u00bb4_4&Prime; _builder_version=\u00a0\u00bb4.17.4&Prime; _module_preset=\u00a0\u00bbdefault\u00a0\u00bb global_colors_info=\u00a0\u00bb{}\u00a0\u00bb][wdcl_image_carousel animation_speed=\u00a0\u00bb1000ms\u00a0\u00bb autoplay_speed=\u00a0\u00bb3000ms\u00a0\u00bb nav_pagi=\u00a0\u00bbnav_pagi\u00a0\u00bb arrow_width=\u00a0\u00bb35px\u00a0\u00bb arrow_color=\u00a0\u00bb#FFFFFF\u00a0\u00bb arrow_bg=\u00a0\u00bb#D89339&Prime; pagi_color=\u00a0\u00bbrgba(216,147,57,0.32)\u00a0\u00bb pagi_color_active=\u00a0\u00bb#D89339&Prime; arrow_height_tablet=\u00a0\u00bb35px\u00a0\u00bb arrow_height_phone=\u00a0\u00bb35px\u00a0\u00bb arrow_height_last_edited=\u00a0\u00bbon|phone\u00a0\u00bb arrow_pos_y_tablet=\u00a0\u00bb55%\u00a0\u00bb arrow_pos_y_phone=\u00a0\u00bb55%\u00a0\u00bb arrow_pos_y_last_edited=\u00a0\u00bbon|tablet\u00a0\u00bb _builder_version=\u00a0\u00bb4.17.6&Prime; _module_preset=\u00a0\u00bbdefault\u00a0\u00bb global_colors_info=\u00a0\u00bb{}\u00a0\u00bb][wdcl_image_carousel_child photo=\u00a0\u00bbhttps:\/\/domaine-de-la-cledette.com\/wp-content\/uploads\/2022\/06\/cledette-98.jpg\u00a0\u00bb _builder_version=\u00a0\u00bb4.17.4&Prime; _module_preset=\u00a0\u00bbdefault\u00a0\u00bb border_radii_item=\u00a0\u00bbon|7px|7px|7px|7px\u00a0\u00bb global_colors_info=\u00a0\u00bb{}\u00a0\u00bb][\/wdcl_image_carousel_child][wdcl_image_carousel_child photo=\u00a0\u00bbhttps:\/\/domaine-de-la-cledette.com\/wp-content\/uploads\/2022\/06\/cledette-102.jpg\u00a0\u00bb _builder_version=\u00a0\u00bb4.17.4&Prime; _module_preset=\u00a0\u00bbdefault\u00a0\u00bb border_radii_item=\u00a0\u00bbon|7px|7px|7px|7px\u00a0\u00bb global_colors_info=\u00a0\u00bb{}\u00a0\u00bb][\/wdcl_image_carousel_child][wdcl_image_carousel_child photo=\u00a0\u00bbhttps:\/\/domaine-de-la-cledette.com\/wp-content\/uploads\/2022\/06\/cledette-110.jpg\u00a0\u00bb _builder_version=\u00a0\u00bb4.17.4&Prime; _module_preset=\u00a0\u00bbdefault\u00a0\u00bb border_radii_item=\u00a0\u00bbon|7px|7px|7px|7px\u00a0\u00bb global_colors_info=\u00a0\u00bb{}\u00a0\u00bb][\/wdcl_image_carousel_child][wdcl_image_carousel_child photo=\u00a0\u00bbhttps:\/\/domaine-de-la-cledette.com\/wp-content\/uploads\/2022\/06\/cledette-113.jpg\u00a0\u00bb _builder_version=\u00a0\u00bb4.17.4&Prime; _module_preset=\u00a0\u00bbdefault\u00a0\u00bb border_radii_item=\u00a0\u00bbon|7px|7px|7px|7px\u00a0\u00bb global_colors_info=\u00a0\u00bb{}\u00a0\u00bb][\/wdcl_image_carousel_child][wdcl_image_carousel_child photo=\u00a0\u00bbhttps:\/\/domaine-de-la-cledette.com\/wp-content\/uploads\/2022\/06\/cledette-118.jpg\u00a0\u00bb _builder_version=\u00a0\u00bb4.17.4&Prime; _module_preset=\u00a0\u00bbdefault\u00a0\u00bb border_radii_item=\u00a0\u00bbon|7px|7px|7px|7px\u00a0\u00bb global_colors_info=\u00a0\u00bb{}\u00a0\u00bb][\/wdcl_image_carousel_child][\/wdcl_image_carousel][\/et_pb_column][\/et_pb_row][\/et_pb_section][et_pb_section fb_built=\u00a0\u00bb1&Prime; _builder_version=\u00a0\u00bb4.17.4&Prime; _module_preset=\u00a0\u00bbdefault\u00a0\u00bb global_colors_info=\u00a0\u00bb{}\u00a0\u00bb][et_pb_row column_structure=\u00a0\u00bb1_3,2_3&Prime; disabled_on=\u00a0\u00bboff|off|off\u00a0\u00bb _builder_version=\u00a0\u00bb4.18.0&Prime; _module_preset=\u00a0\u00bbdefault\u00a0\u00bb custom_margin_tablet=\u00a0\u00bb\u00a0\u00bb custom_margin_phone=\u00a0\u00bb||0px||false|false\u00a0\u00bb custom_margin_last_edited=\u00a0\u00bbon|phone\u00a0\u00bb custom_padding=\u00a0\u00bb||0px||false|false\u00a0\u00bb global_colors_info=\u00a0\u00bb{}\u00a0\u00bb][et_pb_column type=\u00a0\u00bb1_3&Prime; _builder_version=\u00a0\u00bb4.17.6&Prime; _module_preset=\u00a0\u00bbdefault\u00a0\u00bb custom_padding=\u00a0\u00bb30px||30px||true|false\u00a0\u00bb border_radii=\u00a0\u00bbon|7px|7px|7px|7px\u00a0\u00bb box_shadow_style=\u00a0\u00bbpreset1&Prime; box_shadow_color=\u00a0\u00bb#BDD6D1&Prime; global_colors_info=\u00a0\u00bb{}\u00a0\u00bb][et_pb_text _builder_version=\u00a0\u00bb4.18.0&Prime; _module_preset=\u00a0\u00bbdefault\u00a0\u00bb header_3_text_align=\u00a0\u00bbcenter\u00a0\u00bb header_3_font_size=\u00a0\u00bb40px\u00a0\u00bb global_colors_info=\u00a0\u00bb{}\u00a0\u00bb]<\/p>\n<h3>Tarifs \u201cle M\u00fbrier\u201d<\/h3>\n<p>[\/et_pb_text][et_pb_text _builder_version=\u00a0\u00bb4.19.4&Prime; _module_preset=\u00a0\u00bbdefault\u00a0\u00bb custom_padding=\u00a0\u00bb|50px||50px|true|true\u00a0\u00bb global_colors_info=\u00a0\u00bb{}\u00a0\u00bb]<\/p>\n<p><span style=\"text-decoration: underline;\">Juillet \u00e0 mi-septembre &amp; vacances No\u00ebl :<\/span><br \/>semaine, 560\u20ac<br \/><span>moins de 7 nuits, 80\u20ac\/nuit <\/span><span>avec :<\/span><br \/><span>\u2013 1 semaine mini de mi-juillet \u00e0 mi-ao\u00fbt &amp; vacances No\u00ebl<\/span><br \/><span>\u2013 4 nuits mini le reste du temps<\/span><\/p>\n<p><span style=\"text-decoration: underline;\">Autre p\u00e9riode\u00a0 :<\/span><br \/>semaine,\u00a0 476\u20ac<br \/>moins de 7 nuits, 80\u20ac\/nuit avec :<br \/>\u2013 4 nuits mini Ascension, vacances Printemps et Toussaint<br \/>\u2013 2 nuits mini le reste du temps<\/p>\n<p>M\u00e9nage : 40\u20ac<\/p>\n<p>Caution : 170\u20ac pour 7 nuits (sinon 30%)<\/p>\n<p>Arrhes : 110\u20ac\u00a0 pour 7 nuits (sinon 20%)<\/p>\n<p>Chauffage : 10\u20ac\/jour<\/p>\n<p>C<span>ompris dans le tarif : t<\/span>axe de s\u00e9jour, eau, \u00e9lectricit\u00e9, wifi<span>,\u00a0 linge de lit et de toilette\u00a0<\/span><\/p>\n<p>[\/et_pb_text][\/et_pb_column][et_pb_column type=\u00a0\u00bb2_3&Prime; _builder_version=\u00a0\u00bb4.17.6&Prime; _module_preset=\u00a0\u00bbdefault\u00a0\u00bb custom_padding=\u00a0\u00bb25px||25px||true|false\u00a0\u00bb custom_padding_tablet=\u00a0\u00bb25px||25px||true|false\u00a0\u00bb custom_padding_phone=\u00a0\u00bb0px||0px||true|false\u00a0\u00bb custom_padding_last_edited=\u00a0\u00bbon|phone\u00a0\u00bb global_colors_info=\u00a0\u00bb{}\u00a0\u00bb][et_pb_text _builder_version=\u00a0\u00bb4.17.6&Prime; _module_preset=\u00a0\u00bbdefault\u00a0\u00bb header_3_text_align=\u00a0\u00bbcenter\u00a0\u00bb header_3_font_size=\u00a0\u00bb40px\u00a0\u00bb custom_margin_tablet=\u00a0\u00bb\u00a0\u00bb custom_margin_phone=\u00a0\u00bb||0px||false|false\u00a0\u00bb custom_margin_last_edited=\u00a0\u00bbon|phone\u00a0\u00bb custom_padding=\u00a0\u00bb||||false|false\u00a0\u00bb global_colors_info=\u00a0\u00bb{}\u00a0\u00bb]<\/p>\n<h3>Ce g\u00eete \u201cle M\u00fbrier\u201d est-il fait pour moi ?<\/h3>\n<p>[\/et_pb_text][et_pb_text _builder_version=\u00a0\u00bb4.17.6&Prime; _module_preset=\u00a0\u00bbdefault\u00a0\u00bb custom_padding=\u00a0\u00bb|50px||50px|true|true\u00a0\u00bb global_colors_info=\u00a0\u00bb{}\u00a0\u00bb]<\/p>\n<ul>\n<li>g\u00eete class\u00e9 * * *\u00a0<\/li>\n<li>jusqu&rsquo;\u00e0 4 voyageurs, 1 chambre, 1 clic-clac,<\/li>\n<li>chambre \u00e0 l\u2019\u00e9tage avec lit double king size et nombreux rangements<\/li>\n<li>salle d\u2019eau ind\u00e9pendante avec WC \u00e0 l\u2019\u00e9tage<\/li>\n<li>linge de lit et de toilette fournis<\/li>\n<li>cuisine \u00e9quip\u00e9e : petit r\u00e9frig\u00e9rateur avec freezer, gazini\u00e8re, lave-vaisselle, micro-onde, grille-pain, cafeti\u00e8re, bouilloire, blender, plancha \u00e9lectrique\u2026<\/li>\n<li>salon\/ salle \u00e0 manger avec TV (par satellite) et lecteur de DVD<\/li>\n<li>po\u00eale \u00e0 bois (bois fourni)<\/li>\n<li>parc ombrag\u00e9 avec mobiliers, barbecue et jeux de jardin<\/li>\n<li>salle de biblioth\u00e8que\/ludoth\u00e8que\/point information partag\u00e9e<\/li>\n<li>parking non abrit\u00e9<\/li>\n<li>recharge voiture \u00e9lectrique sur prise domestique (point de recharge \u00e0 Lassale)<\/li>\n<li>gaz, eau, \u00e9lectricit\u00e9 et chauffage compris dans le tarif<\/li>\n<li>wifi gratuite<\/li>\n<li>non accessible aux personnes \u00e0 mobilit\u00e9 r\u00e9duite<\/li>\n<li>animaux accept\u00e9s<\/li>\n<li>paiement par ch\u00e8que, virement, Paypal ou ch\u00e8ques vacances<\/li>\n<\/ul>\n<p>[\/et_pb_text][\/et_pb_column][\/et_pb_row][\/et_pb_section][et_pb_section fb_built=\u00a0\u00bb1&Prime; _builder_version=\u00a0\u00bb4.17.4&Prime; _module_preset=\u00a0\u00bbdefault\u00a0\u00bb background_enable_color=\u00a0\u00bboff\u00a0\u00bb background_image=\u00a0\u00bbhttps:\/\/domaine-de-la-cledette.com\/wp-content\/uploads\/2022\/06\/cledette-118.jpg\u00a0\u00bb background_position=\u00a0\u00bbtop_center\u00a0\u00bb background_vertical_offset=\u00a0\u00bb55%\u00a0\u00bb custom_padding=\u00a0\u00bb85px||85px||true|false\u00a0\u00bb global_colors_info=\u00a0\u00bb{}\u00a0\u00bb][et_pb_row _builder_version=\u00a0\u00bb4.17.4&Prime; _module_preset=\u00a0\u00bbdefault\u00a0\u00bb global_colors_info=\u00a0\u00bb{}\u00a0\u00bb][et_pb_column type=\u00a0\u00bb4_4&Prime; _builder_version=\u00a0\u00bb4.17.4&Prime; _module_preset=\u00a0\u00bbdefault\u00a0\u00bb global_colors_info=\u00a0\u00bb{}\u00a0\u00bb][\/et_pb_column][\/et_pb_row][\/et_pb_section][et_pb_section fb_built=\u00a0\u00bb1&Prime; _builder_version=\u00a0\u00bb4.17.4&Prime; _module_preset=\u00a0\u00bbdefault\u00a0\u00bb custom_margin=\u00a0\u00bb||0px||false|false\u00a0\u00bb custom_padding=\u00a0\u00bb||0px||false|false\u00a0\u00bb global_colors_info=\u00a0\u00bb{}\u00a0\u00bb][et_pb_row _builder_version=\u00a0\u00bb4.17.4&Prime; _module_preset=\u00a0\u00bbdefault\u00a0\u00bb global_colors_info=\u00a0\u00bb{}\u00a0\u00bb][et_pb_column type=\u00a0\u00bb4_4&Prime; _builder_version=\u00a0\u00bb4.17.4&Prime; _module_preset=\u00a0\u00bbdefault\u00a0\u00bb global_colors_info=\u00a0\u00bb{}\u00a0\u00bb][et_pb_text _builder_version=\u00a0\u00bb4.17.4&Prime; _module_preset=\u00a0\u00bbdefault\u00a0\u00bb header_3_text_align=\u00a0\u00bbcenter\u00a0\u00bb header_3_font_size=\u00a0\u00bb40px\u00a0\u00bb global_colors_info=\u00a0\u00bb{}\u00a0\u00bb]<\/p>\n<h3>Calendrier des disponibilit\u00e9s<\/h3>\n<p>[\/et_pb_text][\/et_pb_column][\/et_pb_row][\/et_pb_section][et_pb_section fb_built=\u00a0\u00bb1&Prime; _builder_version=\u00a0\u00bb4.17.4&Prime; _module_preset=\u00a0\u00bbdefault\u00a0\u00bb custom_margin=\u00a0\u00bb0px||||false|false\u00a0\u00bb custom_padding=\u00a0\u00bb0px||||false|false\u00a0\u00bb global_colors_info=\u00a0\u00bb{}\u00a0\u00bb][et_pb_row _builder_version=\u00a0\u00bb4.17.6&Prime; _module_preset=\u00a0\u00bbdefault\u00a0\u00bb background_color=\u00a0\u00bbRGBA(255,255,255,0)\u00a0\u00bb custom_margin_tablet=\u00a0\u00bb0px||0px||true|false\u00a0\u00bb custom_margin_phone=\u00a0\u00bb0px||0px||false|false\u00a0\u00bb custom_margin_last_edited=\u00a0\u00bbon|tablet\u00a0\u00bb custom_padding=\u00a0\u00bb0px||0px||false|false\u00a0\u00bb border_radii=\u00a0\u00bbon|7px|7px|7px|7px\u00a0\u00bb box_shadow_style=\u00a0\u00bbpreset1&Prime; box_shadow_color=\u00a0\u00bb#BDD6D1&Prime; global_colors_info=\u00a0\u00bb{}\u00a0\u00bb][et_pb_column type=\u00a0\u00bb4_4&Prime; _builder_version=\u00a0\u00bb4.17.4&Prime; _module_preset=\u00a0\u00bbdefault\u00a0\u00bb global_colors_info=\u00a0\u00bb{}\u00a0\u00bb][et_pb_code disabled_on=\u00a0\u00bbon|on|on\u00a0\u00bb _builder_version=\u00a0\u00bb4.18.0&Prime; _module_preset=\u00a0\u00bbdefault\u00a0\u00bb text_orientation=\u00a0\u00bbcenter\u00a0\u00bb custom_margin=\u00a0\u00bb60px||60px||true|false\u00a0\u00bb custom_margin_tablet=\u00a0\u00bb5px|5px|5px|5px|true|true\u00a0\u00bb custom_margin_phone=\u00a0\u00bb0px|5px|0px|5px|true|true\u00a0\u00bb custom_margin_last_edited=\u00a0\u00bbon|tablet\u00a0\u00bb disabled=\u00a0\u00bbon\u00a0\u00bb global_colors_info=\u00a0\u00bb{}\u00a0\u00bb]<iframe loading=\"lazy\" src=\"https:\/\/calendar.google.com\/calendar\/embed?height=600&#038;wkst=2&#038;bgcolor=%23ffffff&#038;ctz=Europe%2FParis&#038;title=R%C3%A9servation%20Domaine%20de%20la%20Cl%C3%A9dette&#038;showTitle=0&#038;showNav=1&#038;showDate=1&#038;showPrint=0&#038;showTabs=0&#038;showCalendars=0&#038;showTz=0&#038;src=ZG9tYWluZS5sYWNsZWRldHRlQGdtYWlsLmNvbQ&#038;src=ZnIuZnJlbmNoI2hvbGlkYXlAZ3JvdXAudi5jYWxlbmRhci5nb29nbGUuY29t&#038;color=%234285F4&#038;color=%23009688\" style=\"border-width:0\" width=\"800\" height=\"600\" frameborder=\"0\" scrolling=\"no\"><\/iframe>[\/et_pb_code][et_pb_code disabled_on=\u00a0\u00bboff|off|off\u00a0\u00bb _builder_version=\u00a0\u00bb4.18.0&Prime; _module_preset=\u00a0\u00bbdefault\u00a0\u00bb custom_padding=\u00a0\u00bb60px||60px||true|false\u00a0\u00bb global_colors_info=\u00a0\u00bb{}\u00a0\u00bb][\/et_pb_code][\/et_pb_column][\/et_pb_row][\/et_pb_section][et_pb_section fb_built=\u00a0\u00bb1&Prime; _builder_version=\u00a0\u00bb4.17.4&Prime; _module_preset=\u00a0\u00bbdefault\u00a0\u00bb global_colors_info=\u00a0\u00bb{}\u00a0\u00bb][et_pb_row column_structure=\u00a0\u00bb2_3,1_3&Prime; _builder_version=\u00a0\u00bb4.17.6&Prime; _module_preset=\u00a0\u00bbdefault\u00a0\u00bb use_background_color_gradient=\u00a0\u00bbon\u00a0\u00bb background_color_gradient_direction=\u00a0\u00bb208deg\u00a0\u00bb background_color_gradient_stops=\u00a0\u00bb#9bb14f 0%|#bdd6d1 100%\u00a0\u00bb custom_margin_tablet=\u00a0\u00bb\u00a0\u00bb custom_margin_phone=\u00a0\u00bb0px||0px||true|false\u00a0\u00bb custom_margin_last_edited=\u00a0\u00bbon|tablet\u00a0\u00bb custom_padding=\u00a0\u00bb25px||||false|false\u00a0\u00bb border_radii=\u00a0\u00bbon|7px|7px|7px|7px\u00a0\u00bb global_colors_info=\u00a0\u00bb{}\u00a0\u00bb][et_pb_column type=\u00a0\u00bb2_3&Prime; _builder_version=\u00a0\u00bb4.17.4&Prime; _module_preset=\u00a0\u00bbdefault\u00a0\u00bb global_colors_info=\u00a0\u00bb{}\u00a0\u00bb][et_pb_text _builder_version=\u00a0\u00bb4.17.6&Prime; _module_preset=\u00a0\u00bbdefault\u00a0\u00bb header_text_align=\u00a0\u00bbcenter\u00a0\u00bb header_2_text_align=\u00a0\u00bbcenter\u00a0\u00bb header_2_text_color=\u00a0\u00bb#FFFFFF\u00a0\u00bb header_2_font_size=\u00a0\u00bb50px\u00a0\u00bb custom_margin_tablet=\u00a0\u00bb\u00a0\u00bb custom_margin_phone=\u00a0\u00bb0px||0px||false|false\u00a0\u00bb custom_margin_last_edited=\u00a0\u00bbon|phone\u00a0\u00bb custom_padding=\u00a0\u00bb0px||0px||false|false\u00a0\u00bb global_colors_info=\u00a0\u00bb{}\u00a0\u00bb]<\/p>\n<h2>R\u00e9servez maintenant le g\u00eete Murier<\/h2>\n<p>[\/et_pb_text][\/et_pb_column][et_pb_column type=\u00a0\u00bb1_3&Prime; _builder_version=\u00a0\u00bb4.17.4&Prime; _module_preset=\u00a0\u00bbdefault\u00a0\u00bb global_colors_info=\u00a0\u00bb{}\u00a0\u00bb][et_pb_button button_url=\u00a0\u00bbhttps:\/\/domaine-de-la-cledette.com\/nous-contacter#telpagecontact\u00a0\u00bb button_text=\u00a0\u00bbContactez-nous\u00a0\u00bb button_alignment=\u00a0\u00bbleft\u00a0\u00bb button_alignment_tablet=\u00a0\u00bbcenter\u00a0\u00bb button_alignment_phone=\u00a0\u00bbcenter\u00a0\u00bb button_alignment_last_edited=\u00a0\u00bbon|phone\u00a0\u00bb _builder_version=\u00a0\u00bb4.17.6&Prime; _module_preset=\u00a0\u00bbdefault\u00a0\u00bb custom_margin=\u00a0\u00bb13px||||false|false\u00a0\u00bb custom_margin_tablet=\u00a0\u00bb13px||||false|false\u00a0\u00bb custom_margin_phone=\u00a0\u00bb0px||0px||true|false\u00a0\u00bb custom_margin_last_edited=\u00a0\u00bbon|phone\u00a0\u00bb global_colors_info=\u00a0\u00bb{}\u00a0\u00bb][\/et_pb_button][\/et_pb_column][\/et_pb_row][\/et_pb_section][et_pb_section fb_built=\u00a0\u00bb1&Prime; _builder_version=\u00a0\u00bb4.17.4&Prime; _module_preset=\u00a0\u00bbdefault\u00a0\u00bb background_color=\u00a0\u00bbRGBA(255,255,255,0)\u00a0\u00bb global_colors_info=\u00a0\u00bb{}\u00a0\u00bb][et_pb_row use_custom_gutter=\u00a0\u00bbon\u00a0\u00bb gutter_width=\u00a0\u00bb1&Prime; _builder_version=\u00a0\u00bb4.17.4&Prime; _module_preset=\u00a0\u00bbdefault\u00a0\u00bb global_colors_info=\u00a0\u00bb{}\u00a0\u00bb][et_pb_column type=\u00a0\u00bb4_4&Prime; _builder_version=\u00a0\u00bb4.17.4&Prime; _module_preset=\u00a0\u00bbdefault\u00a0\u00bb global_colors_info=\u00a0\u00bb{}\u00a0\u00bb][et_pb_gallery gallery_ids=\u00a0\u00bb283,289,295,292,273,287,298,288,291,286,301,297&Prime; posts_number=\u00a0\u00bb12&Prime; show_title_and_caption=\u00a0\u00bboff\u00a0\u00bb show_pagination=\u00a0\u00bboff\u00a0\u00bb zoom_icon_color=\u00a0\u00bb#D89339&Prime; _builder_version=\u00a0\u00bb4.17.4&Prime; _module_preset=\u00a0\u00bbdefault\u00a0\u00bb custom_margin=\u00a0\u00bb0px|0px|0px|0px|true|true\u00a0\u00bb custom_padding=\u00a0\u00bb0px|0px|0px|0px|true|true\u00a0\u00bb border_width_all=\u00a0\u00bb3px\u00a0\u00bb border_color_all=\u00a0\u00bb#FFFFFF\u00a0\u00bb border_radii_image=\u00a0\u00bbon|7px|7px|7px|7px\u00a0\u00bb border_style_all_image=\u00a0\u00bbnone\u00a0\u00bb global_colors_info=\u00a0\u00bb{}\u00a0\u00bb][\/et_pb_gallery][\/et_pb_column][\/et_pb_row][\/et_pb_section]<\/p>\n","protected":false},"excerpt":{"rendered":"<p>G\u00eete le MurierD\u00e9couvrez votre g\u00eete\u00a0 \u201cle M\u00fbrier\u201d\u00a0 * * *D\u00e9cor\u00e9 avec soin, \u201cLe M\u00fbrier\u201d\u00a0d\u2019une capacit\u00e9 de 2 \u00e0 4 personnes, est id\u00e9al en amoureux, en couple avec enfants (lit b\u00e9b\u00e9 \u00e0 disposition)\u00a0 ou entre amis (canap\u00e9 convertible dans la salle \u00e0 manger). Ce logement est \u00e9quip\u00e9 d\u2019un po\u00eale \u00e0 bois pour l\u2019intersaison et d\u2019un plancher [&hellip;]<\/p>\n","protected":false},"author":2,"featured_media":287,"parent":145,"menu_order":0,"comment_status":"closed","ping_status":"closed","template":"","meta":{"_et_pb_use_builder":"on","_et_pb_old_content":"<!-- wp:divi\/placeholder \/-->","_et_gb_content_width":"","footnotes":""},"class_list":["post-149","page","type-page","status-publish","has-post-thumbnail","hentry"],"yoast_head":"<!-- This site is optimized with the Yoast SEO plugin v27.5 - https:\/\/yoast.com\/product\/yoast-seo-wordpress\/ -->\n<title>Location g\u00eete 2\/4 personnes en C\u00e9vennes | Domaine de La Cl\u00e9dette<\/title>\n<meta name=\"description\" content=\"Venez d\u00e9couvrir en petit comit\u00e9 le Domaine de la Cl\u00e9dette, situ\u00e9 dans le parc national des C\u00e9vennes. Location courte dur\u00e9e 1 \u00e0 4 personnes\" \/>\n<meta name=\"robots\" content=\"index, follow, max-snippet:-1, max-image-preview:large, max-video-preview:-1\" \/>\n<link rel=\"canonical\" href=\"https:\/\/domaine-de-la-cledette.com\/en\/reserver-un-gite\/le-murier\/\" \/>\n<meta property=\"og:locale\" content=\"en_GB\" \/>\n<meta property=\"og:type\" content=\"article\" \/>\n<meta property=\"og:title\" content=\"Location g\u00eete 2\/4 personnes en C\u00e9vennes | Domaine de La Cl\u00e9dette\" \/>\n<meta property=\"og:description\" content=\"Venez d\u00e9couvrir en petit comit\u00e9 le Domaine de la Cl\u00e9dette, situ\u00e9 dans le parc national des C\u00e9vennes. Location courte dur\u00e9e 1 \u00e0 4 personnes\" \/>\n<meta property=\"og:url\" content=\"https:\/\/domaine-de-la-cledette.com\/en\/reserver-un-gite\/le-murier\/\" \/>\n<meta property=\"og:site_name\" content=\"Domaine de La Cl\u00e9dette\" \/>\n<meta property=\"article:modified_time\" content=\"2025-08-10T09:57:03+00:00\" \/>\n<meta property=\"og:image\" content=\"https:\/\/domaine-de-la-cledette.com\/wp-content\/uploads\/2022\/06\/cledette-111.jpg\" \/>\n\t<meta property=\"og:image:width\" content=\"1584\" \/>\n\t<meta property=\"og:image:height\" content=\"1056\" \/>\n\t<meta property=\"og:image:type\" content=\"image\/jpeg\" \/>\n<meta name=\"twitter:card\" content=\"summary_large_image\" \/>\n<meta name=\"twitter:label1\" content=\"Estimated reading time\" \/>\n\t<meta name=\"twitter:data1\" content=\"5 minutes\" \/>\n<script type=\"application\/ld+json\" class=\"yoast-schema-graph\">{\"@context\":\"https:\\\/\\\/schema.org\",\"@graph\":[{\"@type\":\"WebPage\",\"@id\":\"https:\\\/\\\/domaine-de-la-cledette.com\\\/reserver-un-gite\\\/le-murier\\\/\",\"url\":\"https:\\\/\\\/domaine-de-la-cledette.com\\\/reserver-un-gite\\\/le-murier\\\/\",\"name\":\"Location g\u00eete 2\\\/4 personnes en C\u00e9vennes | Domaine de La Cl\u00e9dette\",\"isPartOf\":{\"@id\":\"https:\\\/\\\/domaine-de-la-cledette.com\\\/#website\"},\"primaryImageOfPage\":{\"@id\":\"https:\\\/\\\/domaine-de-la-cledette.com\\\/reserver-un-gite\\\/le-murier\\\/#primaryimage\"},\"image\":{\"@id\":\"https:\\\/\\\/domaine-de-la-cledette.com\\\/reserver-un-gite\\\/le-murier\\\/#primaryimage\"},\"thumbnailUrl\":\"https:\\\/\\\/domaine-de-la-cledette.com\\\/wp-content\\\/uploads\\\/2022\\\/06\\\/cledette-111.jpg\",\"datePublished\":\"2022-06-28T09:01:11+00:00\",\"dateModified\":\"2025-08-10T09:57:03+00:00\",\"description\":\"Venez d\u00e9couvrir en petit comit\u00e9 le Domaine de la Cl\u00e9dette, situ\u00e9 dans le parc national des C\u00e9vennes. Location courte dur\u00e9e 1 \u00e0 4 personnes\",\"breadcrumb\":{\"@id\":\"https:\\\/\\\/domaine-de-la-cledette.com\\\/reserver-un-gite\\\/le-murier\\\/#breadcrumb\"},\"inLanguage\":\"en-GB\",\"potentialAction\":[{\"@type\":\"ReadAction\",\"target\":[\"https:\\\/\\\/domaine-de-la-cledette.com\\\/reserver-un-gite\\\/le-murier\\\/\"]}]},{\"@type\":\"ImageObject\",\"inLanguage\":\"en-GB\",\"@id\":\"https:\\\/\\\/domaine-de-la-cledette.com\\\/reserver-un-gite\\\/le-murier\\\/#primaryimage\",\"url\":\"https:\\\/\\\/domaine-de-la-cledette.com\\\/wp-content\\\/uploads\\\/2022\\\/06\\\/cledette-111.jpg\",\"contentUrl\":\"https:\\\/\\\/domaine-de-la-cledette.com\\\/wp-content\\\/uploads\\\/2022\\\/06\\\/cledette-111.jpg\",\"width\":1584,\"height\":1056},{\"@type\":\"BreadcrumbList\",\"@id\":\"https:\\\/\\\/domaine-de-la-cledette.com\\\/reserver-un-gite\\\/le-murier\\\/#breadcrumb\",\"itemListElement\":[{\"@type\":\"ListItem\",\"position\":1,\"name\":\"Accueil\",\"item\":\"https:\\\/\\\/domaine-de-la-cledette.com\\\/\"},{\"@type\":\"ListItem\",\"position\":2,\"name\":\"R\u00e9server un gite\",\"item\":\"https:\\\/\\\/domaine-de-la-cledette.com\\\/reserver-un-gite\\\/\"},{\"@type\":\"ListItem\",\"position\":3,\"name\":\"Le Murier\"}]},{\"@type\":\"WebSite\",\"@id\":\"https:\\\/\\\/domaine-de-la-cledette.com\\\/#website\",\"url\":\"https:\\\/\\\/domaine-de-la-cledette.com\\\/\",\"name\":\"Domaine de La Cl\u00e9dette\",\"description\":\"Domaine de La Cledette, g\u00eetes en sud C\u00e9vennes\",\"publisher\":{\"@id\":\"https:\\\/\\\/domaine-de-la-cledette.com\\\/#organization\"},\"potentialAction\":[{\"@type\":\"SearchAction\",\"target\":{\"@type\":\"EntryPoint\",\"urlTemplate\":\"https:\\\/\\\/domaine-de-la-cledette.com\\\/?s={search_term_string}\"},\"query-input\":{\"@type\":\"PropertyValueSpecification\",\"valueRequired\":true,\"valueName\":\"search_term_string\"}}],\"inLanguage\":\"en-GB\"},{\"@type\":\"Organization\",\"@id\":\"https:\\\/\\\/domaine-de-la-cledette.com\\\/#organization\",\"name\":\"Domaine de la Cl\u00e9dette\",\"url\":\"https:\\\/\\\/domaine-de-la-cledette.com\\\/\",\"logo\":{\"@type\":\"ImageObject\",\"inLanguage\":\"en-GB\",\"@id\":\"https:\\\/\\\/domaine-de-la-cledette.com\\\/#\\\/schema\\\/logo\\\/image\\\/\",\"url\":\"https:\\\/\\\/domaine-de-la-cledette.com\\\/wp-content\\\/uploads\\\/2022\\\/06\\\/Orange-baseline-1.png\",\"contentUrl\":\"https:\\\/\\\/domaine-de-la-cledette.com\\\/wp-content\\\/uploads\\\/2022\\\/06\\\/Orange-baseline-1.png\",\"width\":2291,\"height\":926,\"caption\":\"Domaine de la Cl\u00e9dette\"},\"image\":{\"@id\":\"https:\\\/\\\/domaine-de-la-cledette.com\\\/#\\\/schema\\\/logo\\\/image\\\/\"}}]}<\/script>\n<!-- \/ Yoast SEO plugin. -->","yoast_head_json":{"title":"Location g\u00eete 2\/4 personnes en C\u00e9vennes | Domaine de La Cl\u00e9dette","description":"Venez d\u00e9couvrir en petit comit\u00e9 le Domaine de la Cl\u00e9dette, situ\u00e9 dans le parc national des C\u00e9vennes. Location courte dur\u00e9e 1 \u00e0 4 personnes","robots":{"index":"index","follow":"follow","max-snippet":"max-snippet:-1","max-image-preview":"max-image-preview:large","max-video-preview":"max-video-preview:-1"},"canonical":"https:\/\/domaine-de-la-cledette.com\/en\/reserver-un-gite\/le-murier\/","og_locale":"en_GB","og_type":"article","og_title":"Location g\u00eete 2\/4 personnes en C\u00e9vennes | Domaine de La Cl\u00e9dette","og_description":"Venez d\u00e9couvrir en petit comit\u00e9 le Domaine de la Cl\u00e9dette, situ\u00e9 dans le parc national des C\u00e9vennes. Location courte dur\u00e9e 1 \u00e0 4 personnes","og_url":"https:\/\/domaine-de-la-cledette.com\/en\/reserver-un-gite\/le-murier\/","og_site_name":"Domaine de La Cl\u00e9dette","article_modified_time":"2025-08-10T09:57:03+00:00","og_image":[{"width":1584,"height":1056,"url":"https:\/\/domaine-de-la-cledette.com\/wp-content\/uploads\/2022\/06\/cledette-111.jpg","type":"image\/jpeg"}],"twitter_card":"summary_large_image","twitter_misc":{"Estimated reading time":"5 minutes"},"schema":{"@context":"https:\/\/schema.org","@graph":[{"@type":"WebPage","@id":"https:\/\/domaine-de-la-cledette.com\/reserver-un-gite\/le-murier\/","url":"https:\/\/domaine-de-la-cledette.com\/reserver-un-gite\/le-murier\/","name":"Location g\u00eete 2\/4 personnes en C\u00e9vennes | Domaine de La Cl\u00e9dette","isPartOf":{"@id":"https:\/\/domaine-de-la-cledette.com\/#website"},"primaryImageOfPage":{"@id":"https:\/\/domaine-de-la-cledette.com\/reserver-un-gite\/le-murier\/#primaryimage"},"image":{"@id":"https:\/\/domaine-de-la-cledette.com\/reserver-un-gite\/le-murier\/#primaryimage"},"thumbnailUrl":"https:\/\/domaine-de-la-cledette.com\/wp-content\/uploads\/2022\/06\/cledette-111.jpg","datePublished":"2022-06-28T09:01:11+00:00","dateModified":"2025-08-10T09:57:03+00:00","description":"Venez d\u00e9couvrir en petit comit\u00e9 le Domaine de la Cl\u00e9dette, situ\u00e9 dans le parc national des C\u00e9vennes. Location courte dur\u00e9e 1 \u00e0 4 personnes","breadcrumb":{"@id":"https:\/\/domaine-de-la-cledette.com\/reserver-un-gite\/le-murier\/#breadcrumb"},"inLanguage":"en-GB","potentialAction":[{"@type":"ReadAction","target":["https:\/\/domaine-de-la-cledette.com\/reserver-un-gite\/le-murier\/"]}]},{"@type":"ImageObject","inLanguage":"en-GB","@id":"https:\/\/domaine-de-la-cledette.com\/reserver-un-gite\/le-murier\/#primaryimage","url":"https:\/\/domaine-de-la-cledette.com\/wp-content\/uploads\/2022\/06\/cledette-111.jpg","contentUrl":"https:\/\/domaine-de-la-cledette.com\/wp-content\/uploads\/2022\/06\/cledette-111.jpg","width":1584,"height":1056},{"@type":"BreadcrumbList","@id":"https:\/\/domaine-de-la-cledette.com\/reserver-un-gite\/le-murier\/#breadcrumb","itemListElement":[{"@type":"ListItem","position":1,"name":"Accueil","item":"https:\/\/domaine-de-la-cledette.com\/"},{"@type":"ListItem","position":2,"name":"R\u00e9server un gite","item":"https:\/\/domaine-de-la-cledette.com\/reserver-un-gite\/"},{"@type":"ListItem","position":3,"name":"Le Murier"}]},{"@type":"WebSite","@id":"https:\/\/domaine-de-la-cledette.com\/#website","url":"https:\/\/domaine-de-la-cledette.com\/","name":"Domaine de La Cl\u00e9dette","description":"Domaine de La Cledette, g\u00eetes en sud C\u00e9vennes","publisher":{"@id":"https:\/\/domaine-de-la-cledette.com\/#organization"},"potentialAction":[{"@type":"SearchAction","target":{"@type":"EntryPoint","urlTemplate":"https:\/\/domaine-de-la-cledette.com\/?s={search_term_string}"},"query-input":{"@type":"PropertyValueSpecification","valueRequired":true,"valueName":"search_term_string"}}],"inLanguage":"en-GB"},{"@type":"Organization","@id":"https:\/\/domaine-de-la-cledette.com\/#organization","name":"Domaine de la Cl\u00e9dette","url":"https:\/\/domaine-de-la-cledette.com\/","logo":{"@type":"ImageObject","inLanguage":"en-GB","@id":"https:\/\/domaine-de-la-cledette.com\/#\/schema\/logo\/image\/","url":"https:\/\/domaine-de-la-cledette.com\/wp-content\/uploads\/2022\/06\/Orange-baseline-1.png","contentUrl":"https:\/\/domaine-de-la-cledette.com\/wp-content\/uploads\/2022\/06\/Orange-baseline-1.png","width":2291,"height":926,"caption":"Domaine de la Cl\u00e9dette"},"image":{"@id":"https:\/\/domaine-de-la-cledette.com\/#\/schema\/logo\/image\/"}}]}},"_links":{"self":[{"href":"https:\/\/domaine-de-la-cledette.com\/en\/wp-json\/wp\/v2\/pages\/149","targetHints":{"allow":["GET"]}}],"collection":[{"href":"https:\/\/domaine-de-la-cledette.com\/en\/wp-json\/wp\/v2\/pages"}],"about":[{"href":"https:\/\/domaine-de-la-cledette.com\/en\/wp-json\/wp\/v2\/types\/page"}],"author":[{"embeddable":true,"href":"https:\/\/domaine-de-la-cledette.com\/en\/wp-json\/wp\/v2\/users\/2"}],"replies":[{"embeddable":true,"href":"https:\/\/domaine-de-la-cledette.com\/en\/wp-json\/wp\/v2\/comments?post=149"}],"version-history":[{"count":66,"href":"https:\/\/domaine-de-la-cledette.com\/en\/wp-json\/wp\/v2\/pages\/149\/revisions"}],"predecessor-version":[{"id":1089,"href":"https:\/\/domaine-de-la-cledette.com\/en\/wp-json\/wp\/v2\/pages\/149\/revisions\/1089"}],"up":[{"embeddable":true,"href":"https:\/\/domaine-de-la-cledette.com\/en\/wp-json\/wp\/v2\/pages\/145"}],"wp:featuredmedia":[{"embeddable":true,"href":"https:\/\/domaine-de-la-cledette.com\/en\/wp-json\/wp\/v2\/media\/287"}],"wp:attachment":[{"href":"https:\/\/domaine-de-la-cledette.com\/en\/wp-json\/wp\/v2\/media?parent=149"}],"curies":[{"name":"wp","href":"https:\/\/api.w.org\/{rel}","templated":true}]}}