{"id":158,"date":"2022-06-28T10:02:28","date_gmt":"2022-06-28T09:02:28","guid":{"rendered":"https:\/\/domaine-de-la-cledette.com\/?page_id=158"},"modified":"2022-09-29T10:20:40","modified_gmt":"2022-09-29T09:20:40","slug":"notre-histoire","status":"publish","type":"page","link":"https:\/\/domaine-de-la-cledette.com\/en\/notre-histoire\/","title":{"rendered":"Our history"},"content":{"rendered":"<p>[et_pb_section fb_built=\u00a0\u00bb1&Prime; _builder_version=\u00a0\u00bb4.17.4&Prime; _module_preset=\u00a0\u00bbdefault\u00a0\u00bb background_image=\u00a0\u00bbhttps:\/\/domaine-de-la-cledette.com\/wp-content\/uploads\/2022\/06\/cledette-22.jpg\u00a0\u00bb background_position=\u00a0\u00bbtop_center\u00a0\u00bb background_vertical_offset=\u00a0\u00bb61%\u00a0\u00bb global_colors_info=\u00a0\u00bb{}\u00a0\u00bb][et_pb_row _builder_version=\u00a0\u00bb4.17.4&Prime; _module_preset=\u00a0\u00bbdefault\u00a0\u00bb global_colors_info=\u00a0\u00bb{}\u00a0\u00bb][et_pb_column type=\u00a0\u00bb4_4&Prime; _builder_version=\u00a0\u00bb4.17.4&Prime; _module_preset=\u00a0\u00bbdefault\u00a0\u00bb global_colors_info=\u00a0\u00bb{}\u00a0\u00bb][et_pb_text _builder_version=\u00a0\u00bb4.17.4&Prime; _module_preset=\u00a0\u00bbdefault\u00a0\u00bb header_text_color=\u00a0\u00bb#FFFFFF\u00a0\u00bb header_font_size=\u00a0\u00bb75px\u00a0\u00bb global_colors_info=\u00a0\u00bb{}\u00a0\u00bb]<\/p>\n<h1>Notre histoire et notre passion<\/h1>\n<p>[\/et_pb_text][\/et_pb_column][\/et_pb_row][\/et_pb_section][et_pb_section fb_built=\u00a0\u00bb1&Prime; _builder_version=\u00a0\u00bb4.17.4&Prime; _module_preset=\u00a0\u00bbdefault\u00a0\u00bb custom_margin=\u00a0\u00bb||0px||false|false\u00a0\u00bb custom_padding=\u00a0\u00bb||0px||false|false\u00a0\u00bb global_colors_info=\u00a0\u00bb{}\u00a0\u00bb][et_pb_row _builder_version=\u00a0\u00bb4.17.6&Prime; _module_preset=\u00a0\u00bbdefault\u00a0\u00bb custom_margin=\u00a0\u00bb||||false|false\u00a0\u00bb custom_margin_tablet=\u00a0\u00bb||0px||false|false\u00a0\u00bb custom_margin_phone=\u00a0\u00bb||0px||false|false\u00a0\u00bb custom_margin_last_edited=\u00a0\u00bbon|tablet\u00a0\u00bb custom_padding=\u00a0\u00bb||0px||false|false\u00a0\u00bb global_colors_info=\u00a0\u00bb{}\u00a0\u00bb][et_pb_column type=\u00a0\u00bb4_4&Prime; _builder_version=\u00a0\u00bb4.17.4&Prime; _module_preset=\u00a0\u00bbdefault\u00a0\u00bb global_colors_info=\u00a0\u00bb{}\u00a0\u00bb][et_pb_text _builder_version=\u00a0\u00bb4.17.6&Prime; _module_preset=\u00a0\u00bbdefault\u00a0\u00bb header_2_font_size=\u00a0\u00bb60px\u00a0\u00bb global_colors_info=\u00a0\u00bb{}\u00a0\u00bb]<\/p>\n<h2>La Cl\u00e9dette : une histoire, un coup de c\u0153ur !<\/h2>\n<p>[\/et_pb_text][\/et_pb_column][\/et_pb_row][\/et_pb_section][et_pb_section fb_built=\u00a0\u00bb1&Prime; _builder_version=\u00a0\u00bb4.17.4&Prime; _module_preset=\u00a0\u00bbdefault\u00a0\u00bb custom_margin=\u00a0\u00bb0px||||false|false\u00a0\u00bb custom_padding=\u00a0\u00bb0px||||false|false\u00a0\u00bb global_colors_info=\u00a0\u00bb{}\u00a0\u00bb][et_pb_row column_structure=\u00a0\u00bb1_2,1_2&Prime; _builder_version=\u00a0\u00bb4.17.4&Prime; _module_preset=\u00a0\u00bbdefault\u00a0\u00bb global_colors_info=\u00a0\u00bb{}\u00a0\u00bb][et_pb_column type=\u00a0\u00bb1_2&Prime; _builder_version=\u00a0\u00bb4.17.4&Prime; _module_preset=\u00a0\u00bbdefault\u00a0\u00bb global_colors_info=\u00a0\u00bb{}\u00a0\u00bb][et_pb_text _builder_version=\u00a0\u00bb4.18.0&Prime; _module_preset=\u00a0\u00bbdefault\u00a0\u00bb hover_enabled=\u00a0\u00bb0&Prime; global_colors_info=\u00a0\u00bb{}\u00a0\u00bb sticky_enabled=\u00a0\u00bb0&Prime;]<\/p>\n<p>Le Domaine de La Cl\u00e9dette a une histoire li\u00e9e \u00e0 l\u2019essor d\u2019une bourgeoisie commer\u00e7ante et industrielle de la vall\u00e9e du Salendrinque. Son origine remonte au d\u00e9but du 19\u00e8 si\u00e8cle avec <strong>une b\u00e2tisse<\/strong> transform\u00e9e en une modeste gentilhommi\u00e8re (<strong>coquette maison de plaisance \u00e0 la campagne<\/strong>) sur un vaste domaine.<\/p>\n<p>Morcel\u00e9 au fil du temps, le Domaine de la Cl\u00e9dette est aujourd\u2019hui une <strong>vaste b\u00e2tisse<\/strong>, constitu\u00e9e d\u2019une habitation, de <strong>2 g\u00eetes<\/strong> attenants\u00a0 et d\u2019une cl\u00e8de, entour\u00e9e de quatre hectares de terres, pr\u00e9s, bois et ch\u00e2taigneraies entretenus par un troupeau de lamas.<\/p>\n<p>L\u2019<strong>accueil en g\u00eete<\/strong> au Domaine de la Cl\u00e9dette est une histoire d\u00e9but\u00e9e dans les ann\u00e9es 2000 par les propri\u00e9taires pr\u00e9c\u00e9dents qui ont <strong>restaur\u00e9 et r\u00e9am\u00e9nag\u00e9 la b\u00e2tisse<\/strong> avec soin.<\/p>\n<p>[\/et_pb_text][\/et_pb_column][et_pb_column type=\u00a0\u00bb1_2&Prime; _builder_version=\u00a0\u00bb4.17.4&Prime; _module_preset=\u00a0\u00bbdefault\u00a0\u00bb global_colors_info=\u00a0\u00bb{}\u00a0\u00bb][et_pb_text _builder_version=\u00a0\u00bb4.18.0&Prime; _module_preset=\u00a0\u00bbdefault\u00a0\u00bb hover_enabled=\u00a0\u00bb0&Prime; global_colors_info=\u00a0\u00bb{}\u00a0\u00bb sticky_enabled=\u00a0\u00bb0&Prime;]<\/p>\n<p>Tomb\u00e9s sous le charme, nous (Sylvie et Fred) en avons fait l\u2019acquisition en 2022 avec la pr\u00e9tention de poursuivre leur travail tout en y apportant notre touche personnelle grandissante.<br \/>Nous trouvons en <strong>Sud C\u00e9vennes<\/strong>, terres encore semi-sauvages, terres marqu\u00e9es par le labeur des hommes, la qui\u00e9tude et la simplicit\u00e9, le courage et la force, le d\u00e9tachement du stress de la vie urbaine ou semi urbaine.<\/p>\n<p>Ici nous trouvons <strong>la paix<\/strong>, et le r\u00e9confort des <strong>rapports humains simples et vrais<\/strong>, le lien puissant et doux avec la nature.<\/p>\n<p>[\/et_pb_text][\/et_pb_column][\/et_pb_row][\/et_pb_section][et_pb_section fb_built=\u00a0\u00bb1&Prime; _builder_version=\u00a0\u00bb4.17.4&Prime; _module_preset=\u00a0\u00bbdefault\u00a0\u00bb background_image=\u00a0\u00bbhttps:\/\/domaine-de-la-cledette.com\/wp-content\/uploads\/2022\/06\/cledette-72.jpg\u00a0\u00bb background_position=\u00a0\u00bbtop_center\u00a0\u00bb background_vertical_offset=\u00a0\u00bb50%\u00a0\u00bb global_colors_info=\u00a0\u00bb{}\u00a0\u00bb][et_pb_row _builder_version=\u00a0\u00bb4.17.4&Prime; _module_preset=\u00a0\u00bbdefault\u00a0\u00bb global_colors_info=\u00a0\u00bb{}\u00a0\u00bb][et_pb_column type=\u00a0\u00bb4_4&Prime; _builder_version=\u00a0\u00bb4.17.4&Prime; _module_preset=\u00a0\u00bbdefault\u00a0\u00bb global_colors_info=\u00a0\u00bb{}\u00a0\u00bb][et_pb_text _builder_version=\u00a0\u00bb4.17.4&Prime; _module_preset=\u00a0\u00bbdefault\u00a0\u00bb header_font_size=\u00a0\u00bb65px\u00a0\u00bb header_3_text_align=\u00a0\u00bbcenter\u00a0\u00bb header_3_text_color=\u00a0\u00bb#FFFFFF\u00a0\u00bb header_3_font_size=\u00a0\u00bb60px\u00a0\u00bb global_colors_info=\u00a0\u00bb{}\u00a0\u00bb]<\/p>\n<h3>Louez votre g\u00eete en Sud C\u00e9vennes<\/h3>\n<p>[\/et_pb_text][et_pb_button button_url=\u00a0\u00bb@ET-DC@eyJkeW5hbWljIjp0cnVlLCJjb250ZW50IjoicG9zdF9saW5rX3VybF9wYWdlIiwic2V0dGluZ3MiOnsicG9zdF9pZCI6IjE0NSJ9fQ==@\u00a0\u00bb button_text=\u00a0\u00bbVoir les g\u00eetes\u00a0\u00bb button_alignment=\u00a0\u00bbcenter\u00a0\u00bb _builder_version=\u00a0\u00bb4.17.4&Prime; _dynamic_attributes=\u00a0\u00bbbutton_url\u00a0\u00bb _module_preset=\u00a0\u00bbdefault\u00a0\u00bb global_colors_info=\u00a0\u00bb{}\u00a0\u00bb][\/et_pb_button][\/et_pb_column][\/et_pb_row][\/et_pb_section][et_pb_section fb_built=\u00a0\u00bb1&Prime; _builder_version=\u00a0\u00bb4.17.4&Prime; _module_preset=\u00a0\u00bbdefault\u00a0\u00bb custom_margin=\u00a0\u00bb||0px||false|false\u00a0\u00bb custom_padding=\u00a0\u00bb||0px||false|false\u00a0\u00bb global_colors_info=\u00a0\u00bb{}\u00a0\u00bb][et_pb_row _builder_version=\u00a0\u00bb4.17.6&Prime; _module_preset=\u00a0\u00bbdefault\u00a0\u00bb custom_margin_tablet=\u00a0\u00bb||0px||false|false\u00a0\u00bb custom_margin_phone=\u00a0\u00bb||0px||false|false\u00a0\u00bb custom_margin_last_edited=\u00a0\u00bbon|tablet\u00a0\u00bb custom_padding=\u00a0\u00bb||0px||false|false\u00a0\u00bb global_colors_info=\u00a0\u00bb{}\u00a0\u00bb][et_pb_column type=\u00a0\u00bb4_4&Prime; _builder_version=\u00a0\u00bb4.17.4&Prime; _module_preset=\u00a0\u00bbdefault\u00a0\u00bb global_colors_info=\u00a0\u00bb{}\u00a0\u00bb][et_pb_text _builder_version=\u00a0\u00bb4.17.4&Prime; _module_preset=\u00a0\u00bbdefault\u00a0\u00bb header_2_font_size=\u00a0\u00bb60px\u00a0\u00bb global_colors_info=\u00a0\u00bb{}\u00a0\u00bb]<\/p>\n<h2>D\u00e9couvrir les environs du domaine<\/h2>\n<p>[\/et_pb_text][\/et_pb_column][\/et_pb_row][\/et_pb_section][et_pb_section fb_built=\u00a0\u00bb1&Prime; _builder_version=\u00a0\u00bb4.17.6&Prime; _module_preset=\u00a0\u00bbdefault\u00a0\u00bb custom_margin=\u00a0\u00bb0px||0px||false|false\u00a0\u00bb custom_padding=\u00a0\u00bb0px||0px||false|false\u00a0\u00bb global_colors_info=\u00a0\u00bb{}\u00a0\u00bb][et_pb_row _builder_version=\u00a0\u00bb4.17.4&Prime; _module_preset=\u00a0\u00bbdefault\u00a0\u00bb global_colors_info=\u00a0\u00bb{}\u00a0\u00bb][et_pb_column type=\u00a0\u00bb4_4&Prime; _builder_version=\u00a0\u00bb4.17.4&Prime; _module_preset=\u00a0\u00bbdefault\u00a0\u00bb global_colors_info=\u00a0\u00bb{}\u00a0\u00bb][et_pb_text _builder_version=\u00a0\u00bb4.18.0&Prime; _module_preset=\u00a0\u00bbdefault\u00a0\u00bb hover_enabled=\u00a0\u00bb0&Prime; global_colors_info=\u00a0\u00bb{}\u00a0\u00bb sticky_enabled=\u00a0\u00bb0&Prime;]<\/p>\n<p>Situ\u00e9 en <strong>Sud C\u00e9vennes<\/strong>, dans la Vall\u00e9e du Salendrinque (territoire pastoral d\u00e9crit ici par l\u2019<a href=\"https:\/\/cevennes-unesco-salendrinque.jimdofree.com\/\">Association des Amis de la biblioth\u00e8que de Lasalle<\/a>), vous localiserez\u00a0 le Domaine de la Cl\u00e9dette dans le triangle Anduze, Saint Jean du Gard et Saint Hippolyte du Fort.<br \/>Cette r\u00e9gion propose de nombreuses <strong>activit\u00e9s de pleine nature<\/strong> et attractions : ch\u00e2teaux, grottes, jardins botaniques, artisanat, march\u00e9s, produits locaux, gastronomie, lieux rafra\u00eechissants sur les berges du Salindrenque et du Gardon.<\/p>\n<p>&nbsp;<\/p>\n<p>Vous \u00eates dans le <strong>Parc National des C\u00e9vennes<\/strong>. Une faune tr\u00e8s diversifi\u00e9e peuple les bois, les rivi\u00e8res et le ciel.\u00a0 En automne c\u2019est plut\u00f4t vers le sol du sous bois qu\u2019il faudra orienter son regard \u00e0 la recherche des champignons, en traversant les ch\u00e2taigneraies. Mais en toute saison, et la nuit, levez les yeux pour contempler un des plus beau <strong>ciel \u00e9toil\u00e9<\/strong>, class\u00e9 plus vaste <strong>R\u00e9serve Internationale<\/strong> de Ciel Etoil\u00e9 d\u2019Europe. Cette distinction donne une part exceptionnelle \u00e0 la <strong>richesse de la faune nocturne<\/strong>.<\/p>\n<p>Au d\u00e9part du <strong>Domaine de La Cl\u00e9dette<\/strong>, les routes pour le v\u00e9lo et les chemins de randonn\u00e9es \u00e0 pied ou \u00e0 VTT, sont nombreux. GR6- GR67 &#8211; GR63 et autres chemins de petite randonn\u00e9e comme \u201cLe carr\u00e9e de soie\u201d, chemin d\u2019interpr\u00e9tation li\u00e9 \u00e0 l&rsquo;industrie de la filature, vous permettront de sillonner une nature \u00e0 la fois fa\u00e7onn\u00e9e par les hommes et riche en biodiversit\u00e9 mais \u00e9galement les nombreux villages formant la r\u00e9gion de la Salendrinque : Lasalle, Soudorgues, Colognac, Saint-Bonnet, Vabres, et une partie de Thoiras.<\/p>\n<p>&nbsp;<\/p>\n<p>Enfin de nombreux sites alentour sont facilement accessibles comme : Le Mont Aigoual, N\u00eemes, Montpellier, Le Pont du Gard, La Camargue\u2026 <strong>Votre s\u00e9jour<\/strong> peut osciller entre <strong>nature et culture<\/strong> ou vous pouvez plus simplement d\u00e9cider de vous poser dans <strong>notre parc de verdure<\/strong> sous les Tilleuls\u2026<\/p>\n<p>[\/et_pb_text][\/et_pb_column][\/et_pb_row][\/et_pb_section][et_pb_section fb_built=\u00a0\u00bb1&Prime; _builder_version=\u00a0\u00bb4.17.6&Prime; _module_preset=\u00a0\u00bbdefault\u00a0\u00bb custom_margin=\u00a0\u00bb0px||||false|false\u00a0\u00bb custom_padding=\u00a0\u00bb0px||||false|false\u00a0\u00bb global_colors_info=\u00a0\u00bb{}\u00a0\u00bb][et_pb_row _builder_version=\u00a0\u00bb4.17.4&Prime; _module_preset=\u00a0\u00bbdefault\u00a0\u00bb global_colors_info=\u00a0\u00bb{}\u00a0\u00bb][et_pb_column type=\u00a0\u00bb4_4&Prime; _builder_version=\u00a0\u00bb4.17.4&Prime; _module_preset=\u00a0\u00bbdefault\u00a0\u00bb global_colors_info=\u00a0\u00bb{}\u00a0\u00bb][wdcl_image_carousel nav_pagi=\u00a0\u00bbnav_pagi\u00a0\u00bb arrow_color=\u00a0\u00bb#FFFFFF\u00a0\u00bb arrow_bg=\u00a0\u00bb#D89339&Prime; pagi_color=\u00a0\u00bbrgba(216,147,57,0.32)\u00a0\u00bb pagi_color_active=\u00a0\u00bb#D89339&Prime; arrow_height_tablet=\u00a0\u00bb20px\u00a0\u00bb arrow_height_phone=\u00a0\u00bb20px\u00a0\u00bb arrow_height_last_edited=\u00a0\u00bbon|desktop\u00a0\u00bb arrow_pos_y_tablet=\u00a0\u00bb57%\u00a0\u00bb arrow_pos_y_phone=\u00a0\u00bb65%\u00a0\u00bb arrow_pos_y_last_edited=\u00a0\u00bbon|tablet\u00a0\u00bb _builder_version=\u00a0\u00bb4.17.6&Prime; _module_preset=\u00a0\u00bbdefault\u00a0\u00bb global_colors_info=\u00a0\u00bb{}\u00a0\u00bb][wdcl_image_carousel_child photo=\u00a0\u00bbhttps:\/\/domaine-de-la-cledette.com\/wp-content\/uploads\/2022\/06\/cledette-90.jpg\u00a0\u00bb _builder_version=\u00a0\u00bb4.17.4&Prime; _module_preset=\u00a0\u00bbdefault\u00a0\u00bb border_radii_item=\u00a0\u00bbon|7px|7px|7px|7px\u00a0\u00bb global_colors_info=\u00a0\u00bb{}\u00a0\u00bb][\/wdcl_image_carousel_child][wdcl_image_carousel_child photo=\u00a0\u00bbhttps:\/\/domaine-de-la-cledette.com\/wp-content\/uploads\/2022\/06\/cledette-77.jpg\u00a0\u00bb _builder_version=\u00a0\u00bb4.17.4&Prime; _module_preset=\u00a0\u00bbdefault\u00a0\u00bb border_radii_item=\u00a0\u00bbon|7px|7px|7px|7px\u00a0\u00bb global_colors_info=\u00a0\u00bb{}\u00a0\u00bb][\/wdcl_image_carousel_child][wdcl_image_carousel_child photo=\u00a0\u00bbhttps:\/\/domaine-de-la-cledette.com\/wp-content\/uploads\/2022\/06\/cledette-71.jpg\u00a0\u00bb _builder_version=\u00a0\u00bb4.17.4&Prime; _module_preset=\u00a0\u00bbdefault\u00a0\u00bb border_radii_item=\u00a0\u00bbon|7px|7px|7px|7px\u00a0\u00bb global_colors_info=\u00a0\u00bb{}\u00a0\u00bb][\/wdcl_image_carousel_child][wdcl_image_carousel_child photo=\u00a0\u00bbhttps:\/\/domaine-de-la-cledette.com\/wp-content\/uploads\/2022\/06\/cledette-61.jpg\u00a0\u00bb _builder_version=\u00a0\u00bb4.17.4&Prime; _module_preset=\u00a0\u00bbdefault\u00a0\u00bb border_radii_item=\u00a0\u00bbon|7px|7px|7px|7px\u00a0\u00bb global_colors_info=\u00a0\u00bb{}\u00a0\u00bb][\/wdcl_image_carousel_child][wdcl_image_carousel_child photo=\u00a0\u00bbhttps:\/\/domaine-de-la-cledette.com\/wp-content\/uploads\/2022\/06\/cledette-63.jpg\u00a0\u00bb _builder_version=\u00a0\u00bb4.17.4&Prime; _module_preset=\u00a0\u00bbdefault\u00a0\u00bb border_radii_item=\u00a0\u00bbon|7px|7px|7px|7px\u00a0\u00bb global_colors_info=\u00a0\u00bb{}\u00a0\u00bb][\/wdcl_image_carousel_child][wdcl_image_carousel_child photo=\u00a0\u00bbhttps:\/\/domaine-de-la-cledette.com\/wp-content\/uploads\/2022\/06\/cledette-57.jpg\u00a0\u00bb _builder_version=\u00a0\u00bb4.17.4&Prime; _module_preset=\u00a0\u00bbdefault\u00a0\u00bb border_radii_item=\u00a0\u00bbon|7px|7px|7px|7px\u00a0\u00bb global_colors_info=\u00a0\u00bb{}\u00a0\u00bb][\/wdcl_image_carousel_child][wdcl_image_carousel_child photo=\u00a0\u00bbhttps:\/\/domaine-de-la-cledette.com\/wp-content\/uploads\/2022\/06\/cledette-97.jpg\u00a0\u00bb _builder_version=\u00a0\u00bb4.17.6&Prime; _module_preset=\u00a0\u00bbdefault\u00a0\u00bb border_radii_item=\u00a0\u00bbon|7px|7px|7px|7px\u00a0\u00bb global_colors_info=\u00a0\u00bb{}\u00a0\u00bb][\/wdcl_image_carousel_child][wdcl_image_carousel_child photo=\u00a0\u00bbhttps:\/\/domaine-de-la-cledette.com\/wp-content\/uploads\/2022\/06\/cledette-115.jpg\u00a0\u00bb _builder_version=\u00a0\u00bb4.17.6&Prime; _module_preset=\u00a0\u00bbdefault\u00a0\u00bb border_radii_item=\u00a0\u00bbon|7px|7px|7px|7px\u00a0\u00bb global_colors_info=\u00a0\u00bb{}\u00a0\u00bb][\/wdcl_image_carousel_child][wdcl_image_carousel_child photo=\u00a0\u00bbhttps:\/\/domaine-de-la-cledette.com\/wp-content\/uploads\/2022\/06\/cledette-118.jpg\u00a0\u00bb _builder_version=\u00a0\u00bb4.17.6&Prime; _module_preset=\u00a0\u00bbdefault\u00a0\u00bb border_radii_item=\u00a0\u00bbon|7px|7px|7px|7px\u00a0\u00bb global_colors_info=\u00a0\u00bb{}\u00a0\u00bb][\/wdcl_image_carousel_child][\/wdcl_image_carousel][\/et_pb_column][\/et_pb_row][\/et_pb_section][et_pb_section fb_built=\u00a0\u00bb1&Prime; _builder_version=\u00a0\u00bb4.17.6&Prime; _module_preset=\u00a0\u00bbdefault\u00a0\u00bb background_color=\u00a0\u00bb#BDD6D1&Prime; custom_margin=\u00a0\u00bb||0px||false|false\u00a0\u00bb custom_padding=\u00a0\u00bb||0px||false|false\u00a0\u00bb global_colors_info=\u00a0\u00bb{}\u00a0\u00bb][et_pb_row _builder_version=\u00a0\u00bb4.17.6&Prime; _module_preset=\u00a0\u00bbdefault\u00a0\u00bb custom_margin_tablet=\u00a0\u00bb||0px||false|false\u00a0\u00bb custom_margin_phone=\u00a0\u00bb||0px||false|false\u00a0\u00bb custom_margin_last_edited=\u00a0\u00bbon|tablet\u00a0\u00bb custom_padding=\u00a0\u00bb||0px||false|false\u00a0\u00bb global_colors_info=\u00a0\u00bb{}\u00a0\u00bb][et_pb_column type=\u00a0\u00bb4_4&Prime; _builder_version=\u00a0\u00bb4.17.4&Prime; _module_preset=\u00a0\u00bbdefault\u00a0\u00bb global_colors_info=\u00a0\u00bb{}\u00a0\u00bb][et_pb_text _builder_version=\u00a0\u00bb4.17.6&Prime; _module_preset=\u00a0\u00bbdefault\u00a0\u00bb header_2_text_color=\u00a0\u00bb#FFFFFF\u00a0\u00bb header_2_font_size=\u00a0\u00bb60px\u00a0\u00bb global_colors_info=\u00a0\u00bb{}\u00a0\u00bb]<\/p>\n<h2>Qui sommes-nous ?<\/h2>\n<p>[\/et_pb_text][\/et_pb_column][\/et_pb_row][\/et_pb_section][et_pb_section fb_built=\u00a0\u00bb1&Prime; _builder_version=\u00a0\u00bb4.17.6&Prime; _module_preset=\u00a0\u00bbdefault\u00a0\u00bb background_color=\u00a0\u00bb#BDD6D1&Prime; custom_margin=\u00a0\u00bb0px||||false|false\u00a0\u00bb custom_padding=\u00a0\u00bb0px||||false|false\u00a0\u00bb global_colors_info=\u00a0\u00bb{}\u00a0\u00bb][et_pb_row _builder_version=\u00a0\u00bb4.17.4&Prime; _module_preset=\u00a0\u00bbdefault\u00a0\u00bb global_colors_info=\u00a0\u00bb{}\u00a0\u00bb][et_pb_column type=\u00a0\u00bb4_4&Prime; _builder_version=\u00a0\u00bb4.17.4&Prime; _module_preset=\u00a0\u00bbdefault\u00a0\u00bb global_colors_info=\u00a0\u00bb{}\u00a0\u00bb][et_pb_text _builder_version=\u00a0\u00bb4.18.0&Prime; _module_preset=\u00a0\u00bbdefault\u00a0\u00bb text_text_color=\u00a0\u00bb#FFFFFF\u00a0\u00bb hover_enabled=\u00a0\u00bb0&Prime; global_colors_info=\u00a0\u00bb{}\u00a0\u00bb sticky_enabled=\u00a0\u00bb0&Prime;]<\/p>\n<p>Originaires du <strong>Sud de la France<\/strong>, apr\u00e8s avoir chang\u00e9 \u00e0 plusieurs reprises de r\u00e9gions, avec des haltes plus ou moins longues. Nous avons d\u00e9cid\u00e9 de poser (tous) nos cartons dans ce beau coin des <strong>C\u00e9vennes<\/strong>, \u00e0 mi-chemin entre Lasalle et Colognac.<\/p>\n<p>Nous sommes (encore) en activit\u00e9, en tant qu\u2019enseignants.<\/p>\n<p>Concilier accueil, partage, vivre \u00e0 la campagne dans la nature, nous \u201cr\u00eavait\u201d \u00e0 c\u0153ur depuis quelques ann\u00e9es. Ici les activit\u00e9s de Sylvie autour des lamas vont pouvoir s\u2019\u00e9panouir (balades, randonn\u00e9es, petit \u00e9levage&#8230;)<\/p>\n<p>Vous croiserez peut-\u00eatre un de nos quatre enfants devenus grands et partis plus ou moins loin, les amis d\u2019avant et ceux de maintenant\u2026 Mais vous aurez plus de chance d\u2019apercevoir ou de c\u00f4toyer un de nos nombreux compagnons \u00e0 quatre ou deux pattes qui habitent sur le domaine : chiens, chat, poules, tortues et les lamas bien s\u00fbr.<\/p>\n<p>Les animaux, c\u2019est sa passion \u00e0 elle, Sylvie.<\/p>\n<p>Fred, lui, aime (aider) Sylvie et aussi la m\u00e9canique auto. Mais vous pourrez aussi voir son (premier) potager.<\/p>\n<p>Vous l\u2019avez compris, ici , on accueille du mieux possible les \u00eatres humains, et on aime les animaux mais aussi les plantes, les petites b\u00eates\u2026le vivant !<\/p>\n<p>Post-scriptum : Sylvie aime Fred aussi !<\/p>\n<p>[\/et_pb_text][\/et_pb_column][\/et_pb_row][\/et_pb_section]<\/p>\n","protected":false},"excerpt":{"rendered":"<p>Notre histoire et notre passionLa Cl\u00e9dette : une histoire, un coup de c\u0153ur !Le Domaine de La Cl\u00e9dette a une histoire li\u00e9e \u00e0 l\u2019essor d\u2019une bourgeoisie commer\u00e7ante et industrielle de la vall\u00e9e du Salendrinque. Son origine remonte au d\u00e9but du 19\u00e8 si\u00e8cle avec une b\u00e2tisse transform\u00e9e en une modeste gentilhommi\u00e8re (coquette maison de plaisance \u00e0 [&hellip;]<\/p>\n","protected":false},"author":2,"featured_media":271,"parent":0,"menu_order":0,"comment_status":"closed","ping_status":"closed","template":"","meta":{"_et_pb_use_builder":"on","_et_pb_old_content":"<!-- wp:divi\/placeholder \/-->","_et_gb_content_width":"","footnotes":""},"class_list":["post-158","page","type-page","status-publish","has-post-thumbnail","hentry"],"yoast_head":"<!-- This site is optimized with the Yoast SEO plugin v27.5 - https:\/\/yoast.com\/product\/yoast-seo-wordpress\/ -->\n<title>L&#039;histoire du domaine et ses environs - Domaine de La Cl\u00e9dette<\/title>\n<meta name=\"description\" content=\"Partez \u00e0 la d\u00e9couverte du parc r\u00e9gional des C\u00e9vennes, d\u00e9couvrez l&#039;histoire du domaine et de la r\u00e9gion \u00e0 travers de nombreuses activit\u00e9s.\" \/>\n<meta name=\"robots\" content=\"index, follow, max-snippet:-1, max-image-preview:large, max-video-preview:-1\" \/>\n<link rel=\"canonical\" href=\"https:\/\/domaine-de-la-cledette.com\/en\/notre-histoire\/\" \/>\n<meta property=\"og:locale\" content=\"en_GB\" \/>\n<meta property=\"og:type\" content=\"article\" \/>\n<meta property=\"og:title\" content=\"L&#039;histoire du domaine et ses environs - Domaine de La Cl\u00e9dette\" \/>\n<meta property=\"og:description\" content=\"Partez \u00e0 la d\u00e9couverte du parc r\u00e9gional des C\u00e9vennes, d\u00e9couvrez l&#039;histoire du domaine et de la r\u00e9gion \u00e0 travers de nombreuses activit\u00e9s.\" \/>\n<meta property=\"og:url\" content=\"https:\/\/domaine-de-la-cledette.com\/en\/notre-histoire\/\" \/>\n<meta property=\"og:site_name\" content=\"Domaine de La Cl\u00e9dette\" \/>\n<meta property=\"article:modified_time\" content=\"2022-09-29T09:20:40+00:00\" \/>\n<meta property=\"og:image\" content=\"https:\/\/domaine-de-la-cledette.com\/wp-content\/uploads\/2022\/06\/cledette-33.jpg\" \/>\n\t<meta property=\"og:image:width\" content=\"1803\" \/>\n\t<meta property=\"og:image:height\" content=\"1013\" \/>\n\t<meta property=\"og:image:type\" content=\"image\/jpeg\" \/>\n<meta name=\"twitter:card\" content=\"summary_large_image\" \/>\n<meta name=\"twitter:label1\" content=\"Estimated reading time\" \/>\n\t<meta name=\"twitter:data1\" content=\"5 minutes\" \/>\n<script type=\"application\/ld+json\" class=\"yoast-schema-graph\">{\"@context\":\"https:\\\/\\\/schema.org\",\"@graph\":[{\"@type\":\"WebPage\",\"@id\":\"https:\\\/\\\/domaine-de-la-cledette.com\\\/notre-histoire\\\/\",\"url\":\"https:\\\/\\\/domaine-de-la-cledette.com\\\/notre-histoire\\\/\",\"name\":\"L'histoire du domaine et ses environs - Domaine de La Cl\u00e9dette\",\"isPartOf\":{\"@id\":\"https:\\\/\\\/domaine-de-la-cledette.com\\\/#website\"},\"primaryImageOfPage\":{\"@id\":\"https:\\\/\\\/domaine-de-la-cledette.com\\\/notre-histoire\\\/#primaryimage\"},\"image\":{\"@id\":\"https:\\\/\\\/domaine-de-la-cledette.com\\\/notre-histoire\\\/#primaryimage\"},\"thumbnailUrl\":\"https:\\\/\\\/domaine-de-la-cledette.com\\\/wp-content\\\/uploads\\\/2022\\\/06\\\/cledette-33.jpg\",\"datePublished\":\"2022-06-28T09:02:28+00:00\",\"dateModified\":\"2022-09-29T09:20:40+00:00\",\"description\":\"Partez \u00e0 la d\u00e9couverte du parc r\u00e9gional des C\u00e9vennes, d\u00e9couvrez l'histoire du domaine et de la r\u00e9gion \u00e0 travers de nombreuses activit\u00e9s.\",\"breadcrumb\":{\"@id\":\"https:\\\/\\\/domaine-de-la-cledette.com\\\/notre-histoire\\\/#breadcrumb\"},\"inLanguage\":\"en-GB\",\"potentialAction\":[{\"@type\":\"ReadAction\",\"target\":[\"https:\\\/\\\/domaine-de-la-cledette.com\\\/notre-histoire\\\/\"]}]},{\"@type\":\"ImageObject\",\"inLanguage\":\"en-GB\",\"@id\":\"https:\\\/\\\/domaine-de-la-cledette.com\\\/notre-histoire\\\/#primaryimage\",\"url\":\"https:\\\/\\\/domaine-de-la-cledette.com\\\/wp-content\\\/uploads\\\/2022\\\/06\\\/cledette-33.jpg\",\"contentUrl\":\"https:\\\/\\\/domaine-de-la-cledette.com\\\/wp-content\\\/uploads\\\/2022\\\/06\\\/cledette-33.jpg\",\"width\":1803,\"height\":1013,\"caption\":\"Domaine de la Cl\u00e9dette - Location g\u00eetes C\u00e9vennes\"},{\"@type\":\"BreadcrumbList\",\"@id\":\"https:\\\/\\\/domaine-de-la-cledette.com\\\/notre-histoire\\\/#breadcrumb\",\"itemListElement\":[{\"@type\":\"ListItem\",\"position\":1,\"name\":\"Accueil\",\"item\":\"https:\\\/\\\/domaine-de-la-cledette.com\\\/\"},{\"@type\":\"ListItem\",\"position\":2,\"name\":\"Notre histoire\"}]},{\"@type\":\"WebSite\",\"@id\":\"https:\\\/\\\/domaine-de-la-cledette.com\\\/#website\",\"url\":\"https:\\\/\\\/domaine-de-la-cledette.com\\\/\",\"name\":\"Domaine de La Cl\u00e9dette\",\"description\":\"Domaine de La Cledette, g\u00eetes en sud C\u00e9vennes\",\"publisher\":{\"@id\":\"https:\\\/\\\/domaine-de-la-cledette.com\\\/#organization\"},\"potentialAction\":[{\"@type\":\"SearchAction\",\"target\":{\"@type\":\"EntryPoint\",\"urlTemplate\":\"https:\\\/\\\/domaine-de-la-cledette.com\\\/?s={search_term_string}\"},\"query-input\":{\"@type\":\"PropertyValueSpecification\",\"valueRequired\":true,\"valueName\":\"search_term_string\"}}],\"inLanguage\":\"en-GB\"},{\"@type\":\"Organization\",\"@id\":\"https:\\\/\\\/domaine-de-la-cledette.com\\\/#organization\",\"name\":\"Domaine de la Cl\u00e9dette\",\"url\":\"https:\\\/\\\/domaine-de-la-cledette.com\\\/\",\"logo\":{\"@type\":\"ImageObject\",\"inLanguage\":\"en-GB\",\"@id\":\"https:\\\/\\\/domaine-de-la-cledette.com\\\/#\\\/schema\\\/logo\\\/image\\\/\",\"url\":\"https:\\\/\\\/domaine-de-la-cledette.com\\\/wp-content\\\/uploads\\\/2022\\\/06\\\/Orange-baseline-1.png\",\"contentUrl\":\"https:\\\/\\\/domaine-de-la-cledette.com\\\/wp-content\\\/uploads\\\/2022\\\/06\\\/Orange-baseline-1.png\",\"width\":2291,\"height\":926,\"caption\":\"Domaine de la Cl\u00e9dette\"},\"image\":{\"@id\":\"https:\\\/\\\/domaine-de-la-cledette.com\\\/#\\\/schema\\\/logo\\\/image\\\/\"}}]}<\/script>\n<!-- \/ Yoast SEO plugin. -->","yoast_head_json":{"title":"L'histoire du domaine et ses environs - Domaine de La Cl\u00e9dette","description":"Partez \u00e0 la d\u00e9couverte du parc r\u00e9gional des C\u00e9vennes, d\u00e9couvrez l'histoire du domaine et de la r\u00e9gion \u00e0 travers de nombreuses activit\u00e9s.","robots":{"index":"index","follow":"follow","max-snippet":"max-snippet:-1","max-image-preview":"max-image-preview:large","max-video-preview":"max-video-preview:-1"},"canonical":"https:\/\/domaine-de-la-cledette.com\/en\/notre-histoire\/","og_locale":"en_GB","og_type":"article","og_title":"L'histoire du domaine et ses environs - Domaine de La Cl\u00e9dette","og_description":"Partez \u00e0 la d\u00e9couverte du parc r\u00e9gional des C\u00e9vennes, d\u00e9couvrez l'histoire du domaine et de la r\u00e9gion \u00e0 travers de nombreuses activit\u00e9s.","og_url":"https:\/\/domaine-de-la-cledette.com\/en\/notre-histoire\/","og_site_name":"Domaine de La Cl\u00e9dette","article_modified_time":"2022-09-29T09:20:40+00:00","og_image":[{"width":1803,"height":1013,"url":"https:\/\/domaine-de-la-cledette.com\/wp-content\/uploads\/2022\/06\/cledette-33.jpg","type":"image\/jpeg"}],"twitter_card":"summary_large_image","twitter_misc":{"Estimated reading time":"5 minutes"},"schema":{"@context":"https:\/\/schema.org","@graph":[{"@type":"WebPage","@id":"https:\/\/domaine-de-la-cledette.com\/notre-histoire\/","url":"https:\/\/domaine-de-la-cledette.com\/notre-histoire\/","name":"L'histoire du domaine et ses environs - Domaine de La Cl\u00e9dette","isPartOf":{"@id":"https:\/\/domaine-de-la-cledette.com\/#website"},"primaryImageOfPage":{"@id":"https:\/\/domaine-de-la-cledette.com\/notre-histoire\/#primaryimage"},"image":{"@id":"https:\/\/domaine-de-la-cledette.com\/notre-histoire\/#primaryimage"},"thumbnailUrl":"https:\/\/domaine-de-la-cledette.com\/wp-content\/uploads\/2022\/06\/cledette-33.jpg","datePublished":"2022-06-28T09:02:28+00:00","dateModified":"2022-09-29T09:20:40+00:00","description":"Partez \u00e0 la d\u00e9couverte du parc r\u00e9gional des C\u00e9vennes, d\u00e9couvrez l'histoire du domaine et de la r\u00e9gion \u00e0 travers de nombreuses activit\u00e9s.","breadcrumb":{"@id":"https:\/\/domaine-de-la-cledette.com\/notre-histoire\/#breadcrumb"},"inLanguage":"en-GB","potentialAction":[{"@type":"ReadAction","target":["https:\/\/domaine-de-la-cledette.com\/notre-histoire\/"]}]},{"@type":"ImageObject","inLanguage":"en-GB","@id":"https:\/\/domaine-de-la-cledette.com\/notre-histoire\/#primaryimage","url":"https:\/\/domaine-de-la-cledette.com\/wp-content\/uploads\/2022\/06\/cledette-33.jpg","contentUrl":"https:\/\/domaine-de-la-cledette.com\/wp-content\/uploads\/2022\/06\/cledette-33.jpg","width":1803,"height":1013,"caption":"Domaine de la Cl\u00e9dette - Location g\u00eetes C\u00e9vennes"},{"@type":"BreadcrumbList","@id":"https:\/\/domaine-de-la-cledette.com\/notre-histoire\/#breadcrumb","itemListElement":[{"@type":"ListItem","position":1,"name":"Accueil","item":"https:\/\/domaine-de-la-cledette.com\/"},{"@type":"ListItem","position":2,"name":"Notre histoire"}]},{"@type":"WebSite","@id":"https:\/\/domaine-de-la-cledette.com\/#website","url":"https:\/\/domaine-de-la-cledette.com\/","name":"Domaine de La Cl\u00e9dette","description":"Domaine de La Cledette, g\u00eetes en sud C\u00e9vennes","publisher":{"@id":"https:\/\/domaine-de-la-cledette.com\/#organization"},"potentialAction":[{"@type":"SearchAction","target":{"@type":"EntryPoint","urlTemplate":"https:\/\/domaine-de-la-cledette.com\/?s={search_term_string}"},"query-input":{"@type":"PropertyValueSpecification","valueRequired":true,"valueName":"search_term_string"}}],"inLanguage":"en-GB"},{"@type":"Organization","@id":"https:\/\/domaine-de-la-cledette.com\/#organization","name":"Domaine de la Cl\u00e9dette","url":"https:\/\/domaine-de-la-cledette.com\/","logo":{"@type":"ImageObject","inLanguage":"en-GB","@id":"https:\/\/domaine-de-la-cledette.com\/#\/schema\/logo\/image\/","url":"https:\/\/domaine-de-la-cledette.com\/wp-content\/uploads\/2022\/06\/Orange-baseline-1.png","contentUrl":"https:\/\/domaine-de-la-cledette.com\/wp-content\/uploads\/2022\/06\/Orange-baseline-1.png","width":2291,"height":926,"caption":"Domaine de la Cl\u00e9dette"},"image":{"@id":"https:\/\/domaine-de-la-cledette.com\/#\/schema\/logo\/image\/"}}]}},"_links":{"self":[{"href":"https:\/\/domaine-de-la-cledette.com\/en\/wp-json\/wp\/v2\/pages\/158","targetHints":{"allow":["GET"]}}],"collection":[{"href":"https:\/\/domaine-de-la-cledette.com\/en\/wp-json\/wp\/v2\/pages"}],"about":[{"href":"https:\/\/domaine-de-la-cledette.com\/en\/wp-json\/wp\/v2\/types\/page"}],"author":[{"embeddable":true,"href":"https:\/\/domaine-de-la-cledette.com\/en\/wp-json\/wp\/v2\/users\/2"}],"replies":[{"embeddable":true,"href":"https:\/\/domaine-de-la-cledette.com\/en\/wp-json\/wp\/v2\/comments?post=158"}],"version-history":[{"count":17,"href":"https:\/\/domaine-de-la-cledette.com\/en\/wp-json\/wp\/v2\/pages\/158\/revisions"}],"predecessor-version":[{"id":941,"href":"https:\/\/domaine-de-la-cledette.com\/en\/wp-json\/wp\/v2\/pages\/158\/revisions\/941"}],"wp:featuredmedia":[{"embeddable":true,"href":"https:\/\/domaine-de-la-cledette.com\/en\/wp-json\/wp\/v2\/media\/271"}],"wp:attachment":[{"href":"https:\/\/domaine-de-la-cledette.com\/en\/wp-json\/wp\/v2\/media?parent=158"}],"curies":[{"name":"wp","href":"https:\/\/api.w.org\/{rel}","templated":true}]}}